{"id":3688,"date":"2023-08-25T07:53:27","date_gmt":"2023-08-25T07:53:27","guid":{"rendered":"https:\/\/storckensohn.fr\/?page_id=3688"},"modified":"2023-08-25T08:10:32","modified_gmt":"2023-08-25T08:10:32","slug":"decheterie-mobile","status":"publish","type":"page","link":"https:\/\/storckensohn.fr\/index.php\/decheterie-mobile\/","title":{"rendered":"D\u00e9ch\u00e8terie mobile"},"content":{"rendered":"<p><strong><u>DECHETERIE MOBILE &#8211; CALENDRIER\u00a0<\/u><\/strong><\/p>\n<p>&nbsp;<\/p>\n<p><a href=\"https:\/\/storckensohn.fr\/wp-content\/uploads\/2023\/08\/cal-dm.png\"><img loading=\"lazy\" class=\"alignnone size-full wp-image-3703\" src=\"https:\/\/storckensohn.fr\/wp-content\/uploads\/2023\/08\/cal-dm.png\" alt=\"\" width=\"707\" height=\"492\" srcset=\"https:\/\/storckensohn.fr\/wp-content\/uploads\/2023\/08\/cal-dm.png 707w, https:\/\/storckensohn.fr\/wp-content\/uploads\/2023\/08\/cal-dm-300x209.png 300w, https:\/\/storckensohn.fr\/wp-content\/uploads\/2023\/08\/cal-dm-705x491.png 705w\" sizes=\"(max-width: 707px) 100vw, 707px\" \/><\/a><\/p>\n<p>La d\u00e9ch\u00e8terie mobile est pr\u00e9sente en 2023 sur les communes de Fellering, Malmerspach, Moosch et Oderen, selon le calendrier suivant, depuis le mois de juillet :<\/p>\n<p>&#8211; Moosch, place Arnaud Beltrame, les mercredis 5 juillet, 2 ao\u00fbt, 6 septembre, 4 octobre et 8 novembre<\/p>\n<p>&#8211; Fellering, parking des ateliers communaux, les jeudis 6 juillet, 3 ao\u00fbt, 7 septembre, 5 octobre et 9 novembre<\/p>\n<p>&#8211; Oderen, parking de la salle des f\u00eates, les jeudis 20 juillet, 17 ao\u00fbt, 21 septembre, 19 octobre et 21 d\u00e9cembre<\/p>\n<p>&#8211; Malmerspach, parking dans le parc (anciennement ZI de Malmerspach) les vendredis 21 juillet, 18 ao\u00fbt, 22 septembre, 20 octobre et 22 d\u00e9cembre<\/p>\n<p><strong>Soit &#8211; 4 jours par mois, de juillet \u00e0 octobre<br \/>\n&#8211;\u00a02 jours par mois, en novembre et d\u00e9cembre.<\/strong><\/p>\n<p><strong><u>LES HORAIRES :\u00a0<\/u><\/strong><\/p>\n<p>Pour une question de s\u00e9curit\u00e9 li\u00e9e \u00e0 la luminosit\u00e9 sur les sites, l\u2019accueil se fait de :<\/p>\n<ul>\n<li>13h \u00e0 19h, de juillet \u00e0 octobre<\/li>\n<li>10h \u00e0 16h, de novembre \u00e0 d\u00e9cembre<\/li>\n<\/ul>\n<p>L\u2019acc\u00e8s \u00e0 la d\u00e9ch\u00e8terie mobile n\u2019est autoris\u00e9 qu\u2019aux particuliers de la Communaut\u00e9 de Communes et ne sera pas factur\u00e9.<br \/>\nSon financement est couvert par la redevance.<\/p>\n","protected":false},"excerpt":{"rendered":"<p>DECHETERIE MOBILE &#8211; CALENDRIER\u00a0 &nbsp; La d\u00e9ch\u00e8terie mobile est pr\u00e9sente en 2023 sur les communes de Fellering, Malmerspach, Moosch et Oderen, selon le calendrier suivant, depuis le mois de juillet : &#8211; Moosch, place Arnaud Beltrame, les mercredis 5 juillet, 2 ao\u00fbt, 6 septembre, 4 octobre et 8 novembre &#8211; Fellering, parking des ateliers communaux, [&hellip;]<\/p>\n","protected":false},"author":1,"featured_media":0,"parent":0,"menu_order":0,"comment_status":"closed","ping_status":"closed","template":"","meta":[],"yoast_head":"<!-- This site is optimized with the Yoast SEO plugin v16.3 - https:\/\/yoast.com\/wordpress\/plugins\/seo\/ -->\n<title>D\u00e9ch\u00e8terie mobile - Storckensohn<\/title>\n<meta name=\"robots\" content=\"index, follow, max-snippet:-1, max-image-preview:large, max-video-preview:-1\" \/>\n<link rel=\"canonical\" href=\"https:\/\/storckensohn.fr\/index.php\/decheterie-mobile\/\" \/>\n<meta property=\"og:locale\" content=\"fr_FR\" \/>\n<meta property=\"og:type\" content=\"article\" \/>\n<meta property=\"og:title\" content=\"D\u00e9ch\u00e8terie mobile - Storckensohn\" \/>\n<meta property=\"og:description\" content=\"DECHETERIE MOBILE &#8211; CALENDRIER\u00a0 &nbsp; La d\u00e9ch\u00e8terie mobile est pr\u00e9sente en 2023 sur les communes de Fellering, Malmerspach, Moosch et Oderen, selon le calendrier suivant, depuis le mois de juillet : &#8211; Moosch, place Arnaud Beltrame, les mercredis 5 juillet, 2 ao\u00fbt, 6 septembre, 4 octobre et 8 novembre &#8211; Fellering, parking des ateliers communaux, [&hellip;]\" \/>\n<meta property=\"og:url\" content=\"https:\/\/storckensohn.fr\/index.php\/decheterie-mobile\/\" \/>\n<meta property=\"og:site_name\" content=\"Storckensohn\" \/>\n<meta property=\"article:modified_time\" content=\"2023-08-25T08:10:32+00:00\" \/>\n<meta property=\"og:image\" content=\"https:\/\/storckensohn.fr\/wp-content\/uploads\/2023\/08\/cal-dm.png\" \/>\n<meta name=\"twitter:card\" content=\"summary_large_image\" \/>\n<meta name=\"twitter:label1\" content=\"Dur\u00e9e de lecture est.\">\n\t<meta name=\"twitter:data1\" content=\"1 minute\">\n<script type=\"application\/ld+json\" class=\"yoast-schema-graph\">{\"@context\":\"https:\/\/schema.org\",\"@graph\":[{\"@type\":\"WebSite\",\"@id\":\"https:\/\/storckensohn.fr\/#website\",\"url\":\"https:\/\/storckensohn.fr\/\",\"name\":\"Storckensohn\",\"description\":\"\",\"potentialAction\":[{\"@type\":\"SearchAction\",\"target\":\"https:\/\/storckensohn.fr\/?s={search_term_string}\",\"query-input\":\"required name=search_term_string\"}],\"inLanguage\":\"fr-FR\"},{\"@type\":\"ImageObject\",\"@id\":\"https:\/\/storckensohn.fr\/index.php\/decheterie-mobile\/#primaryimage\",\"inLanguage\":\"fr-FR\",\"url\":\"https:\/\/storckensohn.fr\/wp-content\/uploads\/2023\/08\/cal-dm.png\",\"contentUrl\":\"https:\/\/storckensohn.fr\/wp-content\/uploads\/2023\/08\/cal-dm.png\",\"width\":707,\"height\":492},{\"@type\":\"WebPage\",\"@id\":\"https:\/\/storckensohn.fr\/index.php\/decheterie-mobile\/#webpage\",\"url\":\"https:\/\/storckensohn.fr\/index.php\/decheterie-mobile\/\",\"name\":\"D\\u00e9ch\\u00e8terie mobile - Storckensohn\",\"isPartOf\":{\"@id\":\"https:\/\/storckensohn.fr\/#website\"},\"primaryImageOfPage\":{\"@id\":\"https:\/\/storckensohn.fr\/index.php\/decheterie-mobile\/#primaryimage\"},\"datePublished\":\"2023-08-25T07:53:27+00:00\",\"dateModified\":\"2023-08-25T08:10:32+00:00\",\"breadcrumb\":{\"@id\":\"https:\/\/storckensohn.fr\/index.php\/decheterie-mobile\/#breadcrumb\"},\"inLanguage\":\"fr-FR\",\"potentialAction\":[{\"@type\":\"ReadAction\",\"target\":[\"https:\/\/storckensohn.fr\/index.php\/decheterie-mobile\/\"]}]},{\"@type\":\"BreadcrumbList\",\"@id\":\"https:\/\/storckensohn.fr\/index.php\/decheterie-mobile\/#breadcrumb\",\"itemListElement\":[{\"@type\":\"ListItem\",\"position\":1,\"item\":{\"@type\":\"WebPage\",\"@id\":\"https:\/\/storckensohn.fr\/index.php\/accueil\/\",\"url\":\"https:\/\/storckensohn.fr\/index.php\/accueil\/\",\"name\":\"Accueil\"}},{\"@type\":\"ListItem\",\"position\":2,\"item\":{\"@id\":\"https:\/\/storckensohn.fr\/index.php\/decheterie-mobile\/#webpage\"}}]}]}<\/script>\n<!-- \/ Yoast SEO plugin. -->","_links":{"self":[{"href":"https:\/\/storckensohn.fr\/index.php\/wp-json\/wp\/v2\/pages\/3688"}],"collection":[{"href":"https:\/\/storckensohn.fr\/index.php\/wp-json\/wp\/v2\/pages"}],"about":[{"href":"https:\/\/storckensohn.fr\/index.php\/wp-json\/wp\/v2\/types\/page"}],"author":[{"embeddable":true,"href":"https:\/\/storckensohn.fr\/index.php\/wp-json\/wp\/v2\/users\/1"}],"replies":[{"embeddable":true,"href":"https:\/\/storckensohn.fr\/index.php\/wp-json\/wp\/v2\/comments?post=3688"}],"version-history":[{"count":3,"href":"https:\/\/storckensohn.fr\/index.php\/wp-json\/wp\/v2\/pages\/3688\/revisions"}],"predecessor-version":[{"id":3815,"href":"https:\/\/storckensohn.fr\/index.php\/wp-json\/wp\/v2\/pages\/3688\/revisions\/3815"}],"wp:attachment":[{"href":"https:\/\/storckensohn.fr\/index.php\/wp-json\/wp\/v2\/media?parent=3688"}],"curies":[{"name":"wp","href":"https:\/\/api.w.org\/{rel}","templated":true}]}}