{"id":548,"date":"2019-06-27T09:18:57","date_gmt":"2019-06-27T09:18:57","guid":{"rendered":"http:\/\/bourbach-le-bas.activemedia.fr\/?page_id=548"},"modified":"2025-11-27T09:23:33","modified_gmt":"2025-11-27T09:23:33","slug":"le-village","status":"publish","type":"page","link":"https:\/\/storckensohn.fr\/index.php\/le-village\/","title":{"rendered":"Le Village"},"content":{"rendered":"<div id='full_slider_1'  class='avia-fullwidth-slider main_color avia-shadow   avia-builder-el-0  el_before_av_section  avia-builder-el-first   container_wrap fullsize' style=' '  ><div   data-size='featured'  data-lightbox_size='large'  data-animation='slide'  data-conditional_play=''  data-ids='2425'  data-video_counter='0'  data-autoplay='false'  data-bg_slider='false'  data-slide_height=''  data-handle='av_slideshow_full'  data-interval='5'  data-class=' '  data-el_id=''  data-css_id=''  data-scroll_down=''  data-control_layout='av-control-default'  data-custom_markup=''  data-perma_caption=''  data-autoplay_stopper=''  data-image_attachment=''  data-min_height='0px'  data-src=''  data-position='top left'  data-repeat='no-repeat'  data-attach='scroll'  data-stretch=''  data-default-height='28.666666666667'  class='avia-slideshow avia-slideshow-1  av-control-default av-default-height-applied avia-slideshow-featured av_slideshow_full   avia-slide-slider '  itemprop=\"image\" itemscope=\"itemscope\" itemtype=\"https:\/\/schema.org\/ImageObject\" ><ul class='avia-slideshow-inner ' style='padding-bottom: 28.666666666667%;' ><li  class=' av-single-slide slide-1 ' ><div data-rel='slideshow-1' class='avia-slide-wrap '   ><img src='https:\/\/storckensohn.fr\/wp-content\/uploads\/2021\/05\/P2780021.jpg' width='1500' height='430' title='' alt=''  itemprop=\"thumbnailUrl\"   \/><\/div><\/li><\/ul><\/div><\/div>\n<div id='presentation'  class='avia-section main_color avia-section-default avia-no-shadow  avia-bg-style-scroll  avia-builder-el-1  el_after_av_slideshow_full  el_before_av_textblock   container_wrap fullsize' style='background-color: #eaeaea;  '  ><div class='container' ><div class='template-page content  av-content-full alpha units'><div class='post-entry post-entry-type-page post-entry-548'><div class='entry-content-wrapper clearfix'>\n<section class=\"av_textblock_section \"  itemscope=\"itemscope\" itemtype=\"https:\/\/schema.org\/CreativeWork\" ><div class='avia_textblock  '   itemprop=\"text\" ><h2 style=\"text-align: center;\">Pr\u00e9sentation du village<\/h2>\n<\/div><\/section>\n<div  style='height:25px' class='hr hr-invisible   avia-builder-el-3  el_after_av_textblock  el_before_av_two_third '><span class='hr-inner ' ><span class='hr-inner-style'><\/span><\/span><\/div>\n<div class=\"flex_column av_two_third  flex_column_div av-zero-column-padding first  avia-builder-el-4  el_after_av_hr  el_before_av_one_third  \" style='border-radius:0px; '><section class=\"av_textblock_section \"  itemscope=\"itemscope\" itemtype=\"https:\/\/schema.org\/CreativeWork\" ><div class='avia_textblock  '   itemprop=\"text\" ><p>Village alsacien situ\u00e9 dans la vall\u00e9e de la Thur dont la mairie se trouve \u00e0 485 m d\u2019altitude. Nich\u00e9 dans le pi\u00e9mont vosgien, le ban communal de Storckensohn culmine \u00e0 1220m \u00e0 la t\u00eate des Perches et son point le plus bas se trouve \u00e0 450m au nord du village. La commune est int\u00e9gr\u00e9e \u00e0 la Communaut\u00e9 de Communes de Saint-Amarin et fait partie\u00a0 du Canton de Cernay. Le dernier recensement a compt\u00e9 205 storckensohnois.<\/p>\n<p><a name=\"_GoBack\"><\/a> Ce village de moyenne montagne de 510 ha comprend 392 ha de for\u00eats dont 355 ha de for\u00eats communales. Les points remarquables du village sont : la maison de l\u2019ouvrier paysan, le moulin \u00e0 huile et les maisons anciennes, dont certaines datent du XVII<sup>\u00e8me<\/sup> si\u00e8cle. Sur les hauteurs, le Rimbachkopf, le col des Perches, la tourbi\u00e8re du Gazon-vert et les Neufs-Bois permettent des points de vue remarquables.<\/p>\n<\/div><\/section><\/div><div class=\"flex_column av_one_third  flex_column_div av-zero-column-padding   avia-builder-el-6  el_after_av_two_third  avia-builder-el-last  \" style='border-radius:0px; '><div  class='avia-image-container  av-styling-    avia-builder-el-7  avia-builder-el-no-sibling  avia-align-center '  itemprop=\"image\" itemscope=\"itemscope\" itemtype=\"https:\/\/schema.org\/ImageObject\"  ><div class='avia-image-container-inner'><div class='avia-image-overlay-wrap'><img class='avia_image' src='https:\/\/storckensohn.fr\/wp-content\/uploads\/2021\/04\/image-5.jpg' alt='' title='' height=\"400\" width=\"533\"  itemprop=\"thumbnailUrl\"  \/><\/div><\/div><\/div><\/div>\n<\/div><\/div><\/div><!-- close content main div --><\/div><\/div><div id='after_section_1'  class='main_color av_default_container_wrap container_wrap fullsize' style=' '  ><div class='container' ><div class='template-page content  av-content-full alpha units'><div class='post-entry post-entry-type-page post-entry-548'><div class='entry-content-wrapper clearfix'>\n<section class=\"av_textblock_section \"  id=\"communenature\"  itemscope=\"itemscope\" itemtype=\"https:\/\/schema.org\/CreativeWork\" ><div class='avia_textblock  '   itemprop=\"text\" ><h2 style=\"text-align: center;\">Distinction Commune Nature<\/h2>\n<\/div><\/section>\n<div class=\"flex_column av_one_third  flex_column_div av-zero-column-padding first  avia-builder-el-9  el_after_av_textblock  el_before_av_two_third  column-top-margin\" style='border-radius:0px; '><div  class='avia-image-container  av-styling-    avia-builder-el-10  avia-builder-el-no-sibling  avia-align-center '  itemprop=\"image\" itemscope=\"itemscope\" itemtype=\"https:\/\/schema.org\/ImageObject\"  ><div class='avia-image-container-inner'><div class='avia-image-overlay-wrap'><img class='avia_image' src='https:\/\/storckensohn.fr\/wp-content\/uploads\/2022\/07\/logo-commune-nature1.jpg' alt='' title='logo-commune-nature1' height=\"147\" width=\"290\"  itemprop=\"thumbnailUrl\"  \/><\/div><\/div><\/div><\/div>\n<div class=\"flex_column av_two_third  flex_column_div av-zero-column-padding   avia-builder-el-11  el_after_av_one_third  el_before_av_hr  column-top-margin\" style='border-radius:0px; '><section class=\"av_textblock_section \"  itemscope=\"itemscope\" itemtype=\"https:\/\/schema.org\/CreativeWork\" ><div class='avia_textblock  '   itemprop=\"text\" ><p>En 2022 la commune de Storckensohn a obtenu une distinction Commune Nature, d\u00e9marche ax\u00e9e sur la pr\u00e9servation de l\u2019environnement naturel, dans sa diversit\u00e9 et sa richesse.<\/p>\n<p>L\u2019obtention de ces 3 libellules est une reconnaissance officielle pour la qualit\u00e9 de la pratique en mati\u00e8re de gestion de la biodiversit\u00e9 au niveau du village.<\/p>\n<\/div><\/section><\/div>\n<div  style='height:80px' class='hr hr-invisible   avia-builder-el-13  el_after_av_two_third  el_before_av_textblock '><span class='hr-inner ' ><span class='hr-inner-style'><\/span><\/span><\/div>\n<section class=\"av_textblock_section \"  id=\"circuitpedestre\"  itemscope=\"itemscope\" itemtype=\"https:\/\/schema.org\/CreativeWork\" ><div class='avia_textblock  '   itemprop=\"text\" ><h2 style=\"text-align: center;\">Circuit p\u00e9destre : Tour de Storckensohn<\/h2>\n<\/div><\/section>\n<div class=\"flex_column av_two_third  flex_column_div av-zero-column-padding first  avia-builder-el-15  el_after_av_textblock  el_before_av_one_third  column-top-margin\" style='border-radius:0px; '><section class=\"av_textblock_section \"  itemscope=\"itemscope\" itemtype=\"https:\/\/schema.org\/CreativeWork\" ><div class='avia_textblock  '   itemprop=\"text\" ><p><strong>Le circuit p\u00e9destre de Storckensohn<\/strong> a \u00e9t\u00e9 cr\u00e9\u00e9 en 2022 \u00e0 partir d\u2019un travail en partenariat entre la commune de Storckensohn et le Club Vosgien de Saint-Amarin. Il est balis\u00e9 par un cercle bleu, couleur que l\u2019on retrouve sur le blason du village.<\/p>\n<p>Il relie les 3 sommets surplombant Storckensohn : le Chauvelin, le Eichkopf et le Forst.<\/p>\n<p>Son parcours a \u00e9t\u00e9 \u00e9labor\u00e9 selon des crit\u00e8res sp\u00e9cifiques. Ainsi le circuit passe \u00e0 des endroits strat\u00e9giques comme des paysages, des \u00e9l\u00e9ments naturels et ou faconn\u00e9s par des g\u00e9n\u00e9rations d\u2019habitants du village.<\/p>\n<\/div><\/section><\/div>\n<div class=\"flex_column av_one_third  flex_column_div av-zero-column-padding   avia-builder-el-17  el_after_av_two_third  el_before_av_section  avia-builder-el-last  column-top-margin\" style='border-radius:0px; '><div  class='avia-image-container  av-styling-    avia-builder-el-18  avia-builder-el-no-sibling  avia-align-center '  itemprop=\"image\" itemscope=\"itemscope\" itemtype=\"https:\/\/schema.org\/ImageObject\"  ><div class='avia-image-container-inner'><div class='avia-image-overlay-wrap'><a href='https:\/\/storckensohn.fr\/wp-content\/uploads\/2022\/10\/Image1-1030x814.jpg' class='avia_image'  ><img class='avia_image ' src='https:\/\/storckensohn.fr\/wp-content\/uploads\/2022\/10\/Image1-300x237.jpg' alt='carte comprenant le circuit p\u00e9destre de Storckensohn' title='Image1'  itemprop=\"thumbnailUrl\"  \/><\/a><\/div><\/div><\/div><\/div>\n<\/div><\/div><\/div><!-- close content main div --><\/div><\/div><div id='baladeludique'  class='avia-section main_color avia-section-default avia-no-shadow  avia-bg-style-scroll  avia-builder-el-19  el_after_av_one_third  el_before_av_section   container_wrap fullsize' style='background-color: #d7c190; background-image: linear-gradient(#ffffff,#e9f0f6); '  ><div class='container' ><div class='template-page content  av-content-full alpha units'><div class='post-entry post-entry-type-page post-entry-548'><div class='entry-content-wrapper clearfix'>\n<section class=\"av_textblock_section \"  id=\"balade-ludique\"  itemscope=\"itemscope\" itemtype=\"https:\/\/schema.org\/CreativeWork\" ><div class='avia_textblock  '   itemprop=\"text\" ><h2 style=\"text-align: center;\">Balade ludique<\/h2>\n<\/div><\/section>\n<div class=\"flex_column av_one_third  flex_column_div av-zero-column-padding first  avia-builder-el-21  el_after_av_textblock  el_before_av_two_third  column-top-margin\" style='margin-top:20px; margin-bottom:0px; border-radius:0px; '><div  class='avia-image-container  av-styling-    avia-builder-el-22  avia-builder-el-no-sibling  avia-align-center '  itemprop=\"image\" itemscope=\"itemscope\" itemtype=\"https:\/\/schema.org\/ImageObject\"  ><div class='avia-image-container-inner'><div class='avia-image-overlay-wrap'><a href='https:\/\/storckensohn.fr\/wp-content\/uploads\/2021\/08\/balade-ludique-2021.jpeg' class='avia_image'  ><img class='avia_image ' src='https:\/\/storckensohn.fr\/wp-content\/uploads\/2021\/08\/balade-ludique-2021.jpeg' alt='' title='balade ludique 2021'  itemprop=\"thumbnailUrl\"  \/><\/a><\/div><\/div><\/div><\/div><div class=\"flex_column av_two_third  flex_column_div av-zero-column-padding   avia-builder-el-23  el_after_av_one_third  avia-builder-el-last  column-top-margin\" style='margin-top:20px; margin-bottom:0px; border-radius:0px; '><section class=\"av_textblock_section \"  itemscope=\"itemscope\" itemtype=\"https:\/\/schema.org\/CreativeWork\" ><div class='avia_textblock  '   itemprop=\"text\" ><h3 dir=\"ltr\" data-setdir=\"false\">Balade ludique \u00e0 d\u00e9couvrir !<\/h3>\n<div dir=\"ltr\" data-setdir=\"false\"><\/div>\n<p dir=\"ltr\" data-setdir=\"false\">La mairie de Storckensohn a mis en place avec l&rsquo;Office du Tourisme de Saint-Amarin une promenade dans le village.<\/p>\n<p dir=\"ltr\" data-setdir=\"false\">Ce carnet de route, avec des \u00e9nigmes, permet aux petits et aux plus grands de d\u00e9couvrir des points particuliers de la commune.<\/p>\n<p dir=\"ltr\" data-setdir=\"false\">Venez-vous amuser en suivant les indications du d\u00e9pliant que vous pouvez trouver \u00e0 l&rsquo;Office du Tourisme ou \u00e0 la Mairie de Storckensohn !<\/p>\n<p dir=\"ltr\" data-setdir=\"false\"><a href=\"https:\/\/storckensohn.fr\/wp-content\/uploads\/2021\/08\/6832801_Storckensohn_versionFINALE-1.pdf\" target=\"_blank\" rel=\"noopener\">Voir ou t\u00e9l\u00e9charger le livret<\/a><\/p>\n<\/div><\/section><\/div>\n\n<\/div><\/div><\/div><!-- close content main div --><\/div><\/div><div id='historique'  class='avia-section main_color avia-section-default avia-no-shadow  avia-bg-style-scroll  avia-builder-el-25  el_after_av_section  el_before_av_one_half   container_wrap fullsize' style='background-color: #d7c190; background-image: linear-gradient(#d7c190,#e9f0f6); '  ><div class='container' ><div class='template-page content  av-content-full alpha units'><div class='post-entry post-entry-type-page post-entry-548'><div class='entry-content-wrapper clearfix'>\n<section class=\"av_textblock_section \"  itemscope=\"itemscope\" itemtype=\"https:\/\/schema.org\/CreativeWork\" ><div class='avia_textblock  '   itemprop=\"text\" ><h2 style=\"text-align: center;\">Historique<\/h2>\n<\/div><\/section>\n<div class=\"flex_column av_one_third  flex_column_div av-zero-column-padding first  avia-builder-el-27  el_after_av_textblock  el_before_av_two_third  column-top-margin\" style='margin-top:20px; margin-bottom:0px; border-radius:0px; '><div  class='avia-image-container  av-styling-    avia-builder-el-28  avia-builder-el-no-sibling  avia-align-center '  itemprop=\"image\" itemscope=\"itemscope\" itemtype=\"https:\/\/schema.org\/ImageObject\"  ><div class='avia-image-container-inner'><div class='avia-image-overlay-wrap'><a href='https:\/\/storckensohn.fr\/wp-content\/uploads\/2021\/04\/image-3.jpg' class='avia_image'  ><img class='avia_image ' src='https:\/\/storckensohn.fr\/wp-content\/uploads\/2021\/04\/image-3.jpg' alt='' title=''  itemprop=\"thumbnailUrl\"  \/><\/a><\/div><\/div><\/div><\/div><div class=\"flex_column av_two_third  flex_column_div av-zero-column-padding   avia-builder-el-29  el_after_av_one_third  avia-builder-el-last  column-top-margin\" style='margin-top:20px; margin-bottom:0px; border-radius:0px; '><section class=\"av_textblock_section \"  itemscope=\"itemscope\" itemtype=\"https:\/\/schema.org\/CreativeWork\" ><div class='avia_textblock  '   itemprop=\"text\" ><p class=\"western\">Petit village situ\u00e9 au pied des Vosges, dans la Vall\u00e9e de Saint-Amarin, avec son moulin, la maison de l\u2019ouvrier paysan et son site du Gazon vert. Le cirque glaciaire dans lequel est install\u00e9 les chaumes du Gazon vert date de la derni\u00e8re glaciation il y a environ 10 000 ans. Ce cirque perch\u00e9 \u00e0 environ 930 m\u00e8tres d\u2019altitude <span style=\"text-decoration: line-through;\">en<\/span> cumule toutes les caract\u00e9ristiques g\u00e9omorphologiques : entour\u00e9 de grands \u00e9boulis, il est barr\u00e9 par un verrou, en son centre se situe une petite tourbi\u00e8re de laquelle na\u00eet le ruisseau de Storckensohn qui va se jeter par une magnifique cascade de 100 m\u00e8tres de haut dans le grand cirque en contrebas.<\/p>\n<h5 class=\"western\">Le patrimoine du village<\/h5>\n<p class=\"western\">Le Moulin \u00e0 Huile de 1732, son huile de noix artisanale, la maison typique de l\u2019ouvrier paysan, ainsi que l\u2019huilerie. Sur les hauteurs, la Ferme du Gazon vert enti\u00e8rement restaur\u00e9e par des b\u00e9n\u00e9voles du village et le g\u00eete d\u2019\u00e9tape du Gazon vert faisant partie de la cha\u00eene de G\u00eetes d\u2019\u00e9tapes de montagne autour des vall\u00e9es de la Thur et de la Doller. Le Centre du Torrent pour l\u2019h\u00e9bergement de groupes et de s\u00e9minaires.<\/p>\n<\/div><\/section><\/div>\n<\/div><\/div><\/div><!-- close content main div --><\/div><\/div><div id='after_section_3'  class='main_color av_default_container_wrap container_wrap fullsize' style=' '  ><div class='container' ><div class='template-page content  av-content-full alpha units'><div class='post-entry post-entry-type-page post-entry-548'><div class='entry-content-wrapper clearfix'>\n<div class=\"flex_column av_one_half  flex_column_div av-zero-column-padding first  avia-builder-el-31  el_after_av_section  el_before_av_one_half  avia-builder-el-first  \" style='border-radius:0px; '><section class=\"av_textblock_section \"  itemscope=\"itemscope\" itemtype=\"https:\/\/schema.org\/CreativeWork\" ><div class='avia_textblock  '   itemprop=\"text\" ><h3 dir=\"ltr\" data-setdir=\"false\"><\/h3>\n<h3 dir=\"ltr\" data-setdir=\"false\">L&rsquo;\u00e9table communale<\/h3>\n<div dir=\"ltr\" data-setdir=\"false\"><\/div>\n<p dir=\"ltr\" data-setdir=\"false\">La commune de Storckensohn favorise la production en circuits courts et l&rsquo;activit\u00e9 agricole locale.<\/p>\n<p>Dans le cadre du maintien des espaces ouverts elle a voulu permettre \u00e0 un exploitant du village de disposer d\u2019un local afin d\u2019y loger ses animaux durant l\u2019hiver.<\/p>\n<p>L\u2018implantation d\u2019un b\u00e2timent d\u2019\u00e9levage sur ce secteur est apparu comme essentielle dans un programme global de reconqu\u00eate des espaces.<\/p>\n<p>La motivation d\u2019un agriculteur souhaitant installer son exploitation agricole dans le vallon, alli\u00e9 \u00e0 la politique paysag\u00e8re de la commune de Storckensohn\u00a0 ont \u00e9t\u00e9 \u00e0 l\u2019origine de ce projet de construction.<\/p>\n<p>En 2006 le projet est lanc\u00e9, la construction s&rsquo;ach\u00e8ve en 2008. Depuis, les bovins de cette exploitation y hivernent.<\/p>\n<\/div><\/section><\/div>\n<div class=\"flex_column av_one_half  flex_column_div av-zero-column-padding   avia-builder-el-33  el_after_av_one_half  el_before_av_slideshow_full  avia-builder-el-last  \" style='border-radius:0px; '><div  class='avia-image-container  av-styling-    avia-builder-el-34  avia-builder-el-no-sibling  avia-align-center '  itemprop=\"image\" itemscope=\"itemscope\" itemtype=\"https:\/\/schema.org\/ImageObject\"  ><div class='avia-image-container-inner'><div class='avia-image-overlay-wrap'><img class='avia_image' src='https:\/\/storckensohn.fr\/wp-content\/uploads\/2021\/05\/P2780030-1030x579.jpg' alt='' title='P2780030' height=\"579\" width=\"1030\"  itemprop=\"thumbnailUrl\"  \/><\/div><\/div><\/div><\/div>\n<\/div><\/div><\/div><!-- close content main div --><\/div><\/div><div id='full_slider_2'  class='avia-fullwidth-slider main_color avia-shadow   avia-builder-el-35  el_after_av_one_half  el_before_av_section   slider-not-first container_wrap fullsize' style=' '  ><div   data-size='featured'  data-lightbox_size='large'  data-animation='slide'  data-conditional_play=''  data-ids='2440'  data-video_counter='0'  data-autoplay='false'  data-bg_slider='false'  data-slide_height=''  data-handle='av_slideshow_full'  data-interval='5'  data-class=' '  data-el_id=''  data-css_id=''  data-scroll_down=''  data-control_layout='av-control-default'  data-custom_markup=''  data-perma_caption=''  data-autoplay_stopper=''  data-image_attachment=''  data-min_height='0px'  data-src=''  data-position='top left'  data-repeat='no-repeat'  data-attach='scroll'  data-stretch=''  data-default-height='28.666666666667'  class='avia-slideshow avia-slideshow-2  av-control-default av-default-height-applied avia-slideshow-featured av_slideshow_full   avia-slide-slider '  itemprop=\"image\" itemscope=\"itemscope\" itemtype=\"https:\/\/schema.org\/ImageObject\" ><ul class='avia-slideshow-inner ' style='padding-bottom: 28.666666666667%;' ><li  class=' av-single-slide slide-1 ' ><div data-rel='slideshow-2' class='avia-slide-wrap '   ><img src='https:\/\/storckensohn.fr\/wp-content\/uploads\/2021\/05\/monument.jpg' width='1500' height='430' title='monument' alt=''  itemprop=\"thumbnailUrl\"   \/><\/div><\/li><\/ul><\/div><\/div>\n<div id='associations'  class='avia-section main_color avia-section-default avia-no-shadow  avia-bg-style-scroll  avia-builder-el-36  el_after_av_slideshow_full  el_before_av_section   container_wrap fullsize' style='background-color: #e9f0f6;  '  ><div class='container' ><div class='template-page content  av-content-full alpha units'><div class='post-entry post-entry-type-page post-entry-548'><div class='entry-content-wrapper clearfix'>\n<section class=\"av_textblock_section \"  itemscope=\"itemscope\" itemtype=\"https:\/\/schema.org\/CreativeWork\" ><div class='avia_textblock  '   itemprop=\"text\" ><h2 style=\"text-align: center;\">Les entreprises<\/h2>\n<\/div><\/section>\n<div class=\"flex_column av_one_half  flex_column_div av-zero-column-padding first  avia-builder-el-38  el_after_av_textblock  el_before_av_one_half  column-top-margin\" style='border-radius:0px; '><section class=\"av_textblock_section \"  id=\"wyss\"  itemscope=\"itemscope\" itemtype=\"https:\/\/schema.org\/CreativeWork\" ><div class='avia_textblock  '   itemprop=\"text\" ><h3>Wyss Paysage et Service<\/h3>\n<\/div><\/section><br \/>\n<div  id=\"wyss1\"  class=\"togglecontainer   toggle_close_all  avia-builder-el-40  el_after_av_textblock  el_before_av_hr \" >\n<section class=\"av_toggle_section\"  itemscope=\"itemscope\" itemtype=\"https:\/\/schema.org\/CreativeWork\"  >    <div role=\"tablist\" class=\"single_toggle\" data-tags=\"{Tout} \"  >        <p data-fake-id=\"#toggle-id-1\" class=\"toggler \"  itemprop=\"headline\"    role=\"tab\" tabindex=\"0\" aria-controls=\"toggle-id-1-container\">Plus d\u2019infos<span class=\"toggle_icon\" >        <span class=\"vert_icon\"><\/span><span class=\"hor_icon\"><\/span><\/span><\/p>        <div id=\"toggle-id-1-container\" class=\"toggle_wrap \"  >            <div class=\"toggle_content invers-color \"  itemprop=\"text\"   ><h2>Travaux de cr\u00e9ation<\/h2>\n<p>Engazonnement, plantation, abattage, petits travaux de ma\u00e7onnerie (pavage, dallage, bordure), cr\u00e9ation de jardin, cl\u00f4ture rigide, souple et bois.<br \/>\nWYSS PAYSAGE SERVICE<br \/>\n(50% d\u00e9ductible des imp\u00f4ts)<\/p>\n<h2>Travaux d&rsquo;entretien<\/h2>\n<p>Taille de haie, arbre, tonte, d\u00e9broussaillage, d\u00e9frichage, d\u00e9neigement.<\/p>\n<h2>Contact<\/h2>\n<p>WYSS Pierre<br \/>\n9, Rue du Forst<br \/>\n68470 Storckensohn<br \/>\n06.36.79.14.65<\/p>\n            <\/div>        <\/div>    <\/div><\/section>\n<\/div><br \/>\n<div  style=' margin-top:30px; margin-bottom:30px;'  class='hr hr-custom hr-center hr-icon-no   avia-builder-el-41  el_after_av_toggle_container  el_before_av_textblock '><span class='hr-inner   inner-border-av-border-thin' style=' width:150px; border-color:#900909;' ><span class='hr-inner-style'><\/span><\/span><\/div><br \/>\n<section class=\"av_textblock_section \"  id=\"storck\"  itemscope=\"itemscope\" itemtype=\"https:\/\/schema.org\/CreativeWork\" ><div class='avia_textblock  '   itemprop=\"text\" ><h3>Storck Transports et Services<\/h3>\n<\/div><\/section><br \/>\n<div  class=\"togglecontainer   toggle_close_all  avia-builder-el-43  el_after_av_textblock  avia-builder-el-last \" >\n<section class=\"av_toggle_section\"  itemscope=\"itemscope\" itemtype=\"https:\/\/schema.org\/CreativeWork\"  >    <div role=\"tablist\" class=\"single_toggle\" data-tags=\"{Tout} \"  >        <p data-fake-id=\"#toggle-id-2\" class=\"toggler \"  itemprop=\"headline\"    role=\"tab\" tabindex=\"0\" aria-controls=\"toggle-id-2-container\">Plus d\u2019infos<span class=\"toggle_icon\" >        <span class=\"vert_icon\"><\/span><span class=\"hor_icon\"><\/span><\/span><\/p>        <div id=\"toggle-id-2-container\" class=\"toggle_wrap \"  >            <div class=\"toggle_content invers-color \"  itemprop=\"text\"   ><h2>Location 8&#215;4 Grue avec conducteur<\/h2>\n<p>Avec comme \u00e9quipement :<\/p>\n<ul>\n<li>une preneuse<\/li>\n<li>un porte palette<\/li>\n<li>une grue de 10m (prenant 4T \u00e0 la ridelle et 1T5 \u00e0 10m)<\/li>\n<\/ul>\n<h2>Contact<\/h2>\n<p>Kragen Nicolas &#8211; 07 82 69 00 97<br \/>\n9B rue du Gazon Vert &#8211; 68470 Storckensohn<br \/>\n<a href=\"mailto:sts.kragen@gmail.com\">sts.kragen@gmail.com<\/a><\/p>\n            <\/div>        <\/div>    <\/div><\/section>\n<\/div><\/p><\/div><div class=\"flex_column av_one_half  flex_column_div av-zero-column-padding   avia-builder-el-44  el_after_av_one_half  avia-builder-el-last  column-top-margin\" style='border-radius:0px; '><section class=\"av_textblock_section \"  id=\"elec\"  itemscope=\"itemscope\" itemtype=\"https:\/\/schema.org\/CreativeWork\" ><div class='avia_textblock  '   itemprop=\"text\" ><h3>Electricit\u00e9 G\u00e9n\u00e9rale Patrice Fleck<\/h3>\n<\/div><\/section><br \/>\n<div  class=\"togglecontainer   toggle_close_all  avia-builder-el-46  el_after_av_textblock  el_before_av_hr \" >\n<section class=\"av_toggle_section\"  itemscope=\"itemscope\" itemtype=\"https:\/\/schema.org\/CreativeWork\"  >    <div role=\"tablist\" class=\"single_toggle\" data-tags=\"{Tout} \"  >        <p data-fake-id=\"#toggle-id-3\" class=\"toggler \"  itemprop=\"headline\"    role=\"tab\" tabindex=\"0\" aria-controls=\"toggle-id-3-container\">Plus d\u2019infos<span class=\"toggle_icon\" >        <span class=\"vert_icon\"><\/span><span class=\"hor_icon\"><\/span><\/span><\/p>        <div id=\"toggle-id-3-container\" class=\"toggle_wrap \"  >            <div class=\"toggle_content invers-color \"  itemprop=\"text\"   ><h3>Habitat &#8211; Tertiaire &#8211; Industrie<br \/>\nAssistance technique &#8211; D\u00e9pannage<br \/>\nDomotique &#8211; Travaux neufs<br \/>\nR\u00e9novation &#8211; Mise en conformit\u00e9<\/h3>\n<h3>Contact<\/h3>\n<p>16a rue de Mollau &#8211; 68470 Storckensohn<br \/>\n07 71 13 55 22, <a href=\"mailto:p.fleck.elec@gmail.com\">p.fleck.elec@gmail.com<\/a><\/p>\n            <\/div>        <\/div>    <\/div><\/section>\n<\/div><br \/>\n<div  style=' margin-top:30px; margin-bottom:30px;'  class='hr hr-custom hr-center hr-icon-no   avia-builder-el-47  el_after_av_toggle_container  el_before_av_textblock '><span class='hr-inner   inner-border-av-border-thin' style=' width:150px; border-color:#900909;' ><span class='hr-inner-style'><\/span><\/span><\/div><br \/>\n<section class=\"av_textblock_section \"  id=\"martial\"  itemscope=\"itemscope\" itemtype=\"https:\/\/schema.org\/CreativeWork\" ><div class='avia_textblock  '   itemprop=\"text\" ><h3>Martial Cr\u00e9ation<\/h3>\n<\/div><\/section><br \/>\n<div  class=\"togglecontainer   toggle_close_all  avia-builder-el-49  el_after_av_textblock  avia-builder-el-last \" >\n<section class=\"av_toggle_section\"  itemscope=\"itemscope\" itemtype=\"https:\/\/schema.org\/CreativeWork\"  >    <div role=\"tablist\" class=\"single_toggle\" data-tags=\"{Tout} \"  >        <p data-fake-id=\"#toggle-id-4\" class=\"toggler \"  itemprop=\"headline\"    role=\"tab\" tabindex=\"0\" aria-controls=\"toggle-id-4-container\">Plus d\u2019infos<span class=\"toggle_icon\" >        <span class=\"vert_icon\"><\/span><span class=\"hor_icon\"><\/span><\/span><\/p>        <div id=\"toggle-id-4-container\" class=\"toggle_wrap \"  >            <div class=\"toggle_content invers-color \"  itemprop=\"text\"   ><p>Martial Ott<br \/>\n11 rue du Forst &#8211; 68740 Storckensohn<br \/>\n07 83 08 01 07, <a href=\"mailto:martialott@gmail.com\">martialott@gmail.com<\/a><\/p>\n            <\/div>        <\/div>    <\/div><\/section>\n<\/div><\/p><\/div>\n\n<\/div><\/div><\/div><!-- close content main div --><\/div><\/div><div id='associations'  class='avia-section main_color avia-section-default avia-no-shadow  avia-bg-style-scroll  avia-builder-el-50  el_after_av_section  el_before_av_section   container_wrap fullsize' style='background-color: #e9f0f6;  '  ><div class='container' ><div class='template-page content  av-content-full alpha units'><div class='post-entry post-entry-type-page post-entry-548'><div class='entry-content-wrapper clearfix'>\n<section class=\"av_textblock_section \"  itemscope=\"itemscope\" itemtype=\"https:\/\/schema.org\/CreativeWork\" ><div class='avia_textblock  '   itemprop=\"text\" ><h2 style=\"text-align: center;\">Les associations<\/h2>\n<\/div><\/section>\n<div class=\"flex_column av_one_half  flex_column_div av-zero-column-padding first  avia-builder-el-52  el_after_av_textblock  el_before_av_one_half  column-top-margin\" style='border-radius:0px; '><section class=\"av_textblock_section \"  id=\"bruyere\"  itemscope=\"itemscope\" itemtype=\"https:\/\/schema.org\/CreativeWork\" ><div class='avia_textblock  '   itemprop=\"text\" ><h3>Amicale des Bruy\u00e8res<\/h3>\n<\/div><\/section><br \/>\n<div  class=\"togglecontainer   toggle_close_all  avia-builder-el-54  el_after_av_textblock  el_before_av_hr \" >\n<section class=\"av_toggle_section\"  itemscope=\"itemscope\" itemtype=\"https:\/\/schema.org\/CreativeWork\"  >    <div role=\"tablist\" class=\"single_toggle\" data-tags=\"{Tout} \"  >        <p data-fake-id=\"#toggle-id-5\" class=\"toggler \"  itemprop=\"headline\"    role=\"tab\" tabindex=\"0\" aria-controls=\"toggle-id-5-container\">L\u2019amicale fond\u00e9e en 1975 au lieu-dit Chauvelager sur une dizaine d\u2019ares. Plus d\u2019infos<span class=\"toggle_icon\" >        <span class=\"vert_icon\"><\/span><span class=\"hor_icon\"><\/span><\/span><\/p>        <div id=\"toggle-id-5-container\" class=\"toggle_wrap \"  >            <div class=\"toggle_content invers-color \"  itemprop=\"text\"   ><p>L\u2019amicale fond\u00e9e en 1975 au lieu-dit Chauvelager sur une dizaine d&rsquo;ares, est dot\u00e9e de 11 membres actifs : un pr\u00e9sident honoraire Claude Fichter, quatre villageois, deux anciens issus du village et de quatre membres ext\u00e9rieurs.<\/p>\n<p><a href=\"https:\/\/storckensohn.fr\/wp-content\/uploads\/2021\/04\/P1660350.jpg\"><img loading=\"lazy\" class=\"alignnone wp-image-2258 size-large\" src=\"https:\/\/storckensohn.fr\/wp-content\/uploads\/2021\/04\/P1660350-1030x579.jpg\" alt=\"\" width=\"1030\" height=\"579\" srcset=\"https:\/\/storckensohn.fr\/wp-content\/uploads\/2021\/04\/P1660350-1030x579.jpg 1030w, https:\/\/storckensohn.fr\/wp-content\/uploads\/2021\/04\/P1660350-300x169.jpg 300w, https:\/\/storckensohn.fr\/wp-content\/uploads\/2021\/04\/P1660350-768x432.jpg 768w, https:\/\/storckensohn.fr\/wp-content\/uploads\/2021\/04\/P1660350-1536x864.jpg 1536w, https:\/\/storckensohn.fr\/wp-content\/uploads\/2021\/04\/P1660350-1500x844.jpg 1500w, https:\/\/storckensohn.fr\/wp-content\/uploads\/2021\/04\/P1660350-705x397.jpg 705w, https:\/\/storckensohn.fr\/wp-content\/uploads\/2021\/04\/P1660350.jpg 1920w\" sizes=\"(max-width: 1030px) 100vw, 1030px\" \/><\/a><\/p>\n<p>68470 Storckensohn<\/p>\n<p>T\u00e9l : 03 89 82 30 75<\/p>\n<p>Christophe ARNOLD, Pr\u00e9sident<\/p>\n            <\/div>        <\/div>    <\/div><\/section>\n<\/div><br \/>\n<div  style=' margin-top:30px; margin-bottom:30px;'  class='hr hr-custom hr-center hr-icon-no   avia-builder-el-55  el_after_av_toggle_container  el_before_av_textblock '><span class='hr-inner   inner-border-av-border-thin' style=' width:150px; border-color:#900909;' ><span class='hr-inner-style'><\/span><\/span><\/div><br \/>\n<section class=\"av_textblock_section \"  id=\"sang\"  itemscope=\"itemscope\" itemtype=\"https:\/\/schema.org\/CreativeWork\" ><div class='avia_textblock  '   itemprop=\"text\" ><h3>Amicale des donneurs de sang Mollau-Storckensohn-Urb\u00e8s<\/h3>\n<\/div><\/section><br \/>\n<div  class=\"togglecontainer   toggle_close_all  avia-builder-el-57  el_after_av_textblock  el_before_av_hr \" >\n<section class=\"av_toggle_section\"  itemscope=\"itemscope\" itemtype=\"https:\/\/schema.org\/CreativeWork\"  >    <div role=\"tablist\" class=\"single_toggle\" data-tags=\"{Tout} \"  >        <p data-fake-id=\"#toggle-id-6\" class=\"toggler \"  itemprop=\"headline\"    role=\"tab\" tabindex=\"0\" aria-controls=\"toggle-id-6-container\">Association cr\u00e9\u00e9e le 17 janvier 2013, son but \u00e9tant d\u2018inciter le don volontaire et b\u00e9n\u00e9vole du sang chez les gens \u00e2g\u00e9s de 18 \u00e0 70 ans. Elle est g\u00e9r\u00e9e par un Conseil d\u2019Administration compos\u00e9 de membres issus des 3 communes, son pr\u00e9sident \u00e9tant le Storckensohnois No\u00ebl SUTTER. Plus d\u2019infos<span class=\"toggle_icon\" >        <span class=\"vert_icon\"><\/span><span class=\"hor_icon\"><\/span><\/span><\/p>        <div id=\"toggle-id-6-container\" class=\"toggle_wrap \"  >            <div class=\"toggle_content invers-color \"  itemprop=\"text\"   ><p class=\"Standard\" align=\"center\">AMICALE DES DONNEURS DE SANG BENEVOLES<\/p>\n<p class=\"Standard\" align=\"center\">DE MOLLAU \u2013 STORCKENSOHN &#8211; URBES<\/p>\n<p class=\"Standard\">Association cr\u00e9\u00e9e le 17 janvier 2013, son but \u00e9tant d&rsquo;insciter le don volontaire et b\u00e9n\u00e9vole du sang chez les gens \u00e2g\u00e9s de 18 \u00e0 70 ans. Elle est g\u00e9r\u00e9e par un Conseil d&rsquo;Administration compos\u00e9 de membres issus des 3 communes, son\u00a0 pr\u00e9sident \u00e9tant le Storckensohnois No\u00ebl SUTTER. Elle organise conjointement avec l&rsquo;EFS ( Etablissement Fran\u00e7ais du Sang )\u00a0 3 collectes par an, une dans chaque village. A ce jour, ce sont en moyenne 70 personnes qui viennent donner leur sang, le record \u00e9tant \u00e9tabli le\u00a0 9 novembre 2018 \u00e0 la salle polyvalente de Storckensohn avec 98 donneurs. Depuis la cr\u00e9ation de l&rsquo;association, la commune de Storckensohn se trouve en t\u00eate \u00e0 l&rsquo;indice de g\u00e9n\u00e9rosit\u00e9 au niveau national avec en moyenne 25 %\u00a0 des habitants en \u00e2ge de donner leur sang qui viennent chaque ann\u00e9e faire ce noble geste de vouloir sauver des vies.<\/p>\n<p>M. SUTTER No\u00ebl<br \/>\n03 89 38 79 50<\/p>\n            <\/div>        <\/div>    <\/div><\/section>\n<\/div><br \/>\n<div  style=' margin-top:30px; margin-bottom:30px;'  class='hr hr-custom hr-center hr-icon-no   avia-builder-el-58  el_after_av_toggle_container  el_before_av_textblock '><span class='hr-inner   inner-border-av-border-thin' style=' width:150px; border-color:#900909;' ><span class='hr-inner-style'><\/span><\/span><\/div><br \/>\n<section class=\"av_textblock_section \"  id=\"moulin\"  itemscope=\"itemscope\" itemtype=\"https:\/\/schema.org\/CreativeWork\" ><div class='avia_textblock  '   itemprop=\"text\" ><h3>Association du Moulin<\/h3>\n<\/div><\/section><br \/>\n<div  class=\"togglecontainer   toggle_close_all  avia-builder-el-60  el_after_av_textblock  el_before_av_hr \" >\n<section class=\"av_toggle_section\"  itemscope=\"itemscope\" itemtype=\"https:\/\/schema.org\/CreativeWork\"  >    <div role=\"tablist\" class=\"single_toggle\" data-tags=\"{Tout} \"  >        <p data-fake-id=\"#toggle-id-7\" class=\"toggler \"  itemprop=\"headline\"    role=\"tab\" tabindex=\"0\" aria-controls=\"toggle-id-7-container\">Plus d\u2019infos<span class=\"toggle_icon\" >        <span class=\"vert_icon\"><\/span><span class=\"hor_icon\"><\/span><\/span><\/p>        <div id=\"toggle-id-7-container\" class=\"toggle_wrap \"  >            <div class=\"toggle_content invers-color \"  itemprop=\"text\"   ><p>Association du Moulin de Storckensohn<\/p>\n<p><img loading=\"lazy\" class=\"alignnone size-full wp-image-2294\" src=\"https:\/\/storckensohn.fr\/wp-content\/uploads\/2021\/05\/image-6.jpg\" alt=\"\" width=\"201\" height=\"234\" \/><br \/>\n4 rue du Calvaire<br \/>\nStorckensohn 68470<br \/>\nFrance<\/p>\n<p>T\u00e9l.:03.89.39.14.00<\/p>\n<p><a href=\"mailto:moulindestorckensohn@gmail.com\">moulindestorckensohn@gmail.com<\/a><\/p>\n<p><a href=\"https:\/\/www.moulinstorckensohn.com\/\" target=\"_blank\" rel=\"noopener\">moulinstorckensohn.com<\/a><\/p>\n            <\/div>        <\/div>    <\/div><\/section>\n<\/div><br \/>\n<div  style=' margin-top:30px; margin-bottom:30px;'  class='hr hr-custom hr-center hr-icon-no   avia-builder-el-61  el_after_av_toggle_container  el_before_av_textblock '><span class='hr-inner   inner-border-av-border-thin' style=' width:150px; border-color:#900909;' ><span class='hr-inner-style'><\/span><\/span><\/div><br \/>\n<section class=\"av_textblock_section \"  id=\"sport\"  itemscope=\"itemscope\" itemtype=\"https:\/\/schema.org\/CreativeWork\" ><div class='avia_textblock  '   itemprop=\"text\" ><h3>Association sportive et gymnastique<\/h3>\n<\/div><\/section><br \/>\n<div  class=\"togglecontainer   toggle_close_all  avia-builder-el-63  el_after_av_textblock  el_before_av_hr \" >\n<section class=\"av_toggle_section\"  itemscope=\"itemscope\" itemtype=\"https:\/\/schema.org\/CreativeWork\"  >    <div role=\"tablist\" class=\"single_toggle\" data-tags=\"{Tout} \"  >        <p data-fake-id=\"#toggle-id-8\" class=\"toggler \"  itemprop=\"headline\"    role=\"tab\" tabindex=\"0\" aria-controls=\"toggle-id-8-container\">Plus d\u2019infos<span class=\"toggle_icon\" >        <span class=\"vert_icon\"><\/span><span class=\"hor_icon\"><\/span><\/span><\/p>        <div id=\"toggle-id-8-container\" class=\"toggle_wrap \"  >            <div class=\"toggle_content invers-color \"  itemprop=\"text\"   ><p>Mme SUTTER Sylviane<br \/>\n03 89 38 79 50<\/p>\n            <\/div>        <\/div>    <\/div><\/section>\n<\/div><br \/>\n<div  style=' margin-top:30px; margin-bottom:30px;'  class='hr hr-custom hr-center hr-icon-no   avia-builder-el-64  el_after_av_toggle_container  el_before_av_textblock '><span class='hr-inner   inner-border-av-border-thin' style=' width:150px; border-color:#900909;' ><span class='hr-inner-style'><\/span><\/span><\/div><br \/>\n<section class=\"av_textblock_section \"  id=\"combattants\"  itemscope=\"itemscope\" itemtype=\"https:\/\/schema.org\/CreativeWork\" ><div class='avia_textblock  '   itemprop=\"text\" ><h3>Anciens combattants<\/h3>\n<\/div><\/section><br \/>\n<div  class=\"togglecontainer   toggle_close_all  avia-builder-el-66  el_after_av_textblock  el_before_av_hr \" >\n<section class=\"av_toggle_section\"  itemscope=\"itemscope\" itemtype=\"https:\/\/schema.org\/CreativeWork\"  >    <div role=\"tablist\" class=\"single_toggle\" data-tags=\"{Tout} \"  >        <p data-fake-id=\"#toggle-id-9\" class=\"toggler \"  itemprop=\"headline\"    role=\"tab\" tabindex=\"0\" aria-controls=\"toggle-id-9-container\">Plus d\u2019infos<span class=\"toggle_icon\" >        <span class=\"vert_icon\"><\/span><span class=\"hor_icon\"><\/span><\/span><\/p>        <div id=\"toggle-id-9-container\" class=\"toggle_wrap \"  >            <div class=\"toggle_content invers-color \"  itemprop=\"text\"   ><p>M. SCHNEIDER Fran\u00e7ois<br \/>\n07 70 82 74 13<\/p>\n            <\/div>        <\/div>    <\/div><\/section>\n<\/div><br \/>\n<div  style=' margin-top:30px; margin-bottom:30px;'  class='hr hr-custom hr-center hr-icon-no   avia-builder-el-67  el_after_av_toggle_container  avia-builder-el-last '><span class='hr-inner   inner-border-av-border-thin' style=' width:150px; border-color:#900909;' ><span class='hr-inner-style'><\/span><\/span><\/div><\/p><\/div><div class=\"flex_column av_one_half  flex_column_div av-zero-column-padding   avia-builder-el-68  el_after_av_one_half  avia-builder-el-last  column-top-margin\" style='border-radius:0px; '><section class=\"av_textblock_section \"  id=\"torrent\"  itemscope=\"itemscope\" itemtype=\"https:\/\/schema.org\/CreativeWork\" ><div class='avia_textblock  '   itemprop=\"text\" ><h3>Centre du Torrent<\/h3>\n<\/div><\/section><br \/>\n<div  class=\"togglecontainer   toggle_close_all  avia-builder-el-70  el_after_av_textblock  el_before_av_hr \" >\n<section class=\"av_toggle_section\"  itemscope=\"itemscope\" itemtype=\"https:\/\/schema.org\/CreativeWork\"  >    <div role=\"tablist\" class=\"single_toggle\" data-tags=\"{Tout} \"  >        <p data-fake-id=\"#toggle-id-10\" class=\"toggler \"  itemprop=\"headline\"    role=\"tab\" tabindex=\"0\" aria-controls=\"toggle-id-10-container\">Le Centre du Torrent offre un cadre de verdure exceptionnel caract\u00e9ris\u00e9 par son parc bois\u00e9 de 7 hectares et travers\u00e9 par un petit torrent.Plus d\u2019infos<span class=\"toggle_icon\" >        <span class=\"vert_icon\"><\/span><span class=\"hor_icon\"><\/span><\/span><\/p>        <div id=\"toggle-id-10-container\" class=\"toggle_wrap \"  >            <div class=\"toggle_content invers-color \"  itemprop=\"text\"   ><p><img loading=\"lazy\" class=\"alignnone size-medium wp-image-3213 aligncenter\" src=\"https:\/\/storckensohn.fr\/wp-content\/uploads\/2022\/10\/Torrent-vue-generale22888-300x200.jpg\" alt=\"photo du Centre Chr\u00e9tien du Torrent \u00e0 Storckensohn\" width=\"300\" height=\"200\" srcset=\"https:\/\/storckensohn.fr\/wp-content\/uploads\/2022\/10\/Torrent-vue-generale22888-300x200.jpg 300w, https:\/\/storckensohn.fr\/wp-content\/uploads\/2022\/10\/Torrent-vue-generale22888-1030x687.jpg 1030w, https:\/\/storckensohn.fr\/wp-content\/uploads\/2022\/10\/Torrent-vue-generale22888-768x512.jpg 768w, https:\/\/storckensohn.fr\/wp-content\/uploads\/2022\/10\/Torrent-vue-generale22888-1536x1024.jpg 1536w, https:\/\/storckensohn.fr\/wp-content\/uploads\/2022\/10\/Torrent-vue-generale22888-2048x1365.jpg 2048w, https:\/\/storckensohn.fr\/wp-content\/uploads\/2022\/10\/Torrent-vue-generale22888-1500x1000.jpg 1500w, https:\/\/storckensohn.fr\/wp-content\/uploads\/2022\/10\/Torrent-vue-generale22888-705x470.jpg 705w\" sizes=\"(max-width: 300px) 100vw, 300px\" \/><\/p>\n<p>Le Centre du Torrent offre un cadre de verdure exceptionnel caract\u00e9ris\u00e9 par son parc bois\u00e9 de 7 hectares et travers\u00e9 par un petit torrent.<\/p>\n<p>Dot\u00e9 d&rsquo;un \u00e9quipement moderne complet et d&rsquo;un mobilier de qualit\u00e9, nous vous proposons de loger dans des chambres avec vue sur la nature environnante.<\/p>\n<p>Ses 3 b\u00e2timents, d&rsquo;une grande polyvalence, permettent une capacit\u00e9 d&rsquo;accueil allant jusqu&rsquo;\u00e0 150 lits et autant de places au restaurant.<\/p>\n<p>Le Torrent est \u00e9galement un acteur du tourisme social et solidaire dont l&rsquo;accueil est ouvert \u00e0 tous. En ce sens, nous proposons des tarifs pr\u00e9f\u00e9rentiels pour les publics fragiles (les enfants, les personnes en situation de handicap et les seniors).<\/p>\n            <\/div>        <\/div>    <\/div><\/section>\n<\/div><br \/>\n<div  style=' margin-top:30px; margin-bottom:30px;'  class='hr hr-custom hr-center hr-icon-no   avia-builder-el-71  el_after_av_toggle_container  el_before_av_textblock '><span class='hr-inner   inner-border-av-border-thin' style=' width:150px; border-color:#900909;' ><span class='hr-inner-style'><\/span><\/span><\/div><br \/>\n<section class=\"av_textblock_section \"  id=\"chorale\"  itemscope=\"itemscope\" itemtype=\"https:\/\/schema.org\/CreativeWork\" ><div class='avia_textblock  '   itemprop=\"text\" ><h3>Chorale<\/h3>\n<\/div><\/section><br \/>\n<div  class=\"togglecontainer   toggle_close_all  avia-builder-el-73  el_after_av_textblock  el_before_av_hr \" >\n<section class=\"av_toggle_section\"  itemscope=\"itemscope\" itemtype=\"https:\/\/schema.org\/CreativeWork\"  >    <div role=\"tablist\" class=\"single_toggle\" data-tags=\"{Tout} \"  >        <p data-fake-id=\"#toggle-id-11\" class=\"toggler \"  itemprop=\"headline\"    role=\"tab\" tabindex=\"0\" aria-controls=\"toggle-id-11-container\">Plus d\u2019infos<span class=\"toggle_icon\" >        <span class=\"vert_icon\"><\/span><span class=\"hor_icon\"><\/span><\/span><\/p>        <div id=\"toggle-id-11-container\" class=\"toggle_wrap \"  >            <div class=\"toggle_content invers-color \"  itemprop=\"text\"   ><p>M. ANDRES Adrien<br \/>\n03 89 82 62 85<\/p>\n            <\/div>        <\/div>    <\/div><\/section>\n<\/div><br \/>\n<div  style=' margin-top:30px; margin-bottom:30px;'  class='hr hr-custom hr-center hr-icon-no   avia-builder-el-74  el_after_av_toggle_container  el_before_av_textblock '><span class='hr-inner   inner-border-av-border-thin' style=' width:150px; border-color:#900909;' ><span class='hr-inner-style'><\/span><\/span><\/div><br \/>\n<section class=\"av_textblock_section \"  id=\"ane\"  itemscope=\"itemscope\" itemtype=\"https:\/\/schema.org\/CreativeWork\" ><div class='avia_textblock  '   itemprop=\"text\" ><h3>Chauvl&rsquo;\u00e2ne<\/h3>\n<\/div><\/section><br \/>\n<div  class=\"togglecontainer   toggle_close_all  avia-builder-el-76  el_after_av_textblock  el_before_av_hr \" >\n<section class=\"av_toggle_section\"  itemscope=\"itemscope\" itemtype=\"https:\/\/schema.org\/CreativeWork\"  >    <div role=\"tablist\" class=\"single_toggle\" data-tags=\"{Tout} \"  >        <p data-fake-id=\"#toggle-id-12\" class=\"toggler \"  itemprop=\"headline\"    role=\"tab\" tabindex=\"0\" aria-controls=\"toggle-id-12-container\">Plus d\u2019infos<span class=\"toggle_icon\" >        <span class=\"vert_icon\"><\/span><span class=\"hor_icon\"><\/span><\/span><\/p>        <div id=\"toggle-id-12-container\" class=\"toggle_wrap \"  >            <div class=\"toggle_content invers-color \"  itemprop=\"text\"   ><p>Association Chauvl&rsquo;\u00e2ne<\/p>\n<p><img loading=\"lazy\" class=\"alignnone size-full wp-image-2293\" src=\"https:\/\/storckensohn.fr\/wp-content\/uploads\/2021\/05\/Photo1.jpg\" alt=\"\" width=\"250\" height=\"171\" \/><\/p>\n<p>68470 Storckensohn<br \/>\nT\u00e9l : 03-89-82-14-57 ou 03-89-38-23-18 ou 06-30-91-40-33<br \/>\nCourriel : chauvlane@wanadoo.fr<\/p>\n<p><a title=\"http:\/\/www.bourricot.com\/chauvlane\/\" href=\"http:\/\/www.bourricot.com\/chauvlane\/\" target=\"_blank\" rel=\"noopener\">http:\/\/www.bourricot.com\/chauvlane\/<\/a><\/p>\n            <\/div>        <\/div>    <\/div><\/section>\n<\/div><br \/>\n<div  style=' margin-top:30px; margin-bottom:30px;'  class='hr hr-custom hr-center hr-icon-no   avia-builder-el-77  el_after_av_toggle_container  el_before_av_textblock '><span class='hr-inner   inner-border-av-border-thin' style=' width:150px; border-color:#900909;' ><span class='hr-inner-style'><\/span><\/span><\/div><br \/>\n<section class=\"av_textblock_section \"  id=\"club\"  itemscope=\"itemscope\" itemtype=\"https:\/\/schema.org\/CreativeWork\" ><div class='avia_textblock  '   itemprop=\"text\" ><h3>Club Vosgien<\/h3>\n<\/div><\/section><br \/>\n<div  class=\"togglecontainer   toggle_close_all  avia-builder-el-79  el_after_av_textblock  el_before_av_hr \" >\n<section class=\"av_toggle_section\"  itemscope=\"itemscope\" itemtype=\"https:\/\/schema.org\/CreativeWork\"  >    <div role=\"tablist\" class=\"single_toggle\" data-tags=\"{Tout} \"  >        <p data-fake-id=\"#toggle-id-13\" class=\"toggler \"  itemprop=\"headline\"    role=\"tab\" tabindex=\"0\" aria-controls=\"toggle-id-13-container\">Plus d\u2019infos<span class=\"toggle_icon\" >        <span class=\"vert_icon\"><\/span><span class=\"hor_icon\"><\/span><\/span><\/p>        <div id=\"toggle-id-13-container\" class=\"toggle_wrap \"  >            <div class=\"toggle_content invers-color \"  itemprop=\"text\"   ><div class=\"et_pb_module et_pb_text et_pb_text_0 et_pb_text_align_left et_pb_bg_layout_light\">\n<div class=\"et_pb_text_inner\">\n<p><strong><em>Permanences au si\u00e8ge<\/em><\/strong><\/p>\n<p>Tous les vendredi de 18H00 \u00e0 19H00<\/p>\n<p>Vous trouvez sur notre site internet toutes les informations disponibles.\u00a0<a href=\"https:\/\/cvsa.agence-cactus.fr\/\"><strong>www.club-vosgien-saint-amarin.fr<\/strong><\/a><\/p>\n<p>La messagerie peut recevoir vos questions. Elle est r\u00e9guli\u00e8rement consult\u00e9e. <strong>clubvosgien.stamarin@orange.fr<\/strong><\/p>\n<p>Pour toute question urgente, vous pouvez t\u00e9l\u00e9phoner le vendredi entre 18h00 et 19h00 \u00e0\u00a0:<\/p>\n<ul>\n<li>Joseph PETER au\u00a0<strong>06 86 26 28 69<\/strong><\/li>\n<li>Marie Th\u00e9r\u00e8se BOURGEOIS au\u00a0<strong>03 89 82 70 81<\/strong><\/li>\n<\/ul>\n<\/div>\n<\/div>\n<div class=\"et_pb_module et_pb_gallery et_pb_gallery_0 et_pb_bg_layout_dark et_pb_gallery_grid\">\n<div class=\"et_pb_gallery_items et_post_gallery clearfix\" data-per_page=\"6\">\n<div class=\"et_pb_gallery_item et_pb_grid_item et_pb_bg_layout_dark et_pb_gallery_item_0_0 first_in_row\">\n<div class=\"et_pb_gallery_image landscape\"><\/div>\n<div class=\"et_pb_gallery_image landscape\">\u00a0\u00a0 \u00a0\u00a0 \u00a0\u00a0 \u00a0\u00a0 \u00a0\u00a0 \u00a0\u00a0 \u00a0\u00a0 \u00a0\u00a0 \u00a0\u00a0 \u00a0\u00a0 \u00a0\u00a0 \u00a0\u00a0 \u00a0\u00a0 \u00a0<a title=\"siege\" href=\"https:\/\/www.club-vosgien-saint-amarin.fr\/wp-content\/uploads\/2017\/12\/siege.jpg\"><img loading=\"lazy\" class=\"\" src=\"https:\/\/www.club-vosgien-saint-amarin.fr\/wp-content\/uploads\/2017\/12\/siege-400x284.jpg\" sizes=\"(max-width:479px) 479px, 100vw\" srcset=\"https:\/\/www.club-vosgien-saint-amarin.fr\/wp-content\/uploads\/2017\/12\/siege.jpg 479w, https:\/\/www.club-vosgien-saint-amarin.fr\/wp-content\/uploads\/2017\/12\/siege-400x284.jpg 480w\" alt=\"siege\" width=\"144\" height=\"102\" \/>\u00a0<\/a> \u00a0\u00a0 \u00a0\u00a0 \u00a0\u00a0 \u00a0\u00a0<a title=\"carte\" href=\"https:\/\/www.club-vosgien-saint-amarin.fr\/wp-content\/uploads\/2017\/12\/carte.jpg\"><img loading=\"lazy\" class=\"\" src=\"https:\/\/www.club-vosgien-saint-amarin.fr\/wp-content\/uploads\/2017\/12\/carte-400x284.jpg\" sizes=\"(max-width:479px) 479px, 100vw\" srcset=\"https:\/\/www.club-vosgien-saint-amarin.fr\/wp-content\/uploads\/2017\/12\/carte.jpg 479w, https:\/\/www.club-vosgien-saint-amarin.fr\/wp-content\/uploads\/2017\/12\/carte-400x284.jpg 480w\" alt=\"carte\" width=\"117\" height=\"83\" \/><\/a><\/div>\n<\/div>\n<\/div>\n<\/div>\n<div class=\"et_pb_module et_pb_text et_pb_text_1 et_pb_text_align_left et_pb_bg_layout_light\">\n<div class=\"et_pb_text_inner\">\n<p><strong>Les objectifs du Club Vosgien<\/strong><\/p>\n<ul>\n<li>Etudier et assurer l\u2019am\u00e9nagement, la signalisation et l\u2019entretien des itin\u00e9raires p\u00e9destres.<\/li>\n<li>R\u00e9aliser et g\u00e9rer la construction et l\u2019entretien d\u2019\u00e9quipements touristiques.<\/li>\n<li>D\u00e9fendre et prot\u00e9ger la nature.<\/li>\n<li>Repr\u00e9senter et d\u00e9fendre les int\u00e9r\u00eats des randonneurs.<\/li>\n<li>Promouvoir et d\u00e9velopper le tourisme p\u00e9destre et autres activit\u00e9s de pleine nature.<\/li>\n<\/ul>\n<p><strong>Les activit\u00e9s du Club Vosgien<\/strong><\/p>\n<ul>\n<li>Itin\u00e9raires p\u00e9destres<\/li>\n<li>Travaux d\u2019\u00e9quipements touristiques, d\u2019entretien et de balisage des itin\u00e9raires p\u00e9destres.<\/li>\n<li>Randonn\u00e9es<\/li>\n<li>Promotion de la randonn\u00e9e p\u00e9destre de tous niveaux dans les Vosges, le Jura, en For\u00eat-Noire et dans les Alpes.<\/li>\n<li>Voyages et s\u00e9jours de randonn\u00e9es en France et \u00e0 l\u2019\u00e9tranger.<\/li>\n<li>Tour de la Vall\u00e9e en 24 heures.<\/li>\n<li>Randonn\u00e9es topographiques.<\/li>\n<li>Sorties hivernales \u00e0 ski ou \u00e0 pieds.<\/li>\n<li>Nouveau :\u00a0Initiation \u00e0 la marche d\u2019orientation<\/li>\n<li>Nouveau :\u00a0Initiation \u00e0 la marche nordique<\/li>\n<\/ul>\n<div class=\"et_pb_module et_pb_text et_pb_text_0 et_pb_text_align_left et_pb_bg_layout_light\"><\/div>\n<div class=\"et_pb_module et_pb_gallery et_pb_gallery_0 et_pb_bg_layout_dark et_pb_gallery_grid\">\n<div class=\"et_pb_gallery_items et_post_gallery clearfix\" data-per_page=\"6\">\n<div class=\"et_pb_gallery_item et_pb_grid_item et_pb_bg_layout_dark et_pb_gallery_item_0_0 first_in_row\">\n<div class=\"et_pb_gallery_image landscape\"><\/div>\n<\/div>\n<\/div>\n<\/div>\n<\/div>\n<\/div>\n            <\/div>        <\/div>    <\/div><\/section>\n<\/div><br \/>\n<div  style=' margin-top:30px; margin-bottom:30px;'  class='hr hr-custom hr-center hr-icon-no   avia-builder-el-80  el_after_av_toggle_container  el_before_av_textblock '><span class='hr-inner   inner-border-av-border-thin' style=' width:150px; border-color:#900909;' ><span class='hr-inner-style'><\/span><\/span><\/div><br \/>\n<section class=\"av_textblock_section \"  id=\"culture\"  itemscope=\"itemscope\" itemtype=\"https:\/\/schema.org\/CreativeWork\" ><div class='avia_textblock  '   itemprop=\"text\" ><h3>Culture et Loisirs<\/h3>\n<\/div><\/section><br \/>\n<div  class=\"togglecontainer   toggle_close_all  avia-builder-el-82  el_after_av_textblock  el_before_av_hr \" >\n<section class=\"av_toggle_section\"  itemscope=\"itemscope\" itemtype=\"https:\/\/schema.org\/CreativeWork\"  >    <div role=\"tablist\" class=\"single_toggle\" data-tags=\"{Tout} \"  >        <p data-fake-id=\"#toggle-id-14\" class=\"toggler \"  itemprop=\"headline\"    role=\"tab\" tabindex=\"0\" aria-controls=\"toggle-id-14-container\">Plus d\u2019infos<span class=\"toggle_icon\" >        <span class=\"vert_icon\"><\/span><span class=\"hor_icon\"><\/span><\/span><\/p>        <div id=\"toggle-id-14-container\" class=\"toggle_wrap \"  >            <div class=\"toggle_content invers-color \"  itemprop=\"text\"   ><p>Mme DENNECKER Monique<br \/>\n03 89 75 55 56<\/p>\n            <\/div>        <\/div>    <\/div><\/section>\n<\/div><br \/>\n<div  style=' margin-top:30px; margin-bottom:30px;'  class='hr hr-custom hr-center hr-icon-no   avia-builder-el-83  el_after_av_toggle_container  avia-builder-el-last '><span class='hr-inner   inner-border-av-border-thin' style=' width:150px; border-color:#900909;' ><span class='hr-inner-style'><\/span><\/span><\/div><\/p><\/div>\n\n<\/div><\/div><\/div><!-- close content main div --><\/div><\/div><div id='associations'  class='avia-section main_color avia-section-default avia-no-shadow  avia-bg-style-scroll  avia-builder-el-84  el_after_av_section  el_before_av_section   container_wrap fullsize' style='background-color: #e9f0f6; background-image: linear-gradient(#e9f0f6,#ffffff); '  ><div class='container' ><div class='template-page content  av-content-full alpha units'><div class='post-entry post-entry-type-page post-entry-548'><div class='entry-content-wrapper clearfix'>\n<div   data-size='featured'  data-lightbox_size='large'  data-animation='slide'  data-conditional_play=''  data-ids='2330'  data-video_counter='0'  data-autoplay='false'  data-bg_slider='false'  data-slide_height=''  data-handle='av_slideshow'  data-interval='5'  data-class=' avia-builder-el-85  el_before_av_one_half  avia-builder-el-first  '  data-el_id=''  data-css_id=''  data-scroll_down=''  data-control_layout='av-control-default'  data-custom_markup=''  data-perma_caption=''  data-autoplay_stopper=''  data-image_attachment=''  data-min_height='0px'  data-default-height='28.666666666667'  class='avia-slideshow avia-slideshow-3  av-control-default av-default-height-applied avia-slideshow-featured av_slideshow  avia-builder-el-85  el_before_av_one_half  avia-builder-el-first   avia-slide-slider '  itemprop=\"image\" itemscope=\"itemscope\" itemtype=\"https:\/\/schema.org\/ImageObject\" ><ul class='avia-slideshow-inner ' style='padding-bottom: 16.528925619835%;' ><li  class=' av-single-slide slide-1 ' ><div data-rel='slideshow-3' class='avia-slide-wrap '   ><div class=\"avia-caption av-slideshow-caption\"><div class=\"avia-inner-caption\"><div class='avia-caption-content  '  itemprop=\"description\"  ><p>D\u00e9couvrez nos restaurants et toutes nos solutions d&rsquo;h\u00e9bergement au c\u0153ur de la nature !<\/p>\n<\/div><\/div><\/div><img src='https:\/\/storckensohn.fr\/wp-content\/uploads\/2021\/05\/compo1.jpg' width='1210' height='200' title='' alt=''  itemprop=\"thumbnailUrl\"   \/><\/div><\/li><\/ul><\/div>\n<div class=\"flex_column av_one_half  flex_column_div av-zero-column-padding first  avia-builder-el-86  el_after_av_slideshow  el_before_av_one_half  \" style='border-radius:0px; '><section class=\"av_textblock_section \"  itemscope=\"itemscope\" itemtype=\"https:\/\/schema.org\/CreativeWork\" ><div class='avia_textblock  '   itemprop=\"text\" ><h2 style=\"text-align: center;\">Restauration<\/h2>\n<\/div><\/section><br \/>\n<section class=\"av_textblock_section \"  id=\"torrent-resto\"  itemscope=\"itemscope\" itemtype=\"https:\/\/schema.org\/CreativeWork\" ><div class='avia_textblock  '   itemprop=\"text\" ><h3>Le Torrent<\/h3>\n<\/div><\/section><br \/>\n<div  class=\"togglecontainer   toggle_close_all  avia-builder-el-89  el_after_av_textblock  el_before_av_hr \" >\n<section class=\"av_toggle_section\"  itemscope=\"itemscope\" itemtype=\"https:\/\/schema.org\/CreativeWork\"  >    <div role=\"tablist\" class=\"single_toggle\" data-tags=\"{Tout} \"  >        <p data-fake-id=\"#toggle-id-15\" class=\"toggler \"  itemprop=\"headline\"    role=\"tab\" tabindex=\"0\" aria-controls=\"toggle-id-15-container\">Plus d\u2019infos<span class=\"toggle_icon\" >        <span class=\"vert_icon\"><\/span><span class=\"hor_icon\"><\/span><\/span><\/p>        <div id=\"toggle-id-15-container\" class=\"toggle_wrap \"  >            <div class=\"toggle_content invers-color \"  itemprop=\"text\"   ><p>LE TORRENT<\/p>\n<p><img loading=\"lazy\" class=\"alignnone size-large wp-image-2237\" src=\"https:\/\/storckensohn.fr\/wp-content\/uploads\/2021\/04\/FIL157-scaled-1-1030x687.jpg\" alt=\"\" width=\"1030\" height=\"687\" srcset=\"https:\/\/storckensohn.fr\/wp-content\/uploads\/2021\/04\/FIL157-scaled-1-1030x687.jpg 1030w, https:\/\/storckensohn.fr\/wp-content\/uploads\/2021\/04\/FIL157-scaled-1-300x200.jpg 300w, https:\/\/storckensohn.fr\/wp-content\/uploads\/2021\/04\/FIL157-scaled-1-768x512.jpg 768w, https:\/\/storckensohn.fr\/wp-content\/uploads\/2021\/04\/FIL157-scaled-1-1536x1024.jpg 1536w, https:\/\/storckensohn.fr\/wp-content\/uploads\/2021\/04\/FIL157-scaled-1-2048x1366.jpg 2048w, https:\/\/storckensohn.fr\/wp-content\/uploads\/2021\/04\/FIL157-scaled-1-1500x1000.jpg 1500w, https:\/\/storckensohn.fr\/wp-content\/uploads\/2021\/04\/FIL157-scaled-1-705x470.jpg 705w\" sizes=\"(max-width: 1030px) 100vw, 1030px\" \/><\/p>\n<p>Centre d&rsquo;h\u00e9bergement et de restauration en Alsace<br \/>\n4, rue de Mollau<br \/>\n68470 Strockensohn<br \/>\n03 89 82 60 70<br \/>\ninfos@letorrent.fr<\/p>\n<p><a title=\"http:\/\/www.letorrent.fr\/\" href=\"http:\/\/www.letorrent.fr\/\" target=\"_blank\" rel=\"noopener\">http:\/\/www.letorrent.fr\/<\/a><\/p>\n            <\/div>        <\/div>    <\/div><\/section>\n<\/div><br \/>\n<div  style=' margin-top:30px; margin-bottom:30px;'  class='hr hr-custom hr-center hr-icon-no   avia-builder-el-90  el_after_av_toggle_container  el_before_av_textblock '><span class='hr-inner   inner-border-av-border-thin' style=' width:150px; border-color:#900909;' ><span class='hr-inner-style'><\/span><\/span><\/div><br \/>\n<section class=\"av_textblock_section \"  id=\"gazon-vert\"  itemscope=\"itemscope\" itemtype=\"https:\/\/schema.org\/CreativeWork\" ><div class='avia_textblock  '   itemprop=\"text\" ><h3>Le gite d&rsquo;\u00e9tape \/ refuge du Gazon-Vert<\/h3>\n<\/div><\/section><br \/>\n<div  class=\"togglecontainer   toggle_close_all  avia-builder-el-92  el_after_av_textblock  avia-builder-el-last \" >\n<section class=\"av_toggle_section\"  itemscope=\"itemscope\" itemtype=\"https:\/\/schema.org\/CreativeWork\"  >    <div role=\"tablist\" class=\"single_toggle\" data-tags=\"{Tout} \"  >        <p data-fake-id=\"#toggle-id-16\" class=\"toggler \"  itemprop=\"headline\"    role=\"tab\" tabindex=\"0\" aria-controls=\"toggle-id-16-container\">Plus d\u2019infos<span class=\"toggle_icon\" >        <span class=\"vert_icon\"><\/span><span class=\"hor_icon\"><\/span><\/span><\/p>        <div id=\"toggle-id-16-container\" class=\"toggle_wrap \"  >            <div class=\"toggle_content invers-color \"  itemprop=\"text\"   ><p>LE GITE D&rsquo;ETAPE \/ REFUGE DU GAZON VERT<\/p>\n<p><img loading=\"lazy\" class=\"alignnone size-large wp-image-2234\" src=\"https:\/\/storckensohn.fr\/wp-content\/uploads\/2021\/04\/1200x900_auberge-gite-du-gazon-vert-256-1030x773.jpg\" alt=\"\" width=\"1030\" height=\"773\" srcset=\"https:\/\/storckensohn.fr\/wp-content\/uploads\/2021\/04\/1200x900_auberge-gite-du-gazon-vert-256-1030x773.jpg 1030w, https:\/\/storckensohn.fr\/wp-content\/uploads\/2021\/04\/1200x900_auberge-gite-du-gazon-vert-256-300x225.jpg 300w, https:\/\/storckensohn.fr\/wp-content\/uploads\/2021\/04\/1200x900_auberge-gite-du-gazon-vert-256-768x576.jpg 768w, https:\/\/storckensohn.fr\/wp-content\/uploads\/2021\/04\/1200x900_auberge-gite-du-gazon-vert-256-705x529.jpg 705w, https:\/\/storckensohn.fr\/wp-content\/uploads\/2021\/04\/1200x900_auberge-gite-du-gazon-vert-256.jpg 1200w\" sizes=\"(max-width: 1030px) 100vw, 1030px\" \/><\/p>\n<p>T\u00e9l. : 09 88 18 71 65<br \/>\nPort. : 06 77 69 08 65<br \/>\nCourriel : apch.dumont@gmail.com<\/p>\n<p><a title=\"http:\/\/www.gitedugazonvert.fr\/\" href=\"http:\/\/www.gitedugazonvert.fr\/\" target=\"_blank\" rel=\"noopener\">http:\/\/www.gitedugazonvert.fr\/<\/a><\/p>\n<p><a title=\"http:\/\/www.hautes-vosges-randonnees.com\/auberge-du-gazon-vert-gite-d-etape.html\" href=\"http:\/\/www.hautes-vosges-randonnees.com\/auberge-du-gazon-vert-gite-d-etape.html\" target=\"_blank\" rel=\"noopener\">http:\/\/www.hautes-vosges-randonnees.com\/auberge-du-gazon-vert-gite-d-etape.html<\/a><\/p>\n            <\/div>        <\/div>    <\/div><\/section>\n<\/div><\/p><\/div><div class=\"flex_column av_one_half  flex_column_div av-zero-column-padding   avia-builder-el-93  el_after_av_one_half  avia-builder-el-last  \" style='border-radius:0px; '><section class=\"av_textblock_section \"  itemscope=\"itemscope\" itemtype=\"https:\/\/schema.org\/CreativeWork\" ><div class='avia_textblock  '   itemprop=\"text\" ><h2 style=\"text-align: center;\">H\u00e9bergement<\/h2>\n<\/div><\/section><br \/>\n<section class=\"av_textblock_section \"  id=\"cascade\"  itemscope=\"itemscope\" itemtype=\"https:\/\/schema.org\/CreativeWork\" ><div class='avia_textblock  '   itemprop=\"text\" ><h3>Gite de la Cascade<\/h3>\n<\/div><\/section><br \/>\n<div  class=\"togglecontainer   toggle_close_all  avia-builder-el-96  el_after_av_textblock  el_before_av_hr \" >\n<section class=\"av_toggle_section\"  itemscope=\"itemscope\" itemtype=\"https:\/\/schema.org\/CreativeWork\"  >    <div role=\"tablist\" class=\"single_toggle\" data-tags=\"{Tout} \"  >        <p data-fake-id=\"#toggle-id-17\" class=\"toggler \"  itemprop=\"headline\"    role=\"tab\" tabindex=\"0\" aria-controls=\"toggle-id-17-container\">Plus d\u2019infos<span class=\"toggle_icon\" >        <span class=\"vert_icon\"><\/span><span class=\"hor_icon\"><\/span><\/span><\/p>        <div id=\"toggle-id-17-container\" class=\"toggle_wrap \"  >            <div class=\"toggle_content invers-color \"  itemprop=\"text\"   ><p>GITE DE LA CASCADE<\/p>\n<p><img loading=\"lazy\" class=\"alignnone size-full wp-image-2235\" src=\"https:\/\/storckensohn.fr\/wp-content\/uploads\/2021\/04\/1491979189.jpg\" alt=\"\" width=\"1024\" height=\"768\" srcset=\"https:\/\/storckensohn.fr\/wp-content\/uploads\/2021\/04\/1491979189.jpg 1024w, https:\/\/storckensohn.fr\/wp-content\/uploads\/2021\/04\/1491979189-300x225.jpg 300w, https:\/\/storckensohn.fr\/wp-content\/uploads\/2021\/04\/1491979189-768x576.jpg 768w, https:\/\/storckensohn.fr\/wp-content\/uploads\/2021\/04\/1491979189-705x529.jpg 705w\" sizes=\"(max-width: 1024px) 100vw, 1024px\" \/><\/p>\n<p>1 Chemin de la Kuttelmatt<br \/>\n68470 Storckensohn<br \/>\n06 13 21 07 09<br \/>\ncatherine.kragen@gmail.com<br \/>\n<a title=\"http:\/\/www.gitedelacascade.fr\/\" href=\"http:\/\/www.gitedelacascade.fr\/\" target=\"_blank\" rel=\"noopener\">http:\/\/www.gitedelacascade.fr\/<\/a><\/p>\n            <\/div>        <\/div>    <\/div><\/section>\n<\/div><br \/>\n<div  style=' margin-top:30px; margin-bottom:30px;'  class='hr hr-custom hr-center hr-icon-no   avia-builder-el-97  el_after_av_toggle_container  el_before_av_textblock '><span class='hr-inner   inner-border-av-border-thin' style=' width:150px; border-color:#900909;' ><span class='hr-inner-style'><\/span><\/span><\/div><br \/>\n<section class=\"av_textblock_section \"  id=\"eau\"  itemscope=\"itemscope\" itemtype=\"https:\/\/schema.org\/CreativeWork\" ><div class='avia_textblock  '   itemprop=\"text\" ><h3>Gite Au fil de l&rsquo;eau<\/h3>\n<\/div><\/section><br \/>\n<div  class=\"togglecontainer   toggle_close_all  avia-builder-el-99  el_after_av_textblock  el_before_av_hr \" >\n<section class=\"av_toggle_section\"  itemscope=\"itemscope\" itemtype=\"https:\/\/schema.org\/CreativeWork\"  >    <div role=\"tablist\" class=\"single_toggle\" data-tags=\"{Tout} \"  >        <p data-fake-id=\"#toggle-id-18\" class=\"toggler \"  itemprop=\"headline\"    role=\"tab\" tabindex=\"0\" aria-controls=\"toggle-id-18-container\">Plus d\u2019infos<span class=\"toggle_icon\" >        <span class=\"vert_icon\"><\/span><span class=\"hor_icon\"><\/span><\/span><\/p>        <div id=\"toggle-id-18-container\" class=\"toggle_wrap \"  >            <div class=\"toggle_content invers-color \"  itemprop=\"text\"   ><p>GITE \u00ab\u00a0AU FIL DE L&rsquo;EAU\u00a0\u00bb<\/p>\n<p><img loading=\"lazy\" class=\"alignnone size-full wp-image-2299\" src=\"https:\/\/storckensohn.fr\/wp-content\/uploads\/2021\/05\/fildeleau.jpg\" alt=\"\" width=\"982\" height=\"449\" srcset=\"https:\/\/storckensohn.fr\/wp-content\/uploads\/2021\/05\/fildeleau.jpg 982w, https:\/\/storckensohn.fr\/wp-content\/uploads\/2021\/05\/fildeleau-300x137.jpg 300w, https:\/\/storckensohn.fr\/wp-content\/uploads\/2021\/05\/fildeleau-768x351.jpg 768w, https:\/\/storckensohn.fr\/wp-content\/uploads\/2021\/05\/fildeleau-705x322.jpg 705w\" sizes=\"(max-width: 982px) 100vw, 982px\" \/><\/p>\n<p>14, rue de la Mairie<br \/>\n68470 STORCKENSOHN<br \/>\nTel: 06 07 96 10 86<br \/>\n<a title=\"http:\/\/www.aufildeleau68.com\/\" href=\"http:\/\/www.aufildeleau68.com\/\" target=\"_blank\" rel=\"noopener\">http:\/\/www.aufildeleau68.com\/<\/a><\/p>\n            <\/div>        <\/div>    <\/div><\/section>\n<\/div><br \/>\n<div  style=' margin-top:30px; margin-bottom:30px;'  class='hr hr-custom hr-center hr-icon-no   avia-builder-el-100  el_after_av_toggle_container  el_before_av_textblock '><span class='hr-inner   inner-border-av-border-thin' style=' width:150px; border-color:#900909;' ><span class='hr-inner-style'><\/span><\/span><\/div><br \/>\n<section class=\"av_textblock_section \"  id=\"scierie\"  itemscope=\"itemscope\" itemtype=\"https:\/\/schema.org\/CreativeWork\" ><div class='avia_textblock  '   itemprop=\"text\" ><h3>Gite de la Scierie<\/h3>\n<\/div><\/section><br \/>\n<div  class=\"togglecontainer   toggle_close_all  avia-builder-el-102  el_after_av_textblock  el_before_av_hr \" >\n<section class=\"av_toggle_section\"  itemscope=\"itemscope\" itemtype=\"https:\/\/schema.org\/CreativeWork\"  >    <div role=\"tablist\" class=\"single_toggle\" data-tags=\"{Tout} \"  >        <p data-fake-id=\"#toggle-id-19\" class=\"toggler \"  itemprop=\"headline\"    role=\"tab\" tabindex=\"0\" aria-controls=\"toggle-id-19-container\">Dans un cadre verdoyant , paisible, chaleureux, nous avons \u00e0 c\u0153ur de vous recevoir dans l\u2018un ou l\u2019autre de nos 2 g\u00eetes. <span class=\"toggle_icon\" >        <span class=\"vert_icon\"><\/span><span class=\"hor_icon\"><\/span><\/span><\/p>        <div id=\"toggle-id-19-container\" class=\"toggle_wrap \"  >            <div class=\"toggle_content invers-color \"  itemprop=\"text\"   ><p>GITE DE LA SCIERIE<\/p>\n<p><img loading=\"lazy\" class=\"alignnone size-large wp-image-2236\" src=\"https:\/\/storckensohn.fr\/wp-content\/uploads\/2021\/04\/ca5d7d_58b8b53c02584cb1a1e2ad88b5fdba9d_mv2_d_4608_3456_s_4_2-1030x773.jpg\" alt=\"\" width=\"1030\" height=\"773\" srcset=\"https:\/\/storckensohn.fr\/wp-content\/uploads\/2021\/04\/ca5d7d_58b8b53c02584cb1a1e2ad88b5fdba9d_mv2_d_4608_3456_s_4_2-1030x773.jpg 1030w, https:\/\/storckensohn.fr\/wp-content\/uploads\/2021\/04\/ca5d7d_58b8b53c02584cb1a1e2ad88b5fdba9d_mv2_d_4608_3456_s_4_2-300x225.jpg 300w, https:\/\/storckensohn.fr\/wp-content\/uploads\/2021\/04\/ca5d7d_58b8b53c02584cb1a1e2ad88b5fdba9d_mv2_d_4608_3456_s_4_2-768x576.jpg 768w, https:\/\/storckensohn.fr\/wp-content\/uploads\/2021\/04\/ca5d7d_58b8b53c02584cb1a1e2ad88b5fdba9d_mv2_d_4608_3456_s_4_2-705x529.jpg 705w, https:\/\/storckensohn.fr\/wp-content\/uploads\/2021\/04\/ca5d7d_58b8b53c02584cb1a1e2ad88b5fdba9d_mv2_d_4608_3456_s_4_2.jpg 1424w\" sizes=\"(max-width: 1030px) 100vw, 1030px\" \/><br \/>\n2 Rue du Gazon Vert<br \/>\n68470 Storckensohn<\/p>\n<p>Tel:+33 (0)6.38.57.18.09<br \/>\nevelyne.haury(at)outlook.fr<br \/>\n<a title=\"http:\/\/scieriestorckensohn.wixsite.com\/gites\" href=\"http:\/\/scieriestorckensohn.wixsite.com\/gites\" target=\"_blank\" rel=\"noopener\">http:\/\/scieriestorckensohn.wixsite.com\/gites<\/a><\/p>\n            <\/div>        <\/div>    <\/div><\/section>\n<\/div><br \/>\n<div  style=' margin-top:30px; margin-bottom:30px;'  class='hr hr-custom hr-center hr-icon-no   avia-builder-el-103  el_after_av_toggle_container  el_before_av_textblock '><span class='hr-inner   inner-border-av-border-thin' style=' width:150px; border-color:#900909;' ><span class='hr-inner-style'><\/span><\/span><\/div><br \/>\n<section class=\"av_textblock_section \"  id=\"scierie\"  itemscope=\"itemscope\" itemtype=\"https:\/\/schema.org\/CreativeWork\" ><div class='avia_textblock  '   itemprop=\"text\" ><h3>Gite \u00e0 l&rsquo;air de Storck<\/h3>\n<\/div><\/section><br \/>\n<div  class=\"togglecontainer   toggle_close_all  avia-builder-el-105  el_after_av_textblock  avia-builder-el-last \" >\n<section class=\"av_toggle_section\"  itemscope=\"itemscope\" itemtype=\"https:\/\/schema.org\/CreativeWork\"  >    <div role=\"tablist\" class=\"single_toggle\" data-tags=\"{Tout} \"  >        <p data-fake-id=\"#toggle-id-20\" class=\"toggler \"  itemprop=\"headline\"    role=\"tab\" tabindex=\"0\" aria-controls=\"toggle-id-20-container\">Dans un cadre verdoyant , paisible, chaleureux, nous avons \u00e0 c\u0153ur de vous recevoir. <span class=\"toggle_icon\" >        <span class=\"vert_icon\"><\/span><span class=\"hor_icon\"><\/span><\/span><\/p>        <div id=\"toggle-id-20-container\" class=\"toggle_wrap \"  >            <div class=\"toggle_content invers-color \"  itemprop=\"text\"   ><p>GITE A L&rsquo;AIR DE STORCK<\/p>\n<p><a href=\"https:\/\/storckensohn.fr\/wp-content\/uploads\/2025\/11\/Gite-exterieur-scaled.jpg\"><img loading=\"lazy\" class=\"alignnone size-large wp-image-4080\" src=\"https:\/\/storckensohn.fr\/wp-content\/uploads\/2025\/11\/Gite-exterieur-1030x684.jpg\" alt=\"\" width=\"1030\" height=\"684\" srcset=\"https:\/\/storckensohn.fr\/wp-content\/uploads\/2025\/11\/Gite-exterieur-1030x684.jpg 1030w, https:\/\/storckensohn.fr\/wp-content\/uploads\/2025\/11\/Gite-exterieur-300x199.jpg 300w, https:\/\/storckensohn.fr\/wp-content\/uploads\/2025\/11\/Gite-exterieur-768x510.jpg 768w, https:\/\/storckensohn.fr\/wp-content\/uploads\/2025\/11\/Gite-exterieur-1536x1020.jpg 1536w, https:\/\/storckensohn.fr\/wp-content\/uploads\/2025\/11\/Gite-exterieur-2048x1360.jpg 2048w, https:\/\/storckensohn.fr\/wp-content\/uploads\/2025\/11\/Gite-exterieur-1500x996.jpg 1500w, https:\/\/storckensohn.fr\/wp-content\/uploads\/2025\/11\/Gite-exterieur-705x468.jpg 705w\" sizes=\"(max-width: 1030px) 100vw, 1030px\" \/><\/a><\/p>\n<p><a href=\"https:\/\/storckensohn.fr\/wp-content\/uploads\/2025\/11\/Salon-2.jpg\"><img loading=\"lazy\" class=\"alignnone size-large wp-image-4240\" src=\"https:\/\/storckensohn.fr\/wp-content\/uploads\/2025\/11\/Salon-2-1030x679.jpg\" alt=\"\" width=\"1030\" height=\"679\" srcset=\"https:\/\/storckensohn.fr\/wp-content\/uploads\/2025\/11\/Salon-2-1030x679.jpg 1030w, https:\/\/storckensohn.fr\/wp-content\/uploads\/2025\/11\/Salon-2-300x198.jpg 300w, https:\/\/storckensohn.fr\/wp-content\/uploads\/2025\/11\/Salon-2-768x507.jpg 768w, https:\/\/storckensohn.fr\/wp-content\/uploads\/2025\/11\/Salon-2-1536x1013.jpg 1536w, https:\/\/storckensohn.fr\/wp-content\/uploads\/2025\/11\/Salon-2-1500x989.jpg 1500w, https:\/\/storckensohn.fr\/wp-content\/uploads\/2025\/11\/Salon-2-705x465.jpg 705w, https:\/\/storckensohn.fr\/wp-content\/uploads\/2025\/11\/Salon-2.jpg 1851w\" sizes=\"(max-width: 1030px) 100vw, 1030px\" \/><\/a><br \/>\n6\u00a0 rue du Calvaire<br \/>\n68470 Storckensohn<\/p>\n<p>Tel:+33 (0)7.75.78 34.91<br \/>\n<a class=\"mailto-link\" href=\"mailto:contact@alairdestorck.com\" target=\"_blank\" rel=\"noopener\">contact@alairdestorck.com<\/a><br \/>\n<a href=\"https:\/\/alairdestorck.com\">alairdestorck.com<\/a><\/p>\n            <\/div>        <\/div>    <\/div><\/section>\n<\/div><\/p><\/div><\/div><\/div><\/div><!-- close content main div --><\/div><\/div><div id='salle-polyvalente'  class='avia-section main_color avia-section-default avia-no-border-styling  avia-bg-style-scroll  avia-builder-el-106  el_after_av_section  el_before_av_section   container_wrap fullsize' style=' '  ><div class='container' ><div class='template-page content  av-content-full alpha units'><div class='post-entry post-entry-type-page post-entry-548'><div class='entry-content-wrapper clearfix'>\n<section class=\"av_textblock_section \"  id=\"bruyere\"  itemscope=\"itemscope\" itemtype=\"https:\/\/schema.org\/CreativeWork\" ><div class='avia_textblock  '   itemprop=\"text\" ><h2>Salle polyvalente<\/h2>\n<\/div><\/section>\n<div class=\"flex_column av_one_half  flex_column_div av-zero-column-padding first  avia-builder-el-108  el_after_av_textblock  el_before_av_one_half  column-top-margin\" style='border-radius:0px; '><div  class='avia-image-container  av-styling-    avia-builder-el-109  avia-builder-el-no-sibling  avia-align-center '  itemprop=\"image\" itemscope=\"itemscope\" itemtype=\"https:\/\/schema.org\/ImageObject\"  ><div class='avia-image-container-inner'><div class='avia-image-overlay-wrap'><img class='avia_image' src='https:\/\/storckensohn.fr\/wp-content\/uploads\/2021\/04\/Salle-Fete-1030x1030.jpg' alt='' title='' height=\"1030\" width=\"1030\"  itemprop=\"thumbnailUrl\"  \/><\/div><\/div><\/div><\/div><div class=\"flex_column av_one_half  flex_column_div av-zero-column-padding   avia-builder-el-110  el_after_av_one_half  avia-builder-el-last  column-top-margin\" style='border-radius:0px; '><section class=\"av_textblock_section \"  id=\"bruyere\"  itemscope=\"itemscope\" itemtype=\"https:\/\/schema.org\/CreativeWork\" ><div class='avia_textblock  '   itemprop=\"text\" ><p>La salle polyvalente du village propose de nombreux services ! F\u00eates, spectacles, conf\u00e9rences et rencontres associatives peuvent \u00eatre organis\u00e9es tout au long de l&rsquo;ann\u00e9e:<\/p>\n<div dir=\"ltr\" data-setdir=\"false\">\n<div>\n<h2 dir=\"ltr\" style=\"text-align: center;\" data-setdir=\"false\"><strong>TARIFS SALLE POLYVALENTE<\/strong><\/h2>\n<p class=\"ydp24b82108_04xlpA ydp24b82108direction-ltr ydp24b82108align-justify ydp24b82108para-style-body\"><strong><span class=\"ydp24b82108JsGRdQ\">&#8211;<\/span><span class=\"ydp24b82108JsGRdQ\">\u00a0<\/span><span class=\"ydp24b82108JsGRdQ\">Week-end:<\/span><span class=\"ydp24b82108JsGRdQ\">\u00a0<\/span><span class=\"ydp24b82108JsGRdQ\">170\u20ac<\/span><\/strong><span class=\"ydp24b82108JsGRdQ\"><strong>\u00a0<\/strong><\/span><\/p>\n<p class=\"ydp24b82108_04xlpA ydp24b82108direction-ltr ydp24b82108align-justify ydp24b82108para-style-body\"><span class=\"ydp24b82108JsGRdQ\"> (100\u20ac pour les storckensohnois)<\/span><\/p>\n<p class=\"ydp24b82108_04xlpA ydp24b82108direction-ltr ydp24b82108align-justify ydp24b82108para-style-body\"><span class=\"ydp24b82108JsGRdQ\">&gt; 150\u20ac<\/span><span class=\"ydp24b82108JsGRdQ\"> sans la vaisselle\u00a0<\/span><\/p>\n<p class=\"ydp24b82108_04xlpA ydp24b82108direction-ltr ydp24b82108align-justify ydp24b82108para-style-body\"><strong><span class=\"ydp24b82108JsGRdQ\">&#8211;\u00a0<\/span><span class=\"ydp24b82108JsGRdQ\">1 journ\u00e9e (semaine ou week-end):<\/span><span class=\"ydp24b82108JsGRdQ\"> 85\u20ac<\/span><span class=\"ydp24b82108JsGRdQ\">\u00a0<\/span><\/strong><\/p>\n<p class=\"ydp24b82108_04xlpA ydp24b82108direction-ltr ydp24b82108align-justify ydp24b82108para-style-body\"><span class=\"ydp24b82108JsGRdQ\">(50\u20ac pour les habitants)<\/span><\/p>\n<p><span class=\"ydp24b82108JsGRdQ\">&gt; 75\u20ac<\/span><span class=\"ydp24b82108JsGRdQ\"> sans la vaisselle\u00a0<\/span><\/p>\n<p class=\"ydp24b82108_04xlpA ydp24b82108direction-ltr ydp24b82108align-justify ydp24b82108para-style-body\"><span class=\"ydp24b82108JsGRdQ\">&#8211;\u00a0<\/span><span class=\"ydp24b82108JsGRdQ\">Petite salle au sous-sol:<\/span><span class=\"ydp24b82108JsGRdQ\">\u00a0<\/span><span class=\"ydp24b82108JsGRdQ\">50\u20ac<br \/>\n<\/span><span class=\"ydp24b82108JsGRdQ\">(gratuit pour les habitants)<\/span><\/p>\n<p class=\"ydp24b82108_04xlpA ydp24b82108direction-ltr ydp24b82108align-justify ydp24b82108para-style-body\"><span class=\"ydp24b82108JsGRdQ\">&#8211;\u00a0<\/span><span class=\"ydp24b82108JsGRdQ\">Forfait m\u00e9nage<\/span><span class=\"ydp24b82108JsGRdQ\">:\u00a0<\/span><span class=\"ydp24b82108JsGRdQ\">60\u20ac<\/span><\/p>\n<p><span class=\"ydp24b82108JsGRdQ\">&#8211; Charges non comprises<\/span><\/p>\n<\/div>\n<p>L&rsquo;association \u00ab\u00a0Culture et loisirs\u00a0\u00bb g\u00e8re la salle Polyvalente.<\/p>\n<\/div>\n<div dir=\"ltr\" data-setdir=\"false\">Contact: Martine Mura\u00a0<span class=\"ydp8b225657JsGRdQ\">T\u00e9l : 03 89 38 21 68<\/span><\/div>\n<div dir=\"ltr\" data-setdir=\"false\"><span class=\"ydp8b225657JsGRdQ\">Pr\u00e9sidente: Monique Dennecker<\/span><\/div>\n<\/div><\/section><\/div>\n<\/p>\n<\/div><\/div><\/div><!-- close content main div --><\/div><\/div><div id='cimetiere'  class='avia-section main_color avia-section-default avia-no-border-styling  avia-bg-style-scroll  avia-builder-el-112  el_after_av_section  el_before_av_one_fifth   container_wrap fullsize' style=' '  ><div class='container' ><div class='template-page content  av-content-full alpha units'><div class='post-entry post-entry-type-page post-entry-548'><div class='entry-content-wrapper clearfix'>\n<div class=\"flex_column av_one_half  flex_column_div av-zero-column-padding first  avia-builder-el-113  el_before_av_one_half  avia-builder-el-first  \" style='border-radius:0px; '><section class=\"av_textblock_section \"  id=\"bruyere\"  itemscope=\"itemscope\" itemtype=\"https:\/\/schema.org\/CreativeWork\" ><div class='avia_textblock  '   itemprop=\"text\" ><h2>Cimeti\u00e8re<\/h2>\n<\/div><\/section><br \/>\n<div  class='avia-image-container  av-styling-    avia-builder-el-115  el_after_av_textblock  el_before_av_textblock  avia-align-center '  itemprop=\"image\" itemscope=\"itemscope\" itemtype=\"https:\/\/schema.org\/ImageObject\"  ><div class='avia-image-container-inner'><div class='avia-image-overlay-wrap'><img class='avia_image' src='https:\/\/storckensohn.fr\/wp-content\/uploads\/2021\/05\/P2780048-1030x579.jpg' alt='' title='' height=\"579\" width=\"1030\"  itemprop=\"thumbnailUrl\"  \/><\/div><\/div><\/div><br \/>\n<section class=\"av_textblock_section \"  id=\"bruyere\"  itemscope=\"itemscope\" itemtype=\"https:\/\/schema.org\/CreativeWork\" ><div class='avia_textblock  '   itemprop=\"text\" ><p>Partag\u00e9 entre Storckensohn et Mollau.<br \/>\nLes concessions sont \u00e0 renouveler \u00e0 la mairie de Mollau.<\/p>\n<\/div><\/section><\/p><\/div><div class=\"flex_column av_one_half  flex_column_div av-zero-column-padding   avia-builder-el-117  el_after_av_one_half  avia-builder-el-last  \" style='border-radius:0px; '><section class=\"av_textblock_section \"  id=\"bruyere\"  itemscope=\"itemscope\" itemtype=\"https:\/\/schema.org\/CreativeWork\" ><div class='avia_textblock  '   itemprop=\"text\" ><h2>Paroisse<\/h2>\n<\/div><\/section><br \/>\n<div   data-size='no scaling'  data-lightbox_size='large'  data-animation='slide'  data-conditional_play=''  data-ids='2428,2431,2432,2434,2435'  data-video_counter='0'  data-autoplay='true'  data-bg_slider='false'  data-slide_height=''  data-handle='av_slideshow'  data-interval='5'  data-class=' avia-builder-el-119  el_after_av_textblock  el_before_av_textblock  '  data-el_id=''  data-css_id=''  data-scroll_down=''  data-control_layout='av-control-default'  data-custom_markup=''  data-perma_caption=''  data-autoplay_stopper=''  data-image_attachment=''  data-min_height='0px'  class='avia-slideshow avia-slideshow-4  av-control-default av-default-height-applied avia-slideshow-no scaling av_slideshow  avia-builder-el-119  el_after_av_textblock  el_before_av_textblock   avia-slide-slider '  itemprop=\"image\" itemscope=\"itemscope\" itemtype=\"https:\/\/schema.org\/ImageObject\" ><ul class='avia-slideshow-inner ' style='padding-bottom: 56.25%;' ><li  class=' slide-1 ' ><div data-rel='slideshow-4' class='avia-slide-wrap '   ><img src='https:\/\/storckensohn.fr\/wp-content\/uploads\/2021\/05\/P2780002-scaled.jpg' width='2560' height='1440' title='' alt=''  itemprop=\"thumbnailUrl\"   \/><\/div><\/li><li  class=' slide-2 ' ><div data-rel='slideshow-4' class='avia-slide-wrap '   ><img src='https:\/\/storckensohn.fr\/wp-content\/uploads\/2021\/05\/P2780004-scaled.jpg' width='2560' height='1440' title='' alt=''  itemprop=\"thumbnailUrl\"   \/><\/div><\/li><li  class=' slide-3 ' ><div data-rel='slideshow-4' class='avia-slide-wrap '   ><img src='https:\/\/storckensohn.fr\/wp-content\/uploads\/2021\/05\/P2780005-scaled.jpg' width='2560' height='1440' title='' alt=''  itemprop=\"thumbnailUrl\"   \/><\/div><\/li><li  class=' slide-4 ' ><div data-rel='slideshow-4' class='avia-slide-wrap '   ><img src='https:\/\/storckensohn.fr\/wp-content\/uploads\/2021\/05\/P2780042-scaled.jpg' width='2560' height='1440' title='' alt=''  itemprop=\"thumbnailUrl\"   \/><\/div><\/li><li  class=' slide-5 ' ><div data-rel='slideshow-4' class='avia-slide-wrap '   ><img src='https:\/\/storckensohn.fr\/wp-content\/uploads\/2021\/05\/P2780044-scaled.jpg' width='2560' height='1440' title='' alt=''  itemprop=\"thumbnailUrl\"   \/><\/div><\/li><\/ul><div class='avia-slideshow-arrows avia-slideshow-controls'><a href='#prev' class='prev-slide' aria-hidden='true' data-av_icon='\ue87c' data-av_iconfont='entypo-fontello'>Pr\u00e9c\u00e9dent<\/a><a href='#next' class='next-slide' aria-hidden='true' data-av_icon='\ue87d' data-av_iconfont='entypo-fontello'>Suivant<\/a><\/div><div class='avia-slideshow-dots avia-slideshow-controls'><a href='#1' class='goto-slide active' >1<\/a><a href='#2' class='goto-slide ' >2<\/a><a href='#3' class='goto-slide ' >3<\/a><a href='#4' class='goto-slide ' >4<\/a><a href='#5' class='goto-slide ' >5<\/a><\/div><\/div><br \/>\n<section class=\"av_textblock_section \"  id=\"bruyere\"  itemscope=\"itemscope\" itemtype=\"https:\/\/schema.org\/CreativeWork\" ><div class='avia_textblock  '   itemprop=\"text\" ><p style=\"text-align: left;\">Chapelle St. Joseph et calvaire.<\/p>\n<\/div><\/section><\/p><\/div>\n<\/div><\/div><\/div><!-- close content main div --><\/div><\/div><div id='after_section_8'  class='main_color av_default_container_wrap container_wrap fullsize' style=' '  ><div class='container' ><div class='template-page content  av-content-full alpha units'><div class='post-entry post-entry-type-page post-entry-548'><div class='entry-content-wrapper clearfix'>\n<div class=\"flex_column av_one_fifth  flex_column_div av-zero-column-padding first  avia-builder-el-121  el_after_av_section  avia-builder-el-no-sibling  \" style='border-radius:0px; '><\/div>\n","protected":false},"excerpt":{"rendered":"","protected":false},"author":1,"featured_media":0,"parent":0,"menu_order":0,"comment_status":"closed","ping_status":"closed","template":"","meta":[],"yoast_head":"<!-- This site is optimized with the Yoast SEO plugin v16.3 - https:\/\/yoast.com\/wordpress\/plugins\/seo\/ -->\n<title>Le Village - Storckensohn<\/title>\n<meta name=\"robots\" content=\"index, follow, max-snippet:-1, max-image-preview:large, max-video-preview:-1\" \/>\n<link rel=\"canonical\" href=\"https:\/\/storckensohn.fr\/index.php\/le-village\/\" \/>\n<meta property=\"og:locale\" content=\"fr_FR\" \/>\n<meta property=\"og:type\" content=\"article\" \/>\n<meta property=\"og:title\" content=\"Le Village - Storckensohn\" \/>\n<meta property=\"og:url\" content=\"https:\/\/storckensohn.fr\/index.php\/le-village\/\" \/>\n<meta property=\"og:site_name\" content=\"Storckensohn\" \/>\n<meta property=\"article:modified_time\" content=\"2025-11-27T09:23:33+00:00\" \/>\n<meta property=\"og:image\" content=\"https:\/\/storckensohn.fr\/wp-content\/uploads\/2021\/04\/P1660350-1030x579.jpg\" \/>\n<meta name=\"twitter:card\" content=\"summary_large_image\" \/>\n<meta name=\"twitter:label1\" content=\"Dur\u00e9e de lecture est.\">\n\t<meta name=\"twitter:data1\" content=\"51 minutes\">\n<script type=\"application\/ld+json\" class=\"yoast-schema-graph\">{\"@context\":\"https:\/\/schema.org\",\"@graph\":[{\"@type\":\"WebSite\",\"@id\":\"https:\/\/storckensohn.fr\/#website\",\"url\":\"https:\/\/storckensohn.fr\/\",\"name\":\"Storckensohn\",\"description\":\"\",\"potentialAction\":[{\"@type\":\"SearchAction\",\"target\":\"https:\/\/storckensohn.fr\/?s={search_term_string}\",\"query-input\":\"required name=search_term_string\"}],\"inLanguage\":\"fr-FR\"},{\"@type\":\"ImageObject\",\"@id\":\"https:\/\/storckensohn.fr\/index.php\/le-village\/#primaryimage\",\"inLanguage\":\"fr-FR\",\"url\":\"https:\/\/storckensohn.fr\/wp-content\/uploads\/2021\/04\/P1660350.jpg\",\"contentUrl\":\"https:\/\/storckensohn.fr\/wp-content\/uploads\/2021\/04\/P1660350.jpg\",\"width\":1920,\"height\":1080},{\"@type\":\"WebPage\",\"@id\":\"https:\/\/storckensohn.fr\/index.php\/le-village\/#webpage\",\"url\":\"https:\/\/storckensohn.fr\/index.php\/le-village\/\",\"name\":\"Le Village - Storckensohn\",\"isPartOf\":{\"@id\":\"https:\/\/storckensohn.fr\/#website\"},\"primaryImageOfPage\":{\"@id\":\"https:\/\/storckensohn.fr\/index.php\/le-village\/#primaryimage\"},\"datePublished\":\"2019-06-27T09:18:57+00:00\",\"dateModified\":\"2025-11-27T09:23:33+00:00\",\"breadcrumb\":{\"@id\":\"https:\/\/storckensohn.fr\/index.php\/le-village\/#breadcrumb\"},\"inLanguage\":\"fr-FR\",\"potentialAction\":[{\"@type\":\"ReadAction\",\"target\":[\"https:\/\/storckensohn.fr\/index.php\/le-village\/\"]}]},{\"@type\":\"BreadcrumbList\",\"@id\":\"https:\/\/storckensohn.fr\/index.php\/le-village\/#breadcrumb\",\"itemListElement\":[{\"@type\":\"ListItem\",\"position\":1,\"item\":{\"@type\":\"WebPage\",\"@id\":\"https:\/\/storckensohn.fr\/index.php\/accueil\/\",\"url\":\"https:\/\/storckensohn.fr\/index.php\/accueil\/\",\"name\":\"Accueil\"}},{\"@type\":\"ListItem\",\"position\":2,\"item\":{\"@id\":\"https:\/\/storckensohn.fr\/index.php\/le-village\/#webpage\"}}]}]}<\/script>\n<!-- \/ Yoast SEO plugin. -->","_links":{"self":[{"href":"https:\/\/storckensohn.fr\/index.php\/wp-json\/wp\/v2\/pages\/548"}],"collection":[{"href":"https:\/\/storckensohn.fr\/index.php\/wp-json\/wp\/v2\/pages"}],"about":[{"href":"https:\/\/storckensohn.fr\/index.php\/wp-json\/wp\/v2\/types\/page"}],"author":[{"embeddable":true,"href":"https:\/\/storckensohn.fr\/index.php\/wp-json\/wp\/v2\/users\/1"}],"replies":[{"embeddable":true,"href":"https:\/\/storckensohn.fr\/index.php\/wp-json\/wp\/v2\/comments?post=548"}],"version-history":[{"count":172,"href":"https:\/\/storckensohn.fr\/index.php\/wp-json\/wp\/v2\/pages\/548\/revisions"}],"predecessor-version":[{"id":4224,"href":"https:\/\/storckensohn.fr\/index.php\/wp-json\/wp\/v2\/pages\/548\/revisions\/4224"}],"wp:attachment":[{"href":"https:\/\/storckensohn.fr\/index.php\/wp-json\/wp\/v2\/media?parent=548"}],"curies":[{"name":"wp","href":"https:\/\/api.w.org\/{rel}","templated":true}]}}