{"id":550,"date":"2019-06-27T09:19:06","date_gmt":"2019-06-27T09:19:06","guid":{"rendered":"http:\/\/bourbach-le-bas.activemedia.fr\/?page_id=550"},"modified":"2026-03-31T15:39:01","modified_gmt":"2026-03-31T15:39:01","slug":"mairie","status":"publish","type":"page","link":"https:\/\/storckensohn.fr\/index.php\/mairie\/","title":{"rendered":"Mairie"},"content":{"rendered":"<div id='full_slider_1'  class='avia-fullwidth-slider main_color avia-shadow   avia-builder-el-0  el_before_av_one_fifth  avia-builder-el-first   container_wrap fullsize' style=' '  ><div   data-size='featured'  data-lightbox_size='large'  data-animation='slide'  data-conditional_play=''  data-ids='3643'  data-video_counter='0'  data-autoplay='false'  data-bg_slider='false'  data-slide_height=''  data-handle='av_slideshow_full'  data-interval='5'  data-class=' '  data-el_id=''  data-css_id=''  data-scroll_down=''  data-control_layout='av-control-default'  data-custom_markup=''  data-perma_caption=''  data-autoplay_stopper=''  data-image_attachment=''  data-min_height='0px'  data-src=''  data-position='top left'  data-repeat='no-repeat'  data-attach='scroll'  data-stretch=''  data-default-height='28.666666666667'  class='avia-slideshow avia-slideshow-1  av-control-default av-default-height-applied avia-slideshow-featured av_slideshow_full   avia-slide-slider '  itemprop=\"image\" itemscope=\"itemscope\" itemtype=\"https:\/\/schema.org\/ImageObject\" ><ul class='avia-slideshow-inner ' style='padding-bottom: 28.666666666667%;' ><li  class=' av-single-slide slide-1 ' ><div data-rel='slideshow-1' class='avia-slide-wrap '   ><img src='https:\/\/storckensohn.fr\/wp-content\/uploads\/2023\/08\/DJI_0150-1500x430.jpg' width='1500' height='430' title='DJI_0150' alt=''  itemprop=\"thumbnailUrl\"   \/><\/div><\/li><\/ul><\/div><\/div><div id='after_full_slider_1'  class='main_color av_default_container_wrap container_wrap fullsize' style=' '  ><div class='container' ><div class='template-page content  av-content-full alpha units'><div class='post-entry post-entry-type-page post-entry-550'><div class='entry-content-wrapper clearfix'>\n<div class=\"flex_column av_one_fifth  flex_column_div av-zero-column-padding first  avia-builder-el-1  el_after_av_slideshow_full  el_before_av_one_fifth  avia-builder-el-first  \" style='border-radius:0px; '><div  class='avia-image-container  av-styling-    avia-builder-el-2  avia-builder-el-no-sibling  avia-align-center '  itemprop=\"image\" itemscope=\"itemscope\" itemtype=\"https:\/\/schema.org\/ImageObject\"  ><div class='avia-image-container-inner'><div class='avia-image-overlay-wrap'><a href='https:\/\/www.cc-stamarin.fr\/' class='avia_image' target=\"_blank\" rel=\"noopener\"><img class='avia_image ' src='https:\/\/storckensohn.fr\/wp-content\/uploads\/2021\/04\/ccsa.jpg' alt='' title=''  itemprop=\"thumbnailUrl\"  \/><\/a><\/div><\/div><\/div><\/div>\n<div class=\"flex_column av_one_fifth  flex_column_div av-zero-column-padding   avia-builder-el-3  el_after_av_one_fifth  el_before_av_one_fifth  \" style='border-radius:0px; '><div  class='avia-image-container  av-styling-    avia-builder-el-4  avia-builder-el-no-sibling  avia-align-center '  itemprop=\"image\" itemscope=\"itemscope\" itemtype=\"https:\/\/schema.org\/ImageObject\"  ><div class='avia-image-container-inner'><div class='avia-image-overlay-wrap'><a href='https:\/\/www.pays-thur-doller.fr\/' class='avia_image' target=\"_blank\" rel=\"noopener\"><img class='avia_image ' src='https:\/\/storckensohn.fr\/wp-content\/uploads\/2021\/04\/hautevosgesrando.jpg' alt='' title=''  itemprop=\"thumbnailUrl\"  \/><\/a><\/div><\/div><\/div><\/div>\n<div class=\"flex_column av_one_fifth  flex_column_div av-zero-column-padding   avia-builder-el-5  el_after_av_one_fifth  el_before_av_one_fifth  \" style='border-radius:0px; '><div  class='avia-image-container  av-styling-    avia-builder-el-6  avia-builder-el-no-sibling  avia-align-center '  itemprop=\"image\" itemscope=\"itemscope\" itemtype=\"https:\/\/schema.org\/ImageObject\"  ><div class='avia-image-container-inner'><div class='avia-image-overlay-wrap'><a href='https:\/\/www.hautes-vosges-alsace.fr\/fr\/' class='avia_image' target=\"_blank\" rel=\"noopener\"><img class='avia_image ' src='https:\/\/storckensohn.fr\/wp-content\/uploads\/2021\/04\/tourrisme.jpg' alt='' title=''  itemprop=\"thumbnailUrl\"  \/><\/a><\/div><\/div><\/div><\/div>\n<div class=\"flex_column av_one_fifth  flex_column_div av-zero-column-padding   avia-builder-el-7  el_after_av_one_fifth  el_before_av_one_fifth  \" style='border-radius:0px; '><div  class='avia-image-container  av-styling-    avia-builder-el-8  avia-builder-el-no-sibling  avia-align-center '  itemprop=\"image\" itemscope=\"itemscope\" itemtype=\"https:\/\/schema.org\/ImageObject\"  ><div class='avia-image-container-inner'><div class='avia-image-overlay-wrap'><a href='https:\/\/www.service-public.fr\/' class='avia_image' target=\"_blank\" rel=\"noopener\"><img class='avia_image ' src='https:\/\/storckensohn.fr\/wp-content\/uploads\/2021\/04\/demarches.jpg' alt='' title=''  itemprop=\"thumbnailUrl\"  \/><\/a><\/div><\/div><\/div><\/div>\n<div class=\"flex_column av_one_fifth  flex_column_div av-zero-column-padding   avia-builder-el-9  el_after_av_one_fifth  el_before_av_section  avia-builder-el-last  \" style='border-radius:0px; '><div  class='avia-image-container  av-styling-    avia-builder-el-10  avia-builder-el-no-sibling  avia-align-center '  itemprop=\"image\" itemscope=\"itemscope\" itemtype=\"https:\/\/schema.org\/ImageObject\"  ><div class='avia-image-container-inner'><div class='avia-image-overlay-wrap'><a href='https:\/\/www.service-public.fr\/' class='avia_image' target=\"_blank\" rel=\"noopener\"><img class='avia_image ' src='https:\/\/storckensohn.fr\/wp-content\/uploads\/2022\/07\/logo-commune-nature1.jpg' alt='' title='logo-commune-nature1'  itemprop=\"thumbnailUrl\"  \/><\/a><\/div><\/div><\/div><\/div>\n<\/div><\/div><\/div><!-- close content main div --><\/div><\/div><div id='av_section_1'  class='avia-section main_color avia-section-default avia-no-border-styling  avia-bg-style-scroll  avia-builder-el-11  el_after_av_one_fifth  el_before_av_section   container_wrap fullsize' style='background-color: #eaeaea;  '  ><div class='container' ><div class='template-page content  av-content-full alpha units'><div class='post-entry post-entry-type-page post-entry-550'><div class='entry-content-wrapper clearfix'>\n<section class=\"av_textblock_section \"  itemscope=\"itemscope\" itemtype=\"https:\/\/schema.org\/CreativeWork\" ><div class='avia_textblock  '   itemprop=\"text\" ><h2>Mairie pratique<\/h2>\n<\/div><\/section>\n<div class=\"flex_column av_one_third  flex_column_div av-zero-column-padding first  avia-builder-el-13  el_after_av_textblock  el_before_av_one_third  column-top-margin\" style='border-radius:0px; '><section class=\"av_textblock_section \"  itemscope=\"itemscope\" itemtype=\"https:\/\/schema.org\/CreativeWork\" ><div class='avia_textblock  '   itemprop=\"text\" ><h3>Le r\u00e9seau APA toujours pr\u00e9sent \u00e0 vos c\u00f4t\u00e9s !<\/h3>\n<p>Pour tout renseignement concernant la mise en place des prestations propos\u00e9es, nous vous remercions de bien vouloir nous contacter au :<br \/>\n03.89.32.78.78 ou par mail \u00e0 l&rsquo;adresse suivante:<br \/>\n<a href=\"mailto:fatel@apa.asso.fr\">fatel@apa.asso.fr<\/a><\/p>\n<\/div><\/section><br \/>\n<section class=\"av_textblock_section \"  itemscope=\"itemscope\" itemtype=\"https:\/\/schema.org\/CreativeWork\" ><div class='avia_textblock  '   itemprop=\"text\" ><h3>Calamit\u00e9 agricole<\/h3>\n<p>Voir ici les <a href=\"https:\/\/storckensohn.fr\/wp-content\/uploads\/2023\/05\/68.RI_.pdf\" target=\"_blank\" rel=\"noopener\">derniers \u00e9tats<\/a> d\u00e9clar\u00e9s par l&rsquo;\u00e9tat<\/p>\n<\/div><\/section><br \/>\n<section class=\"av_textblock_section \"  itemscope=\"itemscope\" itemtype=\"https:\/\/schema.org\/CreativeWork\" ><div class='avia_textblock  '   itemprop=\"text\" ><h3>Divagation des chiens<\/h3>\n<p><strong>Du 15 avril au 30 juin<\/strong>, les propri\u00e9taires de chien devront veiller \u00e0 garder leur animal en laisse en dehors des all\u00e9es foresti\u00e8res, sous peine d\u2019une amende de 750 euros. La mesure vise \u00e0 pr\u00e9server la faune pendant la p\u00e9riode de reproduction.<\/p>\n<\/div><\/section><br \/>\n<section class=\"av_textblock_section \"  itemscope=\"itemscope\" itemtype=\"https:\/\/schema.org\/CreativeWork\" ><div class='avia_textblock  '   itemprop=\"text\" ><h3>Arr\u00eat\u00e9 pr\u00e9fectoral<\/h3>\n<p>Nous souhaitons vous informer des mesures prises dans tout le Haut-Rhin pour la pr\u00e9servation de notre environnement et la s\u00e9curit\u00e9 de tous. Nous vous rappelons qu&rsquo;il est important de prendre soin des for\u00eats. Conform\u00e9ment \u00e0 l&rsquo;arr\u00eat\u00e9 pr\u00e9fectoral du 28 d\u00e9cembre 2023, pendant la p\u00e9riode allant du 15 mars au 30 septembre 2024, il est interdit d&rsquo;allumer du feu, ou m\u00eame de fumer \u00e0 moins de 200 m\u00e8tres de nos bois. De plus, l&rsquo;utilisation des barbecues am\u00e9nag\u00e9s dans les abris de randonn\u00e9e dans la nature, tel au Gazon Vert et chalet du Forst, est \u00e9galement suspendue. Cependant, des d\u00e9rogations sp\u00e9ciales sont envisag\u00e9es pour des occasions festives telles que la traditionnelle f\u00eate des buchers dans notre vall\u00e9e et la c\u00e9l\u00e9bration du 14 juillet, tant que les conditions m\u00e9t\u00e9orologiques le permettent. Ensemble, en respectant ces mesures, nous contribuons \u00e0 pr\u00e9server notre patrimoine naturel et \u00e0 assurer la s\u00e9curit\u00e9 de tous.<\/p>\n<\/div><\/section><\/p><\/div><div class=\"flex_column av_one_third  flex_column_div av-zero-column-padding   avia-builder-el-18  el_after_av_one_third  el_before_av_one_third  column-top-margin\" style='border-radius:0px; '><section class=\"av_textblock_section \"  itemscope=\"itemscope\" itemtype=\"https:\/\/schema.org\/CreativeWork\" ><div class='avia_textblock  '   itemprop=\"text\" ><h3>France Services<\/h3>\n<p>Si vous souhaitez faire appel \u00e0 un agent France Services pour vous aider \u00e0 r\u00e9gler vos probl\u00e8mes administratifs merci de<br \/>\n<a href=\"https:\/\/www.rdv360.com\/ville-de-saint-amarin\" target=\"_blank\" rel=\"noopener\">prendre rendez-vous en ligne\u00a0<\/a><\/p>\n<section class=\"av_textblock_section \">\n<div class=\"avia_textblock \">\n<p>ou de t\u00e9l\u00e9phoner \u00e0 la mairie au<br \/>\n03.89.82.62.05 afin que l&rsquo;on vous propose un rendez-vous.<\/p>\n<\/div>\n<\/section>\n<section class=\"av_textblock_section \">\n<div class=\"avia_textblock \">\n<p>Mairie : 55 rue Charles de Gaulle<br \/>\n68550 SAINT-AMARIN<\/p>\n<p>Mail :\u00a0<a href=\"mailto:france.services@ville-saint-amarin.fr\">france.services@ville-saint-amarin.fr<\/a><\/p>\n<p>Du lundi au jeudi de 9h00 \u00e0 12h00<br \/>\net de 15h00 \u00e0 17h15,<br \/>\nvendredi de 9h00 \u00e0 12h00<br \/>\n<strong>uniquement sur rendez-vous.<\/strong><\/p>\n<p><a href=\"https:\/\/storckensohn.fr\/wp-content\/uploads\/2021\/05\/Plaquette-de-presentation-France-Services.pdf\" target=\"_blank\" rel=\"noopener\">Plaquette de pr\u00e9sentation France Services<\/a><\/p>\n<\/div>\n<\/section>\n<\/div><\/section><\/div><div class=\"flex_column av_one_third  flex_column_div av-zero-column-padding   avia-builder-el-20  el_after_av_one_third  el_before_av_textblock  column-top-margin\" style='border-radius:0px; '><section class=\"av_textblock_section \"  itemscope=\"itemscope\" itemtype=\"https:\/\/schema.org\/CreativeWork\" ><div class='avia_textblock  '   itemprop=\"text\" ><h3>Services publics<\/h3>\n<\/div><\/section><br \/>\n<section class=\"av_textblock_section \"  itemscope=\"itemscope\" itemtype=\"https:\/\/schema.org\/CreativeWork\" ><div class='avia_textblock  '   itemprop=\"text\" ><p>Retrouvez l&rsquo;ensemble des formulaires officiels en suivant ce lien vers<br \/>\n<a href=\"https:\/\/www.service-public.fr\/\" target=\"_blank\" rel=\"noopener\">les services publics de l&rsquo;\u00c9tat<\/a>.<\/p>\n<\/div><\/section><br \/>\n<section class=\"av_textblock_section \"  itemscope=\"itemscope\" itemtype=\"https:\/\/schema.org\/CreativeWork\" ><div class='avia_textblock  '   itemprop=\"text\" ><h3>Chasse<\/h3>\n<\/div><\/section><br \/>\n<section class=\"av_textblock_section \"  itemscope=\"itemscope\" itemtype=\"https:\/\/schema.org\/CreativeWork\" ><div class='avia_textblock  '   itemprop=\"text\" ><p class=\"ydp30c3864fmsolistparagraph\">Suite \u00e0 l&rsquo;adjudication de la chasse qui s&rsquo;est d\u00e9roul\u00e9e le jeudi 14 mars 2024 dans notre salle polyvalente, nous sommes ravis de vous informer que le nouveau propri\u00e9taire du lot de chasse de Storckensohn pour les neuf prochaines ann\u00e9es est Monsieur Guthauser Anton, venant de Suisse.<\/p>\n<p>Nous lui adressons chaleureusement nos f\u00e9licitations et lui souhaitons la bienvenue ainsi qu&rsquo;une excellente saison de chasse dans notre r\u00e9gion.<\/p>\n<p class=\"ydp30c3864fmsolistparagraph\"><span style=\"font-size: 10.5pt; font-family: 'Source Sans Pro',sans-serif; color: #333333; background: white;\"><a href=\"https:\/\/storckensohn.fr\/wp-content\/uploads\/2024\/04\/Chasse-14-03-2024.jpg\"><img loading=\"lazy\" class=\"alignnone size-large wp-image-3846\" src=\"https:\/\/storckensohn.fr\/wp-content\/uploads\/2024\/04\/Chasse-14-03-2024-1030x773.jpg\" alt=\"\" width=\"1030\" height=\"773\" srcset=\"https:\/\/storckensohn.fr\/wp-content\/uploads\/2024\/04\/Chasse-14-03-2024-1030x773.jpg 1030w, https:\/\/storckensohn.fr\/wp-content\/uploads\/2024\/04\/Chasse-14-03-2024-300x225.jpg 300w, https:\/\/storckensohn.fr\/wp-content\/uploads\/2024\/04\/Chasse-14-03-2024-768x576.jpg 768w, https:\/\/storckensohn.fr\/wp-content\/uploads\/2024\/04\/Chasse-14-03-2024-1536x1152.jpg 1536w, https:\/\/storckensohn.fr\/wp-content\/uploads\/2024\/04\/Chasse-14-03-2024-1500x1125.jpg 1500w, https:\/\/storckensohn.fr\/wp-content\/uploads\/2024\/04\/Chasse-14-03-2024-705x529.jpg 705w, https:\/\/storckensohn.fr\/wp-content\/uploads\/2024\/04\/Chasse-14-03-2024.jpg 2048w\" sizes=\"(max-width: 1030px) 100vw, 1030px\" \/><\/a><\/span><\/p>\n<\/div><\/section><\/p><\/div><section class=\"av_textblock_section \"  itemscope=\"itemscope\" itemtype=\"https:\/\/schema.org\/CreativeWork\" ><div class='avia_textblock  '   itemprop=\"text\" ><h2>Publications<\/h2>\n<p><span style=\"font-size: 12.0pt; font-family: 'Arial',sans-serif; color: #26282a;\">Vous trouverez ci-joint les <a href=\"https:\/\/storckensohn.fr\/wp-content\/uploads\/2023\/01\/06800163993.pdf\" target=\"_blank\" rel=\"noopener\">bulletins des r\u00e9sultats d\u2019analyses d\u2019eau<\/a> destin\u00e9e \u00e0 la consommation humaine, r\u00e9alis\u00e9es par le laboratoire agr\u00e9\u00e9, valid\u00e9s par l\u2019Agence R\u00e9gionale de Sant\u00e9 Grand-Est, d\u00e9l\u00e9gation d\u00e9partementale du Haut-Rhin.<\/span><\/p>\n<\/div><\/section>\n<div class=\"flex_column av_one_fourth  flex_column_div av-zero-column-padding first  avia-builder-el-26  el_after_av_textblock  el_before_av_one_fourth  column-top-margin\" style='border-radius:0px; '><section class=\"av_textblock_section \"  itemscope=\"itemscope\" itemtype=\"https:\/\/schema.org\/CreativeWork\" ><div class='avia_textblock  '   itemprop=\"text\" ><h3>Arr\u00eat\u00e9s municipaux<\/h3>\n<\/div><\/section><br \/>\n<section class=\"av_textblock_section \"  itemscope=\"itemscope\" itemtype=\"https:\/\/schema.org\/CreativeWork\" ><div class='avia_textblock  '   itemprop=\"text\" ><ul>\n<li><a href=\"https:\/\/storckensohn.fr\/wp-content\/uploads\/2024\/12\/AR-Nouvel-arrete-16-RDL-Mairie_20241014163802.pdf\" target=\"_blank\" rel=\"noopener\">AR-Nouvel-arrete-16-RDL-Mairie<\/a><\/li>\n<li><a href=\"https:\/\/storckensohn.fr\/wp-content\/uploads\/2024\/12\/AR-AR-travaux-gene-voie-publique-14-rue-de-la-mairie_20241008082238.pdf\" target=\"_blank\" rel=\"noopener\">AR-travaux-gene-voie-publique-14-rue-de-la-mairie<\/a><\/li>\n<li><a href=\"https:\/\/storckensohn.fr\/wp-content\/uploads\/2024\/04\/AR-AR-21-rue-de-Mollau-Travaux-reseau-eau-potable-04032024120843-1.pdf\" target=\"_blank\" rel=\"noopener\">21 rue de Mollau &#8211; Travaux reseau eau potable-04032024120843 (1)<\/a><\/li>\n<li><a href=\"https:\/\/storckensohn.fr\/wp-content\/uploads\/2024\/04\/AR-AR-21-rue-de-Mollau-Travaux-reseau-eau-potable-04032024120843-1-1.pdf\" target=\"_blank\" rel=\"noopener\">21 rue de Mollau &#8211; Travaux reseau eau potable-04032024120843 (1) (1)<\/a><\/li>\n<li><a href=\"https:\/\/storckensohn.fr\/wp-content\/uploads\/2024\/04\/AR-AR-2-Rue-Calvaire-29022024084419-1.pdf\" target=\"_blank\" rel=\"noopener\">2 Rue Calvaire-29022024084419 (1)<\/a><\/li>\n<li><a href=\"https:\/\/storckensohn.fr\/wp-content\/uploads\/2024\/04\/AR-0-PJ-AR-5-2024-Mise-en-place-dun-echafaudage-19032024120559.pdf\" target=\"_blank\" rel=\"noopener\">Mise en place d\u2019un echafaudage-19032024120559<\/a><\/li>\n<li><a href=\"https:\/\/storckensohn.fr\/wp-content\/uploads\/2023\/12\/Arrete-de-non-opposition-DP-F0010-13112023083121.pdf\" target=\"_blank\" rel=\"noopener\">Arrete de non-opposition DP F0010-13112023083121<\/a><\/li>\n<li><a href=\"https:\/\/storckensohn.fr\/wp-content\/uploads\/2023\/12\/AR-Rue-du-Forst-Circulation-sur-1-voie-pendant-les-travaux-17-mai-2023-16102023111359.pdf\" target=\"_blank\" rel=\"noopener\">AR Rue du Forst &#8211; Circulation sur 1 voie pendant les travaux &#8211; 17 mai 2023-16102023111359<\/a><\/li>\n<li><a href=\"https:\/\/storckensohn.fr\/wp-content\/uploads\/2023\/12\/AR-n\u00b0-1-15.02.2023-PETERLEWALD-07092023102256.pdf\" target=\"_blank\" rel=\"noopener\">AR n\u00b0 1 &#8211; 15.02.2023 PETERLEWALD-07092023102256<\/a><\/li>\n<li><a href=\"https:\/\/storckensohn.fr\/wp-content\/uploads\/2023\/12\/AR-2-rue-du-Calvaire-Pose-dune-benne-16102023165821.pdf\" target=\"_blank\" rel=\"noopener\">AR 2 rue du Calvaire &#8211; Pose d&rsquo;une benne-16102023165821<\/a><\/li>\n<li><a href=\"https:\/\/storckensohn.fr\/wp-content\/uploads\/2023\/02\/AR-Chemin-Gazon-Vert.pdf\" target=\"_blank\" rel=\"noopener\">Arr\u00eat\u00e9 municipal du 15\/02\/2023 concernant le chemin du Gazon Vert<\/a><\/li>\n<li><a href=\"https:\/\/storckensohn.fr\/wp-content\/uploads\/2022\/11\/AR-Echafaudage.pdf\" target=\"_blank\" rel=\"noopener\">Arr\u00eat\u00e9 municipal du 31\/10\/2022 concernant la pose d&rsquo;un \u00e9chafaudage au 8 rue du Calvaire<\/a><\/li>\n<li><a href=\"https:\/\/storckensohn.fr\/wp-content\/uploads\/2022\/09\/AR-Arrete-echafaudage-THUILLIER.pdf\" target=\"_blank\" rel=\"noopener\">Arr\u00eat\u00e9 municipal du 28\/09\/2022 concernant la pose d&rsquo;un \u00e9chafaudage au 6 rue du Calvaire<\/a><\/li>\n<li><a href=\"https:\/\/storckensohn.fr\/wp-content\/uploads\/2022\/08\/AR-3-2022-Travaux-facade-mairie-001.pdf\" target=\"_blank\" rel=\"noopener\">Arr\u00eat\u00e9 municipal du 29\/07\/2022 concernant la pose d&rsquo;un \u00e9chafaudage pour la r\u00e9novation de la Mairie<\/a><\/li>\n<li><a href=\"https:\/\/storckensohn.fr\/wp-content\/uploads\/2022\/07\/AR2-Echafaudage-DAUVERGNE.pdf\" target=\"_blank\" rel=\"noopener\">Arr\u00eat\u00e9 municipal du 9\/6\/2022 concernant la pose d&rsquo;un \u00e9chafaudage<\/a><\/li>\n<li><a href=\"https:\/\/storckensohn.fr\/wp-content\/uploads\/2022\/07\/AR-Capture-chats.pdf\" target=\"_blank\" rel=\"noopener\">Arr\u00eat\u00e9 municipal du\u00a0 23\/5\/2022 concernant les chats errants<\/a><\/li>\n<li><a href=\"https:\/\/storckensohn.fr\/wp-content\/uploads\/2022\/07\/AR-Travaux-6-Rue-du-Calvaire.pdf\" target=\"_blank\" rel=\"noopener\">Arr\u00eat\u00e9 municipal du 22\/3\/2022 concernant travaux rue du calvaire<\/a><\/li>\n<li><a href=\"https:\/\/storckensohn.fr\/wp-content\/uploads\/2022\/07\/AR1-Echafaudage-DAUVERGNE.pdf\" target=\"_blank\" rel=\"noopener\">Arr\u00eat\u00e9 municipal du 2\/3\/22 concernant la pose d&rsquo;un \u00e9chafaudage<\/a><\/li>\n<\/ul>\n<\/div><\/section><\/p><\/div><div class=\"flex_column av_one_fourth  flex_column_div av-zero-column-padding   avia-builder-el-29  el_after_av_one_fourth  el_before_av_one_fourth  column-top-margin\" style='border-radius:0px; '><section class=\"av_textblock_section \"  itemscope=\"itemscope\" itemtype=\"https:\/\/schema.org\/CreativeWork\" ><div class='avia_textblock  '   itemprop=\"text\" ><h3>Comptes-rendus<\/h3>\n<\/div><\/section><br \/>\n<div  class=\"togglecontainer   toggle_close_all  avia-builder-el-31  el_after_av_textblock  avia-builder-el-last \" >\n<section class=\"av_toggle_section\"  itemscope=\"itemscope\" itemtype=\"https:\/\/schema.org\/CreativeWork\"  >    <div role=\"tablist\" class=\"single_toggle\" data-tags=\"{Tout} \"  >        <p data-fake-id=\"#toggle-id-1\" class=\"toggler \"  itemprop=\"headline\"    role=\"tab\" tabindex=\"0\" aria-controls=\"toggle-id-1-container\">2026<span class=\"toggle_icon\" >        <span class=\"vert_icon\"><\/span><span class=\"hor_icon\"><\/span><\/span><\/p>        <div id=\"toggle-id-1-container\" class=\"toggle_wrap \"  >            <div class=\"toggle_content invers-color \"  itemprop=\"text\"   ><p><a href=\"https:\/\/storckensohn.fr\/wp-content\/uploads\/2026\/01\/PV-CM-2026-01-12.pdf\">PV CM 2026-01-12<\/a><\/p>\n            <\/div>        <\/div>    <\/div><\/section>\n<section class=\"av_toggle_section\"  itemscope=\"itemscope\" itemtype=\"https:\/\/schema.org\/CreativeWork\"  >    <div role=\"tablist\" class=\"single_toggle\" data-tags=\"{Tout} \"  >        <p data-fake-id=\"#toggle-id-2\" class=\"toggler \"  itemprop=\"headline\"    role=\"tab\" tabindex=\"0\" aria-controls=\"toggle-id-2-container\">2025<span class=\"toggle_icon\" >        <span class=\"vert_icon\"><\/span><span class=\"hor_icon\"><\/span><\/span><\/p>        <div id=\"toggle-id-2-container\" class=\"toggle_wrap \"  >            <div class=\"toggle_content invers-color \"  itemprop=\"text\"   ><p><a href=\"https:\/\/storckensohn.fr\/wp-content\/uploads\/2026\/01\/PV-CM-2025-12-01.pdf\">PV CM 2025-12-01<\/a><\/p>\n<p><a href=\"https:\/\/storckensohn.fr\/wp-content\/uploads\/2025\/11\/CR-06-01-2025.pdf\">CR 06-01-2025<\/a><\/p>\n<p><a href=\"https:\/\/storckensohn.fr\/wp-content\/uploads\/2025\/11\/CR-03-02-2025.pdf\">CR 03-02-2025<\/a><\/p>\n<p><a href=\"https:\/\/storckensohn.fr\/wp-content\/uploads\/2025\/11\/CR-05-03-2025.pdf\">CR 05-03-2025<\/a><\/p>\n<p><a href=\"https:\/\/storckensohn.fr\/wp-content\/uploads\/2025\/11\/CR-31-03-2025.pdf\">CR 31-03-2025<\/a><\/p>\n<p><a href=\"https:\/\/storckensohn.fr\/wp-content\/uploads\/2025\/11\/CR-05-05-2025.pdf\">CR 05-05-2025<\/a><\/p>\n<p><a href=\"https:\/\/storckensohn.fr\/wp-content\/uploads\/2025\/11\/CR-02-06-2025.pdf\">CR 02-06-2025<\/a><\/p>\n<p><a href=\"https:\/\/storckensohn.fr\/wp-content\/uploads\/2025\/11\/CR-30-06-2025.pdf\">CR 30-06-2025<\/a><\/p>\n<p><a href=\"https:\/\/storckensohn.fr\/wp-content\/uploads\/2025\/11\/CR-08-09-2025.pdf\">CR 08-09-2025<\/a><\/p>\n<p><a href=\"https:\/\/storckensohn.fr\/wp-content\/uploads\/2025\/11\/CR-06-10-2025.pdf\">CR 06-10-2025<\/a><\/p>\n<p><a href=\"https:\/\/storckensohn.fr\/wp-content\/uploads\/2025\/11\/CR-03-11-2025.pdf\">CR 03-11-2025<\/a><\/p>\n            <\/div>        <\/div>    <\/div><\/section>\n<section class=\"av_toggle_section\"  itemscope=\"itemscope\" itemtype=\"https:\/\/schema.org\/CreativeWork\"  >    <div role=\"tablist\" class=\"single_toggle\" data-tags=\"{Tout} \"  >        <p data-fake-id=\"#toggle-id-3\" class=\"toggler \"  itemprop=\"headline\"    role=\"tab\" tabindex=\"0\" aria-controls=\"toggle-id-3-container\">2024<span class=\"toggle_icon\" >        <span class=\"vert_icon\"><\/span><span class=\"hor_icon\"><\/span><\/span><\/p>        <div id=\"toggle-id-3-container\" class=\"toggle_wrap \"  >            <div class=\"toggle_content invers-color \"  itemprop=\"text\"   ><p><a href=\"https:\/\/storckensohn.fr\/wp-content\/uploads\/2024\/12\/PV-CM-2024-12-02-Definitif.pdf\" target=\"_blank\" rel=\"noopener\">PV-CM-2024-12-02<\/a><\/p>\n<p><a href=\"https:\/\/storckensohn.fr\/wp-content\/uploads\/2024\/12\/PV-CM-2024-11-04-DEFINITIF.pdf\" target=\"_blank\" rel=\"noopener\">PV-CM-2024-11-04<\/a><\/p>\n<p><a href=\"https:\/\/storckensohn.fr\/wp-content\/uploads\/2024\/12\/PV-CM-2024-10-14-PDF.pdf\" target=\"_blank\" rel=\"noopener\">PV-CM-2024-10-14<\/a><\/p>\n<p><a href=\"https:\/\/storckensohn.fr\/wp-content\/uploads\/2024\/12\/PV-CM-2024-09-09-PDF.pdf\" target=\"_blank\" rel=\"noopener\">PV-CM-2024-09-09<\/a><\/p>\n<p><a href=\"https:\/\/storckensohn.fr\/wp-content\/uploads\/2024\/12\/PV-CM-2024-08.04-DEFINITIF.pdf\" target=\"_blank\" rel=\"noopener\">PV-CM-2024-08.04<\/a><\/p>\n<p><a href=\"https:\/\/storckensohn.fr\/wp-content\/uploads\/2024\/12\/PV-CM-2024-07-29-definitif.pdf\" target=\"_blank\" rel=\"noopener\">PV-CM-2024-07-29<\/a><\/p>\n<p><a href=\"https:\/\/storckensohn.fr\/wp-content\/uploads\/2024\/12\/PV-CM-2024-07-01.pdf\" target=\"_blank\" rel=\"noopener\">PV-CM-2024-07-01<\/a><\/p>\n<p><a href=\"https:\/\/storckensohn.fr\/wp-content\/uploads\/2024\/12\/PV-CM-2024-06-03-1.pdf\" target=\"_blank\" rel=\"noopener\">PV-CM-2024-06-03<\/a><\/p>\n<p><a href=\"https:\/\/storckensohn.fr\/wp-content\/uploads\/2024\/12\/PV-CM-2024-05-06-definitif.pdf\" target=\"_blank\" rel=\"noopener\">PV-CM-2024-05-06<\/a><\/p>\n<p><a href=\"https:\/\/storckensohn.fr\/wp-content\/uploads\/2024\/04\/PV-CM-04.03.2024.pdf\" target=\"_blank\" rel=\"noopener\">PV CM 04.03.2024<\/a><\/p>\n<p><a href=\"https:\/\/storckensohn.fr\/wp-content\/uploads\/2024\/04\/PV-CM-05.02.2024.pdf\" target=\"_blank\" rel=\"noopener\">PV CM 05.02.2024<\/a><\/p>\n<p><a href=\"https:\/\/storckensohn.fr\/wp-content\/uploads\/2024\/04\/PV-CM-08.01.2024.pdf\" target=\"_blank\" rel=\"noopener\">PV CM 08.01.2024<\/a><\/p>\n            <\/div>        <\/div>    <\/div><\/section>\n<section class=\"av_toggle_section\"  itemscope=\"itemscope\" itemtype=\"https:\/\/schema.org\/CreativeWork\"  >    <div role=\"tablist\" class=\"single_toggle\" data-tags=\"{Tout} \"  >        <p data-fake-id=\"#toggle-id-4\" class=\"toggler \"  itemprop=\"headline\"    role=\"tab\" tabindex=\"0\" aria-controls=\"toggle-id-4-container\">2023<span class=\"toggle_icon\" >        <span class=\"vert_icon\"><\/span><span class=\"hor_icon\"><\/span><\/span><\/p>        <div id=\"toggle-id-4-container\" class=\"toggle_wrap \"  >            <div class=\"toggle_content invers-color \"  itemprop=\"text\"   ><p><a href=\"https:\/\/storckensohn.fr\/wp-content\/uploads\/2023\/12\/PV-CM-27-novembre-2023.pdf\" target=\"_blank\" rel=\"noopener\">PV CM 2023-11-27<\/a><\/p>\n<p><a href=\"https:\/\/storckensohn.fr\/wp-content\/uploads\/2023\/12\/PV-CM-2023-10-30-definitif.pdf\" target=\"_blank\" rel=\"noopener\">PV CM 2023-10-30 d\u00e9finitif<\/a><\/p>\n<p><a href=\"https:\/\/storckensohn.fr\/wp-content\/uploads\/2023\/12\/PV-CM-2023-10-02-def.pdf\" target=\"_blank\" rel=\"noopener\">PV CM 2023-10-02 d\u00e9f<\/a><\/p>\n<p><a href=\"https:\/\/storckensohn.fr\/wp-content\/uploads\/2023\/12\/PV-CM-2023-09-04-Def.pdf\" target=\"_blank\" rel=\"noopener\">PV CM 2023-09-04 D\u00e9f\u00b5<\/a><\/p>\n<p><a href=\"https:\/\/storckensohn.fr\/wp-content\/uploads\/2023\/08\/PV-CM-2023-06-19.pdf\" target=\"_blank\" rel=\"noopener\">PVCM 19 juin 2023<\/a><\/p>\n<p><a href=\"https:\/\/storckensohn.fr\/wp-content\/uploads\/2023\/08\/PV-CM-2023-04-24.pdf\" target=\"_blank\" rel=\"noopener\">PVCM 24 avril 2023<\/a><\/p>\n<p><a href=\"https:\/\/storckensohn.fr\/wp-content\/uploads\/2023\/05\/PV-CM-2023-03-04-DEFINITIF2.pdf\" target=\"_blank\" rel=\"noopener\">PVCM 03 avril 2023<\/a><\/p>\n<p><a href=\"https:\/\/storckensohn.fr\/wp-content\/uploads\/2023\/03\/PV-CM-2023-03-06-DEFINITIF.docx.pdf\" target=\"_blank\" rel=\"noopener\">PVCM 06 mars 2023<\/a><\/p>\n<p><a href=\"https:\/\/storckensohn.fr\/wp-content\/uploads\/2023\/02\/PV-CM-2023-02-06-definitif.pdf\" target=\"_blank\" rel=\"noopener\">PVCM 06 f\u00e9vrier 2023<\/a><\/p>\n<p><a href=\"https:\/\/storckensohn.fr\/wp-content\/uploads\/2023\/01\/PV-CM-2023-01-09-definitif.pdf\" target=\"_blank\" rel=\"noopener\">PVCM 09 janvier 2023<\/a><\/p>\n            <\/div>        <\/div>    <\/div><\/section>\n<section class=\"av_toggle_section\"  itemscope=\"itemscope\" itemtype=\"https:\/\/schema.org\/CreativeWork\"  >    <div role=\"tablist\" class=\"single_toggle\" data-tags=\"{Tout} \"  >        <p data-fake-id=\"#toggle-id-5\" class=\"toggler \"  itemprop=\"headline\"    role=\"tab\" tabindex=\"0\" aria-controls=\"toggle-id-5-container\">2022<span class=\"toggle_icon\" >        <span class=\"vert_icon\"><\/span><span class=\"hor_icon\"><\/span><\/span><\/p>        <div id=\"toggle-id-5-container\" class=\"toggle_wrap \"  >            <div class=\"toggle_content invers-color \"  itemprop=\"text\"   ><ul>\n<li><a href=\"https:\/\/storckensohn.fr\/wp-content\/uploads\/2022\/12\/PV-CM-2022.11.28-1.pdf\" target=\"_blank\" rel=\"noopener\">PVCM 28 novembre 2022<\/a><\/li>\n<li><a href=\"https:\/\/storckensohn.fr\/wp-content\/uploads\/2022\/11\/PV-CM-2022.10-31-publication.pdf\" target=\"_blank\" rel=\"noopener\">PVCM 31 octobre 2022<\/a><\/li>\n<li><a href=\"https:\/\/storckensohn.fr\/wp-content\/uploads\/2022\/11\/PV-CM-2022.10-04.publication.pdf\" target=\"_blank\" rel=\"noopener\">PVCM 04 octobre 2022<\/a><\/li>\n<li><a href=\"https:\/\/storckensohn.fr\/wp-content\/uploads\/2022\/11\/2-PV-CM-2022-09-05-definitif.pdf\" target=\"_blank\" rel=\"noopener\">PVCM 05 septembre 2022<\/a><\/li>\n<li><a href=\"https:\/\/storckensohn.fr\/wp-content\/uploads\/2022\/07\/PV-CM-2022-06.27.pdf\" target=\"_blank\" rel=\"noopener\">PVCM 27 juin 2022<\/a><\/li>\n<li><a href=\"https:\/\/storckensohn.fr\/wp-content\/uploads\/2022\/07\/PV-CM-2022-05.30.pdf\" target=\"_blank\" rel=\"noopener\">PVCM 30 mai 2022<\/a><\/li>\n<li><a href=\"https:\/\/storckensohn.fr\/wp-content\/uploads\/2022\/07\/PV-CM-2022-05.02.pdf\" target=\"_blank\" rel=\"noopener\">PVCM 02 mai 2022<\/a><\/li>\n<li><a href=\"https:\/\/storckensohn.fr\/wp-content\/uploads\/2022\/08\/PV-CM-2022.04.04.pdf\" target=\"_blank\" rel=\"noopener\">PVCM 04 avril 2022<\/a><\/li>\n<li><a href=\"https:\/\/storckensohn.fr\/wp-content\/uploads\/2022\/07\/PV-CM-2022-03-07.pdf\" target=\"_blank\" rel=\"noopener\">PVCM 07 mars 2022<\/a><\/li>\n<li><a href=\"https:\/\/storckensohn.fr\/wp-content\/uploads\/2022\/07\/PV-CM-2022-02-07.pdf\" target=\"_blank\" rel=\"noopener\">PVCM 07 f\u00e9vrier 2022<\/a><\/li>\n<li><a href=\"https:\/\/storckensohn.fr\/wp-content\/uploads\/2022\/07\/PV-CM-2022-01-10.pdf\" target=\"_blank\" rel=\"noopener\">PVCM 10 janvier 2022<\/a><\/li>\n<\/ul>\n            <\/div>        <\/div>    <\/div><\/section>\n<section class=\"av_toggle_section\"  itemscope=\"itemscope\" itemtype=\"https:\/\/schema.org\/CreativeWork\"  >    <div role=\"tablist\" class=\"single_toggle\" data-tags=\"{Tout} \"  >        <p data-fake-id=\"#toggle-id-6\" class=\"toggler \"  itemprop=\"headline\"    role=\"tab\" tabindex=\"0\" aria-controls=\"toggle-id-6-container\">2021<span class=\"toggle_icon\" >        <span class=\"vert_icon\"><\/span><span class=\"hor_icon\"><\/span><\/span><\/p>        <div id=\"toggle-id-6-container\" class=\"toggle_wrap \"  >            <div class=\"toggle_content invers-color \"  itemprop=\"text\"   ><ul>\n<li><a href=\"https:\/\/storckensohn.fr\/wp-content\/uploads\/2021\/12\/PV-CM-2021-11-29-pdf.pdf\" target=\"_blank\" rel=\"noopener\">PVCM 29 novembre 2021<\/a><\/li>\n<li><a href=\"https:\/\/storckensohn.fr\/wp-content\/uploads\/2021\/11\/PV-CM-2021-11-02-definitif.pdf\" target=\"_blank\" rel=\"noopener\">PVCM 02 novembre 2021<\/a><\/li>\n<li><a href=\"https:\/\/storckensohn.fr\/wp-content\/uploads\/2021\/10\/PV-CM-2021-10-04.pdf\" target=\"_blank\" rel=\"noopener\">PVCM 04 octobre 2021<\/a><\/li>\n<li><a href=\"https:\/\/storckensohn.fr\/wp-content\/uploads\/2021\/10\/PV-CM-2021-09-06.pdf\" target=\"_blank\" rel=\"noopener\">PVCM 06 septembre 2021<\/a><\/li>\n<li><a href=\"https:\/\/storckensohn.fr\/wp-content\/uploads\/2021\/08\/PV-28-juin-2021.pdf\" target=\"_blank\" rel=\"noopener\">PVCM 28 juin 2021<\/a><\/li>\n<li><a href=\"https:\/\/storckensohn.fr\/wp-content\/uploads\/2021\/08\/PV-31-mai-2021.pdf\" target=\"_blank\" rel=\"noopener\">PVCM 31 mai 2021<\/a><\/li>\n<li><a href=\"https:\/\/storckensohn.fr\/wp-content\/uploads\/2021\/08\/PV-3-mai-2021.pdf\" target=\"_blank\" rel=\"noopener\">PVCM 03 mai 2021<\/a><\/li>\n<li><a href=\"https:\/\/storckensohn.fr\/wp-content\/uploads\/2021\/05\/02-PV-CM-2021-04-06.-DEFINITIF.pdf\" target=\"_blank\" rel=\"noopener\">PVCM 06 avril 2021<\/a><\/li>\n<li><a href=\"https:\/\/storckensohn.fr\/wp-content\/uploads\/2021\/08\/PV-8-mars-2021.pdf\" target=\"_blank\" rel=\"noopener\">PVCM 08 mars 2021<\/a><\/li>\n<li><a href=\"https:\/\/storckensohn.fr\/wp-content\/uploads\/2021\/08\/PV-8-fevrier-2021.pdf\" target=\"_blank\" rel=\"noopener\">PVCM 08 f\u00e9vrier 2021<\/a><\/li>\n<li><a href=\"https:\/\/storckensohn.fr\/wp-content\/uploads\/2021\/08\/PV-4-janvier-2021.pdf\" target=\"_blank\" rel=\"noopener\">PVCM 04 janvier 2021<\/a><\/li>\n<\/ul>\n            <\/div>        <\/div>    <\/div><\/section>\n<\/div><\/p><\/div><div class=\"flex_column av_one_fourth  flex_column_div av-zero-column-padding   avia-builder-el-32  el_after_av_one_fourth  el_before_av_one_fourth  column-top-margin\" style='border-radius:0px; '><section class=\"av_textblock_section \"  itemscope=\"itemscope\" itemtype=\"https:\/\/schema.org\/CreativeWork\" ><div class='avia_textblock  '   itemprop=\"text\" ><h3>Bulletin communal<\/h3>\n<\/div><\/section><br \/>\n<div  class=\"togglecontainer   toggle_close_all  avia-builder-el-34  el_after_av_textblock  avia-builder-el-last \" >\n<section class=\"av_toggle_section\"  itemscope=\"itemscope\" itemtype=\"https:\/\/schema.org\/CreativeWork\"  >    <div role=\"tablist\" class=\"single_toggle\" data-tags=\"{Tout} \"  >        <p data-fake-id=\"#toggle-id-7\" class=\"toggler \"  itemprop=\"headline\"    role=\"tab\" tabindex=\"0\" aria-controls=\"toggle-id-7-container\">Bulletin Communal 2025<span class=\"toggle_icon\" >        <span class=\"vert_icon\"><\/span><span class=\"hor_icon\"><\/span><\/span><\/p>        <div id=\"toggle-id-7-container\" class=\"toggle_wrap \"  >            <div class=\"toggle_content invers-color \"  itemprop=\"text\"   ><p><a href=\"https:\/\/storckensohn.fr\/wp-content\/uploads\/2025\/11\/Bulletin-communal-aout-2025-def.pdf\">Bulletin communal ao\u00fbt 2025 (d\u00e9f)<\/a><\/p>\n            <\/div>        <\/div>    <\/div><\/section>\n<section class=\"av_toggle_section\"  itemscope=\"itemscope\" itemtype=\"https:\/\/schema.org\/CreativeWork\"  >    <div role=\"tablist\" class=\"single_toggle\" data-tags=\"{Tout} \"  >        <p data-fake-id=\"#toggle-id-8\" class=\"toggler \"  itemprop=\"headline\"    role=\"tab\" tabindex=\"0\" aria-controls=\"toggle-id-8-container\">Bulletin communal 2024<span class=\"toggle_icon\" >        <span class=\"vert_icon\"><\/span><span class=\"hor_icon\"><\/span><\/span><\/p>        <div id=\"toggle-id-8-container\" class=\"toggle_wrap \"  >            <div class=\"toggle_content invers-color \"  itemprop=\"text\"   ><p><a href=\"https:\/\/storckensohn.fr\/wp-content\/uploads\/2024\/12\/Bulletin-communal-Aout-2024.pdf\" target=\"_blank\" rel=\"noopener\">Bulletin-communal-Aout-2024<\/a><\/p>\n<p><a href=\"https:\/\/storckensohn.fr\/wp-content\/uploads\/2024\/04\/Bulletin-communal-Mars-2024-11.pdf\" target=\"_blank\" rel=\"noopener\">Bulletin communal 2024<\/a><\/p>\n            <\/div>        <\/div>    <\/div><\/section>\n<section class=\"av_toggle_section\"  itemscope=\"itemscope\" itemtype=\"https:\/\/schema.org\/CreativeWork\"  >    <div role=\"tablist\" class=\"single_toggle\" data-tags=\"{Tout} \"  >        <p data-fake-id=\"#toggle-id-9\" class=\"toggler \"  itemprop=\"headline\"    role=\"tab\" tabindex=\"0\" aria-controls=\"toggle-id-9-container\">Bulletin communal 2023<span class=\"toggle_icon\" >        <span class=\"vert_icon\"><\/span><span class=\"hor_icon\"><\/span><\/span><\/p>        <div id=\"toggle-id-9-container\" class=\"toggle_wrap \"  >            <div class=\"toggle_content invers-color \"  itemprop=\"text\"   ><ul>\n<li><a href=\"https:\/\/storckensohn.fr\/wp-content\/uploads\/2023\/08\/Bulletin-communal-juillet-2023-definitif.pdf\" target=\"_blank\" rel=\"noopener\">Bulletin communal juillet 2023<\/a><\/li>\n<li><a href=\"https:\/\/storckensohn.fr\/wp-content\/uploads\/2023\/03\/Bulletin-communal-2023-4-min.pdf\" target=\"_blank\" rel=\"noopener\">Bulletin communal 2023<\/a><\/li>\n<\/ul>\n            <\/div>        <\/div>    <\/div><\/section>\n<section class=\"av_toggle_section\"  itemscope=\"itemscope\" itemtype=\"https:\/\/schema.org\/CreativeWork\"  >    <div role=\"tablist\" class=\"single_toggle\" data-tags=\"{Tout} \"  >        <p data-fake-id=\"#toggle-id-10\" class=\"toggler \"  itemprop=\"headline\"    role=\"tab\" tabindex=\"0\" aria-controls=\"toggle-id-10-container\">Bulletin communal 2022<span class=\"toggle_icon\" >        <span class=\"vert_icon\"><\/span><span class=\"hor_icon\"><\/span><\/span><\/p>        <div id=\"toggle-id-10-container\" class=\"toggle_wrap \"  >            <div class=\"toggle_content invers-color \"  itemprop=\"text\"   ><ul>\n<li><a href=\"https:\/\/storckensohn.fr\/wp-content\/uploads\/2022\/07\/Bulletin-communal-2022.pdf\" target=\"_blank\" rel=\"noopener\">Bulletin communal 2022<\/a><\/li>\n<\/ul>\n            <\/div>        <\/div>    <\/div><\/section>\n<section class=\"av_toggle_section\"  itemscope=\"itemscope\" itemtype=\"https:\/\/schema.org\/CreativeWork\"  >    <div role=\"tablist\" class=\"single_toggle\" data-tags=\"{Tout} \"  >        <p data-fake-id=\"#toggle-id-11\" class=\"toggler \"  itemprop=\"headline\"    role=\"tab\" tabindex=\"0\" aria-controls=\"toggle-id-11-container\">Bulletin communal 2021<span class=\"toggle_icon\" >        <span class=\"vert_icon\"><\/span><span class=\"hor_icon\"><\/span><\/span><\/p>        <div id=\"toggle-id-11-container\" class=\"toggle_wrap \"  >            <div class=\"toggle_content invers-color \"  itemprop=\"text\"   ><ul>\n<li><a href=\"https:\/\/storckensohn.fr\/wp-content\/uploads\/2021\/05\/Bulletin-communal-2021-3.pdf\" target=\"_blank\" rel=\"noopener\">Bulletin communal 2021<\/a><\/li>\n<\/ul>\n            <\/div>        <\/div>    <\/div><\/section>\n<\/div><\/p><\/div><div class=\"flex_column av_one_fourth  flex_column_div av-zero-column-padding   avia-builder-el-35  el_after_av_one_fourth  el_before_av_textblock  column-top-margin\" style='border-radius:0px; '><section class=\"av_textblock_section \"  itemscope=\"itemscope\" itemtype=\"https:\/\/schema.org\/CreativeWork\" ><div class='avia_textblock  '   itemprop=\"text\" ><h3>Archives B.I.<\/h3>\n<\/div><\/section><br \/>\n<div  class=\"togglecontainer   toggle_close_all  avia-builder-el-37  el_after_av_textblock  avia-builder-el-last \" >\n<section class=\"av_toggle_section\"  itemscope=\"itemscope\" itemtype=\"https:\/\/schema.org\/CreativeWork\"  >    <div role=\"tablist\" class=\"single_toggle\" data-tags=\"{Tout} \"  >        <p data-fake-id=\"#toggle-id-12\" class=\"toggler \"  itemprop=\"headline\"    role=\"tab\" tabindex=\"0\" aria-controls=\"toggle-id-12-container\">2021<span class=\"toggle_icon\" >        <span class=\"vert_icon\"><\/span><span class=\"hor_icon\"><\/span><\/span><\/p>        <div id=\"toggle-id-12-container\" class=\"toggle_wrap \"  >            <div class=\"toggle_content invers-color \"  itemprop=\"text\"   ><p><a href=\"https:\/\/storckensohn.fr\/wp-content\/uploads\/2021\/08\/Juin-Juillet-2021.pdf\" target=\"_blank\" rel=\"noopener\">Juin-Juillet 2021<\/a><\/p>\n<p><a href=\"https:\/\/storckensohn.fr\/wp-content\/uploads\/2021\/05\/Mai-2021.pdf\" target=\"_blank\" rel=\"noopener\">Mai 2021<\/a><\/p>\n<p><a href=\"https:\/\/storckensohn.fr\/wp-content\/uploads\/2021\/05\/Mars-Avril-2021.pdf\" target=\"_blank\" rel=\"noopener\">Mars-Avril 2021<\/a><\/p>\n<p><a href=\"https:\/\/storckensohn.fr\/wp-content\/uploads\/2021\/05\/Fevrier-2021.pdf\" target=\"_blank\" rel=\"noopener\">F\u00e9vrier 2021<\/a><\/p>\n<p><a href=\"https:\/\/storckensohn.fr\/wp-content\/uploads\/2021\/05\/Janvier-2021.pdf\" target=\"_blank\" rel=\"noopener\">Janvier 2021<\/a><\/p>\n            <\/div>        <\/div>    <\/div><\/section>\n<section class=\"av_toggle_section\"  itemscope=\"itemscope\" itemtype=\"https:\/\/schema.org\/CreativeWork\"  >    <div role=\"tablist\" class=\"single_toggle\" data-tags=\"{Tout} \"  >        <p data-fake-id=\"#toggle-id-13\" class=\"toggler \"  itemprop=\"headline\"    role=\"tab\" tabindex=\"0\" aria-controls=\"toggle-id-13-container\">2020<span class=\"toggle_icon\" >        <span class=\"vert_icon\"><\/span><span class=\"hor_icon\"><\/span><\/span><\/p>        <div id=\"toggle-id-13-container\" class=\"toggle_wrap \"  >            <div class=\"toggle_content invers-color \"  itemprop=\"text\"   ><p><a href=\"https:\/\/storckensohn.fr\/wp-content\/uploads\/2021\/05\/Decembre-2020.pdf\" target=\"_blank\" rel=\"noopener\">D\u00e9cembre 2020<\/a><\/p>\n<p><a href=\"https:\/\/storckensohn.fr\/wp-content\/uploads\/2021\/05\/Novembre-2020.pdf\" target=\"_blank\" rel=\"noopener\">Novembre 2020<\/a><\/p>\n<p><a href=\"https:\/\/storckensohn.fr\/wp-content\/uploads\/2021\/05\/Octobre-2020.pdf\" target=\"_blank\" rel=\"noopener\">Octobre 2020<\/a><\/p>\n<p><a href=\"https:\/\/storckensohn.fr\/wp-content\/uploads\/2021\/05\/Septembre-2020.pdf\" target=\"_blank\" rel=\"noopener\">Septembre 2020<\/a><\/p>\n<p><a href=\"https:\/\/storckensohn.fr\/wp-content\/uploads\/2021\/05\/Aout-2020.pdf\" target=\"_blank\" rel=\"noopener\">Ao\u00fbt 2020<\/a><\/p>\n<p><a href=\"https:\/\/storckensohn.fr\/wp-content\/uploads\/2021\/05\/Juillet-2020.pdf\" target=\"_blank\" rel=\"noopener\">Juillet 2020<\/a><\/p>\n<p><a href=\"https:\/\/storckensohn.fr\/wp-content\/uploads\/2021\/05\/Juin-2020.pdf\" target=\"_blank\" rel=\"noopener\">Juin 2020<\/a><\/p>\n<p><a href=\"https:\/\/storckensohn.fr\/wp-content\/uploads\/2021\/05\/Mai-2020.pdf\" target=\"_blank\" rel=\"noopener\">Mai 2020<\/a><\/p>\n            <\/div>        <\/div>    <\/div><\/section>\n<\/div><\/p><\/div><section class=\"av_textblock_section \"  itemscope=\"itemscope\" itemtype=\"https:\/\/schema.org\/CreativeWork\" ><div class='avia_textblock  '   itemprop=\"text\" ><h2>Urbanisme<\/h2>\n<p><span style=\"font-size: 12.0pt; font-family: 'Arial',sans-serif; color: #26282a;\">Vous trouverez ici toutes les publications concernant les <strong>Certificats d&rsquo;Urbanisme<\/strong>, les <strong>Demandes Pr\u00e9alables<\/strong> et les <strong>Permis de Construire<\/strong><\/span><\/p>\n<\/div><\/section>\n<div class=\"flex_column av_one_fourth  flex_column_div av-zero-column-padding first  avia-builder-el-39  el_after_av_textblock  el_before_av_one_fourth  column-top-margin\" style='border-radius:0px; '><section class=\"av_textblock_section \"  itemscope=\"itemscope\" itemtype=\"https:\/\/schema.org\/CreativeWork\" ><div class='avia_textblock  '   itemprop=\"text\" ><h3><span style=\"font-size: 12.0pt; font-family: 'Arial',sans-serif; color: #26282a;\"><strong>Demandes Pr\u00e9alables<\/strong><\/span><\/h3>\n<\/div><\/section><br \/>\n<div  class=\"togglecontainer   toggle_close_all  avia-builder-el-41  el_after_av_textblock  avia-builder-el-last \" >\n<section class=\"av_toggle_section\"  itemscope=\"itemscope\" itemtype=\"https:\/\/schema.org\/CreativeWork\"  >    <div role=\"tablist\" class=\"single_toggle\" data-tags=\"{Tout} \"  >        <p data-fake-id=\"#toggle-id-14\" class=\"toggler \"  itemprop=\"headline\"    role=\"tab\" tabindex=\"0\" aria-controls=\"toggle-id-14-container\">2025<span class=\"toggle_icon\" >        <span class=\"vert_icon\"><\/span><span class=\"hor_icon\"><\/span><\/span><\/p>        <div id=\"toggle-id-14-container\" class=\"toggle_wrap \"  >            <div class=\"toggle_content invers-color \"  itemprop=\"text\"   ><p><a href=\"https:\/\/storckensohn.fr\/wp-content\/uploads\/2025\/11\/DP-F0001Modif-facades-Remplt-menuiseries_20251117160603.pdf\">DP F0001 20251117160603<\/a><\/p>\n<p><a href=\"https:\/\/storckensohn.fr\/wp-content\/uploads\/2025\/11\/DP-F0002-Changement-porte-dentree_20251117160726.pdf\">DP F0002 20251117160726<\/a><\/p>\n<p><a href=\"https:\/\/storckensohn.fr\/wp-content\/uploads\/2025\/11\/DP-F0003-Remplacement-porte-de-garage_20251117160902.pdf\">DP F0003 20251117160902<\/a><\/p>\n<p><a href=\"https:\/\/storckensohn.fr\/wp-content\/uploads\/2025\/11\/DP-F0004-Antenne-relai-telecommunication_20251117161038.pdf\">DP F0004 20251117161038<\/a><\/p>\n<p><a href=\"https:\/\/storckensohn.fr\/wp-content\/uploads\/2025\/11\/DP-F0005-Construction-auvent_20251117161144.pdf\">DP F0005 20251117161144<\/a><\/p>\n<p><a href=\"https:\/\/storckensohn.fr\/wp-content\/uploads\/2025\/11\/DP-F0006-Modification-facades-fenetre-toit_20251117161348.pdf\">DP F0006 20251117161348<\/a><\/p>\n<p><a href=\"https:\/\/storckensohn.fr\/wp-content\/uploads\/2025\/11\/DP-F0007-Cloture_20251117161449.pdf\">DP F0007 20251117161449<\/a><\/p>\n            <\/div>        <\/div>    <\/div><\/section>\n<section class=\"av_toggle_section\"  itemscope=\"itemscope\" itemtype=\"https:\/\/schema.org\/CreativeWork\"  >    <div role=\"tablist\" class=\"single_toggle\" data-tags=\"{Tout} \"  >        <p data-fake-id=\"#toggle-id-15\" class=\"toggler \"  itemprop=\"headline\"    role=\"tab\" tabindex=\"0\" aria-controls=\"toggle-id-15-container\">2024<span class=\"toggle_icon\" >        <span class=\"vert_icon\"><\/span><span class=\"hor_icon\"><\/span><\/span><\/p>        <div id=\"toggle-id-15-container\" class=\"toggle_wrap \"  >            <div class=\"toggle_content invers-color \"  itemprop=\"text\"   ><p><a href=\"https:\/\/storckensohn.fr\/wp-content\/uploads\/2024\/12\/DP-2024-F0001_20241107112053.pdf\" target=\"_blank\" rel=\"noopener\">DP-2024-F0001_20241107112053.pdf<\/a><\/p>\n<p><a href=\"https:\/\/storckensohn.fr\/wp-content\/uploads\/2024\/12\/DP-2024-F0002_20241107112149.pdf\" target=\"_blank\" rel=\"noopener\">DP-2024-F0002_20241107112149.pdf<\/a><\/p>\n<p><a href=\"https:\/\/storckensohn.fr\/wp-content\/uploads\/2024\/12\/DP-2024-F0003_20241107112934.pdf\" target=\"_blank\" rel=\"noopener\">DP-2024-F0003_20241107112934.pdf<\/a><\/p>\n<p><a href=\"https:\/\/storckensohn.fr\/wp-content\/uploads\/2024\/12\/DP-2024-F0004_20241107112253.pdf\" target=\"_blank\" rel=\"noopener\">DP-2024-F0004_20241107112253.pdf<\/a><\/p>\n<p><a href=\"https:\/\/storckensohn.fr\/wp-content\/uploads\/2024\/12\/DP-2024-F0005_20241107112356.pdf\" target=\"_blank\" rel=\"noopener\">DP-2024-F0005_20241107112356.pdf<\/a><\/p>\n<p><a href=\"https:\/\/storckensohn.fr\/wp-content\/uploads\/2024\/12\/DP-2024-F0006_20241107112445.pdf\" target=\"_blank\" rel=\"noopener\">DP-2024-F0006_20241107112445.pdf<\/a><\/p>\n<p><a href=\"https:\/\/storckensohn.fr\/wp-content\/uploads\/2024\/12\/DP-2024-F0007_20241107112543.pdf\" target=\"_blank\" rel=\"noopener\">DP-2024-F0007_20241107112543.pdf<\/a><\/p>\n<p><a href=\"https:\/\/storckensohn.fr\/wp-content\/uploads\/2024\/12\/DP-2024-F0008_20241107112911.pdf\" target=\"_blank\" rel=\"noopener\">DP-2024-F0008_20241107112911.pdf<\/a><\/p>\n            <\/div>        <\/div>    <\/div><\/section>\n<section class=\"av_toggle_section\"  itemscope=\"itemscope\" itemtype=\"https:\/\/schema.org\/CreativeWork\"  >    <div role=\"tablist\" class=\"single_toggle\" data-tags=\"{Tout} \"  >        <p data-fake-id=\"#toggle-id-16\" class=\"toggler \"  itemprop=\"headline\"    role=\"tab\" tabindex=\"0\" aria-controls=\"toggle-id-16-container\">2023<span class=\"toggle_icon\" >        <span class=\"vert_icon\"><\/span><span class=\"hor_icon\"><\/span><\/span><\/p>        <div id=\"toggle-id-16-container\" class=\"toggle_wrap \"  >            <div class=\"toggle_content invers-color \"  itemprop=\"text\"   ><p><a href=\"https:\/\/storckensohn.fr\/wp-content\/uploads\/2023\/12\/DP-25-rue-de-Mollau-Toiture-16102023165108.pdf\" target=\"_blank\" rel=\"noopener\">DP 25 rue de Mollau- Toiture-16102023165108<\/a><\/p>\n<p><a href=\"https:\/\/storckensohn.fr\/wp-content\/uploads\/2023\/12\/DP-18-rue-de-la-Mairie-Panneaux-photovoltaiques-16102023164828.pdf\" target=\"_blank\" rel=\"noopener\">DP 18 rue de la Mairie &#8211; Panneaux photovoltaiques-16102023164828<\/a><\/p>\n<p><a href=\"https:\/\/storckensohn.fr\/wp-content\/uploads\/2023\/12\/DP-18-rue-de-la-Mairie-Panneaux-photovoltaiques-16102023111829.pdf\" target=\"_blank\" rel=\"noopener\">DP 18 rue de la Mairie &#8211; Panneaux photovoltaiques-16102023111829<\/a><\/p>\n<p><a href=\"https:\/\/storckensohn.fr\/wp-content\/uploads\/2023\/12\/DP-15-rue-de-Mollau-Extension-et-modification-de-facades-16102023111711.pdf\" target=\"_blank\" rel=\"noopener\">DP 15 rue de Mollau &#8211; Extension et modification de facades-16102023111711<\/a><\/p>\n<p><a href=\"https:\/\/storckensohn.fr\/wp-content\/uploads\/2023\/12\/DP-11-rue-du-Calvaire-Panneaux-photovoltaiques-16102023164615.pdf\" target=\"_blank\" rel=\"noopener\">DP 11 rue du Calvaire &#8211; Panneaux photovoltaiques-16102023164615<\/a><\/p>\n<p><a href=\"https:\/\/storckensohn.fr\/wp-content\/uploads\/2023\/12\/DP-8-rue-du-Calvaire-Modification-menuiseries-marquise-16102023164958.pdf\" target=\"_blank\" rel=\"noopener\">DP 8 rue du Calvaire &#8211; Modification menuiseries + marquise-16102023164958<\/a><\/p>\n<p><a href=\"https:\/\/storckensohn.fr\/wp-content\/uploads\/2023\/12\/DP-8-rue-de-la-mairie-Cloture-16102023111535.pdf\" target=\"_blank\" rel=\"noopener\">DP 8 rue de la mairie &#8211; Cloture-16102023111535<\/a><\/p>\n<p><a href=\"https:\/\/storckensohn.fr\/wp-content\/uploads\/2023\/12\/DP-1-rue-du-Gazon-Vert-Abri-16102023164716.pdf\" target=\"_blank\" rel=\"noopener\">DP 1 rue du Gazon Vert &#8211; Abri-16102023164716<\/a><\/p>\n<p><a href=\"https:\/\/storckensohn.fr\/wp-content\/uploads\/2023\/12\/Declaration-prealable-F0006-23082023100837.pdf\" target=\"_blank\" rel=\"noopener\">Declaration prealable F0006-23082023100837<\/a><\/p>\n<p><a href=\"https:\/\/storckensohn.fr\/wp-content\/uploads\/2023\/12\/Declaration-prealable-F0005-23082023100753.pdf\" target=\"_blank\" rel=\"noopener\">Declaration prealable F0005-23082023100753<\/a><\/p>\n<p><a href=\"https:\/\/storckensohn.fr\/wp-content\/uploads\/2023\/12\/Declaration-prealable-F0004-23082023100711.pdf\" target=\"_blank\" rel=\"noopener\">Declaration prealable F0004-23082023100711<\/a><\/p>\n<p><a href=\"https:\/\/storckensohn.fr\/wp-content\/uploads\/2023\/12\/Declaration-prealable-F0003-23082023100604.pdf\" target=\"_blank\" rel=\"noopener\">Declaration prealable F0003-23082023100604<\/a><\/p>\n<p><a href=\"https:\/\/storckensohn.fr\/wp-content\/uploads\/2023\/12\/Declaration-prealable-F0002-23082023100216.pdf\" target=\"_blank\" rel=\"noopener\">Declaration prealable F0002-23082023100216<\/a><\/p>\n<p><a href=\"https:\/\/storckensohn.fr\/wp-content\/uploads\/2023\/12\/Declaration-prealable-F0001-23082023100310.pdf\" target=\"_blank\" rel=\"noopener\">Declaration prealable F0001-23082023100310<\/a><\/p>\n<p><a href=\"https:\/\/storckensohn.fr\/wp-content\/uploads\/2023\/05\/DP-23-F0001-1.pdf\" target=\"_blank\" rel=\"noopener\">DP 23 F0001<\/a><\/p>\n<p><a href=\"https:\/\/storckensohn.fr\/wp-content\/uploads\/2023\/02\/DP-23-F0001.pdf\" target=\"_blank\" rel=\"noopener\">DP 23 F0001<\/a><\/p>\n<p><a href=\"https:\/\/storckensohn.fr\/wp-content\/uploads\/2023\/02\/Certificat-non-opposition-11-rue-du-Calvaire.pdf\">Certificat de non-opposition\u00a0concernant le 11, rue du Calvaire<\/a><\/p>\n            <\/div>        <\/div>    <\/div><\/section>\n<section class=\"av_toggle_section\"  itemscope=\"itemscope\" itemtype=\"https:\/\/schema.org\/CreativeWork\"  >    <div role=\"tablist\" class=\"single_toggle\" data-tags=\"{Tout} \"  >        <p data-fake-id=\"#toggle-id-17\" class=\"toggler \"  itemprop=\"headline\"    role=\"tab\" tabindex=\"0\" aria-controls=\"toggle-id-17-container\">2022<span class=\"toggle_icon\" >        <span class=\"vert_icon\"><\/span><span class=\"hor_icon\"><\/span><\/span><\/p>        <div id=\"toggle-id-17-container\" class=\"toggle_wrap \"  >            <div class=\"toggle_content invers-color \"  itemprop=\"text\"   ><p><a href=\"https:\/\/storckensohn.fr\/wp-content\/uploads\/2023\/02\/DP6832822F0008_DP-EXEL-Sylvie-F0008-2022_20230221083710985.pdf\" target=\"_blank\" rel=\"noopener\">DP6832822F0008<\/a>_EXEL Sylvie<\/p>\n<p><a href=\"https:\/\/storckensohn.fr\/wp-content\/uploads\/2023\/02\/DP6832822F0007_ACCORD-DP-F0007-POTTIER-Anouchka_20230221083554407.pdf\" target=\"_blank\" rel=\"noopener\">DP6832822F0007<\/a>_POTTIER Anouchka<\/p>\n<p><a href=\"https:\/\/storckensohn.fr\/wp-content\/uploads\/2023\/02\/DP6832822F0005_Arrete-octroi-DP-F0005_20230221083418391.pdf\" target=\"_blank\" rel=\"noopener\">DP6832822F0005<\/a>_Arrete octroi<\/p>\n<p><a href=\"https:\/\/storckensohn.fr\/wp-content\/uploads\/2023\/02\/DP6832822F0004_DP-F0004-RABIER-POTTIER_20230221083349205.pdf\" target=\"_blank\" rel=\"noopener\">DP6832822F0004<\/a>_DP F0004 RABIER-POTTIER<\/p>\n<p><a href=\"https:\/\/storckensohn.fr\/wp-content\/uploads\/2023\/02\/DP-DUTILLY-22-F0002.pdf\" target=\"_blank\" rel=\"noopener\">DP DUTILLY 22 F0002<\/a><\/p>\n<p><a href=\"https:\/\/storckensohn.fr\/wp-content\/uploads\/2023\/02\/DP6832822F0001_AR-accordant-DP-F0001_20230221082836113.pdf\" target=\"_blank\" rel=\"noopener\">DP6832822F0001<\/a>_AR accordant DP F0001<\/p>\n            <\/div>        <\/div>    <\/div><\/section>\n<\/div><\/p><\/div><div class=\"flex_column av_one_fourth  flex_column_div av-zero-column-padding   avia-builder-el-42  el_after_av_one_fourth  el_before_av_one_fourth  column-top-margin\" style='border-radius:0px; '><section class=\"av_textblock_section \"  itemscope=\"itemscope\" itemtype=\"https:\/\/schema.org\/CreativeWork\" ><div class='avia_textblock  '   itemprop=\"text\" ><h3><span style=\"font-size: 12.0pt; font-family: 'Arial',sans-serif; color: #26282a;\"><strong>Permis de Construire<\/strong><\/span><\/h3>\n<\/div><\/section><br \/>\n<div  class=\"togglecontainer   toggle_close_all  avia-builder-el-44  el_after_av_textblock  avia-builder-el-last \" >\n<section class=\"av_toggle_section\"  itemscope=\"itemscope\" itemtype=\"https:\/\/schema.org\/CreativeWork\"  >    <div role=\"tablist\" class=\"single_toggle\" data-tags=\"{Tout} \"  >        <p data-fake-id=\"#toggle-id-18\" class=\"toggler \"  itemprop=\"headline\"    role=\"tab\" tabindex=\"0\" aria-controls=\"toggle-id-18-container\">2025<span class=\"toggle_icon\" >        <span class=\"vert_icon\"><\/span><span class=\"hor_icon\"><\/span><\/span><\/p>        <div id=\"toggle-id-18-container\" class=\"toggle_wrap \"  >            <div class=\"toggle_content invers-color \"  itemprop=\"text\"   ><p><a href=\"https:\/\/storckensohn.fr\/wp-content\/uploads\/2025\/11\/PC-F0001-Extension-surelevation-maison_20251117161624.pdf\">PC20251117161624<\/a>\u00a0PC WYSS<\/p>\n            <\/div>        <\/div>    <\/div><\/section>\n<section class=\"av_toggle_section\"  itemscope=\"itemscope\" itemtype=\"https:\/\/schema.org\/CreativeWork\"  >    <div role=\"tablist\" class=\"single_toggle\" data-tags=\"{Tout} \"  >        <p data-fake-id=\"#toggle-id-19\" class=\"toggler \"  itemprop=\"headline\"    role=\"tab\" tabindex=\"0\" aria-controls=\"toggle-id-19-container\">2024<span class=\"toggle_icon\" >        <span class=\"vert_icon\"><\/span><span class=\"hor_icon\"><\/span><\/span><\/p>        <div id=\"toggle-id-19-container\" class=\"toggle_wrap \"  >            <div class=\"toggle_content invers-color \"  itemprop=\"text\"   ><p><a href=\"https:\/\/storckensohn.fr\/wp-content\/uploads\/2025\/11\/PC-0001-KRAGEN-Nicolas_20251117160036.pdf\">PC20251117160036<\/a>\u00a0PC KRAGEN<\/p>\n            <\/div>        <\/div>    <\/div><\/section>\n<section class=\"av_toggle_section\"  itemscope=\"itemscope\" itemtype=\"https:\/\/schema.org\/CreativeWork\"  >    <div role=\"tablist\" class=\"single_toggle\" data-tags=\"{Tout} \"  >        <p data-fake-id=\"#toggle-id-20\" class=\"toggler \"  itemprop=\"headline\"    role=\"tab\" tabindex=\"0\" aria-controls=\"toggle-id-20-container\">2023<span class=\"toggle_icon\" >        <span class=\"vert_icon\"><\/span><span class=\"hor_icon\"><\/span><\/span><\/p>        <div id=\"toggle-id-20-container\" class=\"toggle_wrap \"  >            <div class=\"toggle_content invers-color \"  itemprop=\"text\"   ><p><a href=\"https:\/\/storckensohn.fr\/wp-content\/uploads\/2023\/02\/PC6832822F0002_AR-doctroi_20230214114356827_20230221083144500.pdf\" target=\"_blank\" rel=\"noopener\">PC6832822F0002<\/a>_AR d&rsquo;octroi<\/p>\n            <\/div>        <\/div>    <\/div><\/section>\n<section class=\"av_toggle_section\"  itemscope=\"itemscope\" itemtype=\"https:\/\/schema.org\/CreativeWork\"  >    <div role=\"tablist\" class=\"single_toggle\" data-tags=\"{Tout} \"  >        <p data-fake-id=\"#toggle-id-21\" class=\"toggler \"  itemprop=\"headline\"    role=\"tab\" tabindex=\"0\" aria-controls=\"toggle-id-21-container\">2022<span class=\"toggle_icon\" >        <span class=\"vert_icon\"><\/span><span class=\"hor_icon\"><\/span><\/span><\/p>        <div id=\"toggle-id-21-container\" class=\"toggle_wrap \"  >            <div class=\"toggle_content invers-color \"  itemprop=\"text\"   ><p><a href=\"https:\/\/storckensohn.fr\/wp-content\/uploads\/2023\/02\/PC6832822F0004_PC-HALLER-F0004_20230221083637852.pdf\" target=\"_blank\" rel=\"noopener\">PC6832822F0004<\/a>_PC HALLER<\/p>\n<p><a href=\"https:\/\/storckensohn.fr\/wp-content\/uploads\/2023\/02\/PC6832822F0003_AR-accord-PC-F0003_20230221083524596.pdf\" target=\"_blank\" rel=\"noopener\">PC6832822F0003<\/a>_AR accord<\/p>\n<p><a href=\"https:\/\/storckensohn.fr\/wp-content\/uploads\/2023\/02\/PC6832822F0001_AR-accordant-PC-F0001_20230221082750655.pdf\" target=\"_blank\" rel=\"noopener\">PC6832822F0001<\/a>_AR accordant PC F0001<\/p>\n            <\/div>        <\/div>    <\/div><\/section>\n<\/div><\/p><\/div><div class=\"flex_column av_one_fourth  flex_column_div av-zero-column-padding   avia-builder-el-45  el_after_av_one_fourth  avia-builder-el-last  column-top-margin\" style='border-radius:0px; '><section class=\"av_textblock_section \"  itemscope=\"itemscope\" itemtype=\"https:\/\/schema.org\/CreativeWork\" ><div class='avia_textblock  '   itemprop=\"text\" ><h3><span style=\"font-size: 12.0pt; font-family: 'Arial',sans-serif; color: #26282a;\"><strong>Permis de d\u00e9molir<\/strong><\/span><\/h3>\n<\/div><\/section><br \/>\n<div  class=\"togglecontainer   toggle_close_all  avia-builder-el-47  el_after_av_textblock  avia-builder-el-last \" >\n<section class=\"av_toggle_section\"  itemscope=\"itemscope\" itemtype=\"https:\/\/schema.org\/CreativeWork\"  >    <div role=\"tablist\" class=\"single_toggle\" data-tags=\"{Tout} \"  >        <p data-fake-id=\"#toggle-id-22\" class=\"toggler \"  itemprop=\"headline\"    role=\"tab\" tabindex=\"0\" aria-controls=\"toggle-id-22-container\">2023<span class=\"toggle_icon\" >        <span class=\"vert_icon\"><\/span><span class=\"hor_icon\"><\/span><\/span><\/p>        <div id=\"toggle-id-22-container\" class=\"toggle_wrap \"  >            <div class=\"toggle_content invers-color \"  itemprop=\"text\"   ><p><a href=\"https:\/\/storckensohn.fr\/wp-content\/uploads\/2023\/12\/Permis-demolir-F0001-23082023100424.pdf\" target=\"_blank\" rel=\"noopener\">F0001-23082023100424<\/a><\/p>\n            <\/div>        <\/div>    <\/div><\/section>\n<section class=\"av_toggle_section\"  itemscope=\"itemscope\" itemtype=\"https:\/\/schema.org\/CreativeWork\"  >    <div role=\"tablist\" class=\"single_toggle\" data-tags=\"{Tout} \"  >        <p data-fake-id=\"#toggle-id-23\" class=\"toggler \"  itemprop=\"headline\"    role=\"tab\" tabindex=\"0\" aria-controls=\"toggle-id-23-container\">2022<span class=\"toggle_icon\" >        <span class=\"vert_icon\"><\/span><span class=\"hor_icon\"><\/span><\/span><\/p>        <div id=\"toggle-id-23-container\" class=\"toggle_wrap \"  >            <div class=\"toggle_content invers-color \"  itemprop=\"text\"   ><ul>\n<li><a href=\"https:\/\/storckensohn.fr\/wp-content\/uploads\/2023\/02\/PD6832822F0001_AR-accordant-un-PD-avec-prescriptions-F0001_20230221083808970.pdf\">Permis de d\u00e9molir du 16\/12\/2022 concernant rue du Forst<\/a><\/li>\n<li><a href=\"https:\/\/storckensohn.fr\/wp-content\/uploads\/2023\/02\/Permis-de-demolir-PD6823F0001.pdf\">Permis de d\u00e9molir concernant le 8, rue de la Mairie<\/a><\/li>\n<\/ul>\n            <\/div>        <\/div>    <\/div><\/section>\n<\/div><\/p><\/div>\n\n<\/div><\/div><\/div><!-- close content main div --><\/div><\/div><div id='personnel'  class='avia-section main_color avia-section-default avia-no-shadow  avia-bg-style-scroll  avia-builder-el-48  el_after_av_section  el_before_av_section   container_wrap fullsize' style=' '  ><div class='container' ><div class='template-page content  av-content-full alpha units'><div class='post-entry post-entry-type-page post-entry-550'><div class='entry-content-wrapper clearfix'>\n<div  class='avia-image-container  av-styling-    avia-builder-el-49  el_before_av_textblock  avia-builder-el-first  avia-align-center '  itemprop=\"image\" itemscope=\"itemscope\" itemtype=\"https:\/\/schema.org\/ImageObject\"  ><div class='avia-image-container-inner'><div class='avia-image-overlay-wrap'><img class='avia_image' src='https:\/\/storckensohn.fr\/wp-content\/uploads\/2026\/03\/elections-2-1030x1030.jpg' alt='' title='elections (2)' height=\"1030\" width=\"1030\"  itemprop=\"thumbnailUrl\"  \/><\/div><\/div><\/div>\n<section class=\"av_textblock_section \"  itemscope=\"itemscope\" itemtype=\"https:\/\/schema.org\/CreativeWork\" ><div class='avia_textblock  '   itemprop=\"text\" ><h2 style=\"text-align: center;\">Le conseil municipal 2026-2032<\/h2>\n<\/div><\/section>\n<\/div><\/div><\/div><!-- close content main div --><\/div><\/div><div id='demarches'  class='avia-section main_color avia-section-default avia-no-shadow  avia-bg-style-scroll  avia-builder-el-51  el_after_av_section  el_before_av_section   container_wrap fullsize' style=' '  ><div class='container' ><div class='template-page content  av-content-full alpha units'><div class='post-entry post-entry-type-page post-entry-550'><div class='entry-content-wrapper clearfix'>\n<section class=\"av_textblock_section \"  itemscope=\"itemscope\" itemtype=\"https:\/\/schema.org\/CreativeWork\" ><div class='avia_textblock  '   itemprop=\"text\" ><h2 style=\"text-align: center;\">Le personnel communal<\/h2>\n<\/div><\/section>\n<div class=\"flex_column av_one_fourth  flex_column_div av-zero-column-padding first  avia-builder-el-53  el_after_av_textblock  el_before_av_one_fourth  column-top-margin\" style='border-radius:0px; '><p><div  class='avia-image-container  av-styling-    avia-builder-el-54  el_before_av_textblock  avia-builder-el-first  avia-align-center '  itemprop=\"image\" itemscope=\"itemscope\" itemtype=\"https:\/\/schema.org\/ImageObject\"  ><div class='avia-image-container-inner'><div class='avia-image-overlay-wrap'><img class='avia_image' src='https:\/\/storckensohn.fr\/wp-content\/uploads\/2021\/04\/P2380273-300x300.jpg' alt='' title='' height=\"300\" width=\"300\"  itemprop=\"thumbnailUrl\"  \/><\/div><\/div><\/div><br \/>\n<section class=\"av_textblock_section \"  itemscope=\"itemscope\" itemtype=\"https:\/\/schema.org\/CreativeWork\" ><div class='avia_textblock  '   itemprop=\"text\" ><h4>Corinne STUDER<\/h4>\n<p>Agent technique<\/p>\n<\/div><\/section><\/p><\/div><div class=\"flex_column av_one_fourth  flex_column_div av-zero-column-padding   avia-builder-el-56  el_after_av_one_fourth  el_before_av_one_fourth  column-top-margin\" style='border-radius:0px; '><p><div  class='avia-image-container  av-styling-    avia-builder-el-57  el_before_av_textblock  avia-builder-el-first  avia-align-center '  itemprop=\"image\" itemscope=\"itemscope\" itemtype=\"https:\/\/schema.org\/ImageObject\"  ><div class='avia-image-container-inner'><div class='avia-image-overlay-wrap'><img class='avia_image' src='https:\/\/storckensohn.fr\/wp-content\/uploads\/2021\/04\/P2380114-300x300.jpg' alt='' title='' height=\"300\" width=\"300\"  itemprop=\"thumbnailUrl\"  \/><\/div><\/div><\/div><br \/>\n<section class=\"av_textblock_section \"  itemscope=\"itemscope\" itemtype=\"https:\/\/schema.org\/CreativeWork\" ><div class='avia_textblock  '   itemprop=\"text\" ><h4>Fanja LUTRINGER<\/h4>\n<p>Agent technique<\/p>\n<\/div><\/section><\/p><\/div><div class=\"flex_column av_one_fourth  flex_column_div av-zero-column-padding   avia-builder-el-59  el_after_av_one_fourth  el_before_av_image  column-top-margin\" style='border-radius:0px; '><p><div  class='avia-image-container  av-styling-    avia-builder-el-60  el_before_av_textblock  avia-builder-el-first  avia-align-center '  itemprop=\"image\" itemscope=\"itemscope\" itemtype=\"https:\/\/schema.org\/ImageObject\"  ><div class='avia-image-container-inner'><div class='avia-image-overlay-wrap'><img class='avia_image' src='https:\/\/storckensohn.fr\/wp-content\/uploads\/2023\/01\/1030.jpg' alt='' title='1030' height=\"1030\" width=\"1030\"  itemprop=\"thumbnailUrl\"  \/><\/div><\/div><\/div><br \/>\n<section class=\"av_textblock_section \"  itemscope=\"itemscope\" itemtype=\"https:\/\/schema.org\/CreativeWork\" ><div class='avia_textblock  '   itemprop=\"text\" ><h4>V\u00e9ronique HAFFNER<\/h4>\n<p>Adjoint administratif principal<\/p>\n<\/div><\/section><\/p><\/div><div  class='avia-image-container  av-styling-    avia-builder-el-62  el_after_av_one_fourth  avia-builder-el-last  avia-align-center '  itemprop=\"image\" itemscope=\"itemscope\" itemtype=\"https:\/\/schema.org\/ImageObject\"  ><div class='avia-image-container-inner'><div class='avia-image-overlay-wrap'><a href='https:\/\/www.service-public.fr\/' class='avia_image' target=\"_blank\" rel=\"noopener\"><img class='avia_image ' src='http:\/\/bourbach-le-bas.activemedia.fr\/wp-content\/uploads\/2019\/06\/logo-service-public.png' alt='' title=''  itemprop=\"thumbnailUrl\"  \/><\/a><\/div><\/div><\/div>\n<\/p>\n<\/div><\/div><\/div><!-- close content main div --><\/div><\/div><div id='demarches'  class='avia-section main_color avia-section-default avia-no-shadow  avia-bg-style-scroll  avia-builder-el-63  el_after_av_section  el_before_av_section   container_wrap fullsize' style=' '  ><div class='container' ><div class='template-page content  av-content-full alpha units'><div class='post-entry post-entry-type-page post-entry-550'><div class='entry-content-wrapper clearfix'>\n<section class=\"av_textblock_section \"  itemscope=\"itemscope\" itemtype=\"https:\/\/schema.org\/CreativeWork\" ><div class='avia_textblock  '   itemprop=\"text\" ><h2 style=\"text-align: center;\">Prestataire d&rsquo;entretien<\/h2>\n<\/div><\/section>\n<div class=\"flex_column av_one_fourth  flex_column_div av-zero-column-padding first  avia-builder-el-65  el_after_av_textblock  el_before_av_one_fourth  column-top-margin\" style='border-radius:0px; '><p><div  class='avia-image-container  av-styling-    avia-builder-el-66  el_before_av_textblock  avia-builder-el-first  avia-align-center '  itemprop=\"image\" itemscope=\"itemscope\" itemtype=\"https:\/\/schema.org\/ImageObject\"  ><div class='avia-image-container-inner'><div class='avia-image-overlay-wrap'><img class='avia_image' src='https:\/\/storckensohn.fr\/wp-content\/uploads\/2022\/07\/Pierre_WYSS_2-removebg-preview-e1659162929555.png' alt='' title='Pierre_WYSS_2-removebg-preview' height=\"399\" width=\"399\"  itemprop=\"thumbnailUrl\"  \/><\/div><\/div><\/div><br \/>\n<section class=\"av_textblock_section \"  itemscope=\"itemscope\" itemtype=\"https:\/\/schema.org\/CreativeWork\" ><div class='avia_textblock  '   itemprop=\"text\" ><h4>Pierre Wyss<\/h4>\n<p>Paysagiste et services<\/p>\n<\/div><\/section><\/p><\/div><div class=\"flex_column av_one_fourth  flex_column_div av-zero-column-padding   avia-builder-el-68  el_after_av_one_fourth  el_before_av_image  column-top-margin\" style='border-radius:0px; '><p><div  class='avia-image-container  av-styling-    avia-builder-el-69  el_before_av_textblock  avia-builder-el-first  avia-align-center '  itemprop=\"image\" itemscope=\"itemscope\" itemtype=\"https:\/\/schema.org\/ImageObject\"  ><div class='avia-image-container-inner'><div class='avia-image-overlay-wrap'><img class='avia_image' src='https:\/\/storckensohn.fr\/wp-content\/uploads\/2023\/03\/pf.png' alt='' title='pf' height=\"399\" width=\"399\"  itemprop=\"thumbnailUrl\"  \/><\/div><\/div><\/div><br \/>\n<section class=\"av_textblock_section \"  itemscope=\"itemscope\" itemtype=\"https:\/\/schema.org\/CreativeWork\" ><div class='avia_textblock  '   itemprop=\"text\" ><h4>Patrice Fleck<\/h4>\n<p>Electricit\u00e9 g\u00e9n\u00e9rale<\/p>\n<\/div><\/section><\/p><\/div><div  class='avia-image-container  av-styling-    avia-builder-el-71  el_after_av_one_fourth  avia-builder-el-last  avia-align-center '  itemprop=\"image\" itemscope=\"itemscope\" itemtype=\"https:\/\/schema.org\/ImageObject\"  ><div class='avia-image-container-inner'><div class='avia-image-overlay-wrap'><a href='https:\/\/www.service-public.fr\/' class='avia_image' target=\"_blank\" rel=\"noopener\"><img class='avia_image ' src='http:\/\/bourbach-le-bas.activemedia.fr\/wp-content\/uploads\/2019\/06\/logo-service-public.png' alt='' title=''  itemprop=\"thumbnailUrl\"  \/><\/a><\/div><\/div><\/div>\n\n<\/div><\/div><\/div><!-- close content main div --><\/div><\/div><div id='demarches'  class='avia-section main_color avia-section-default avia-no-shadow  avia-bg-style-scroll  avia-builder-el-72  el_after_av_section  avia-builder-el-last   container_wrap fullsize' style=' '  ><div class='container' ><div class='template-page content  av-content-full alpha units'><div class='post-entry post-entry-type-page post-entry-550'><div class='entry-content-wrapper clearfix'>\n<section class=\"av_textblock_section \"  itemscope=\"itemscope\" itemtype=\"https:\/\/schema.org\/CreativeWork\" ><div class='avia_textblock  '   itemprop=\"text\" ><h2 style=\"text-align: center;\">Les projets 2025<\/h2>\n<\/div><\/section>\n<section class=\"av_textblock_section \"  itemscope=\"itemscope\" itemtype=\"https:\/\/schema.org\/CreativeWork\" ><div class='avia_textblock  '  style='font-size:18px; '  itemprop=\"text\" ><p class=\"_04xlpA direction-ltr align-justify para-style-body\">Nous allons nous attarder sur les projets qui ont et seront r\u00e9alis\u00e9s de fa\u00e7on certaine en 2025 tout en restant prudents sur des projets possiblement r\u00e9alisables en fin 2025.<\/p>\n<ul>\n<li>La r\u00e9fection du toit et l\u2019isolation des combles de la salle polyvalente ont \u00e9t\u00e9 r\u00e9alis\u00e9es par l\u2019entreprise\u00a0<i>\u201cFuchs\u201d<\/i>\u00a0au d\u00e9but du printemps.<\/li>\n<\/ul>\n<ul>\n<li>Il en est de m\u00eame de la r\u00e9fection de la salle multi-usage de la mairie effectu\u00e9e par l\u2019entreprise \u201c<i>Artisanat et Bois\u201d et \u201cP. Fleck\u201d<\/i>.<\/li>\n<\/ul>\n<ul>\n<li>Tous les lampadaires du village ont \u00e0 nouveau un aspect respectable gr\u00e2ce \u00e0 un sablage et une mise en peinture par l\u2019entreprise<i>\u00a0\u201cFoki\u201d<\/i>\u00a0de Bussang r\u00e9alis\u00e9 d\u00e9but juillet.<\/li>\n<\/ul>\n<ul>\n<li>Les fen\u00eatres de la mairie sont de moins en moins \u00e9tanches au froid. Les diff\u00e9rents devis pour leur remplacement atteignent des sommes importantes. Nous sommes \u00e0 la recherche de subventions fort al\u00e9atoires actuellement. Nous en saurons plus dans quelques mois.<\/li>\n<\/ul>\n<ul>\n<li>Nous souhaitons mettre en avant tout le travail de nos b\u00e9n\u00e9voles qui \u0153uvrent sans rel\u00e2che pour le bien de tous. Les t\u00e2ches des \u00ab petites mains \u00bb, si mal nomm\u00e9es, ces travailleurs de l\u2019ombre sont d\u2019une utilit\u00e9 incroyable pour le village, pour nous tous et bien souvent pour nos visiteurs, nos randonneurs, nos touristes inconnus qui b\u00e9n\u00e9ficient de ces bienfaits. Petites mains peut-\u00eatre, mais grand c\u0153ur s\u00fbrement !\u00a0Bravo \u00e0 tous nos b\u00e9n\u00e9voles bien souvent non d\u00e9clar\u00e9s comme tels, mais op\u00e9rant des r\u00e9alisations visibles et invisibles, mais toujours utiles et efficaces.<\/li>\n<\/ul>\n<h2 class=\"_04xlpA direction-ltr align-justify para-style-body\" style=\"text-align: center;\"><strong>CALENDRIER DES EVENEMENTS 2025<\/strong><\/h2>\n<ul>\n<li>Dimanche 5 janvier : V\u0153ux du Maire<\/li>\n<li>samedi 12 avril\u00a0 : Journ\u00e9e d&#8217;embellissement<\/li>\n<li>samedi 14 juin : F\u00eate du village<\/li>\n<li>Samedi 6 septembre : Journ\u00e9e d\u2019embellissement<\/li>\n<li>Dimanche 5 octobre : Trocoth\u00e8que<\/li>\n<li>Mardi 11 novembre : Comm\u00e9moration mutualis\u00e9e \u00e0 Storckensohn \u00e0 16h00<\/li>\n<li>Dimanche 14 d\u00e9cembre : F\u00eates des a\u00een\u00e9s<\/li>\n<\/ul>\n<\/div><\/section>\n<div  class='avia-image-container  av-styling-    avia-builder-el-75  el_after_av_textblock  avia-builder-el-last  avia-align-center '  itemprop=\"image\" itemscope=\"itemscope\" itemtype=\"https:\/\/schema.org\/ImageObject\"  ><div class='avia-image-container-inner'><div class='avia-image-overlay-wrap'><a href='https:\/\/www.service-public.fr\/' class='avia_image' target=\"_blank\" rel=\"noopener\"><img class='avia_image ' src='http:\/\/bourbach-le-bas.activemedia.fr\/wp-content\/uploads\/2019\/06\/logo-service-public.png' alt='' title=''  itemprop=\"thumbnailUrl\"  \/><\/a><\/div><\/div><\/div>\n\n","protected":false},"excerpt":{"rendered":"","protected":false},"author":1,"featured_media":0,"parent":0,"menu_order":0,"comment_status":"closed","ping_status":"closed","template":"","meta":[],"yoast_head":"<!-- This site is optimized with the Yoast SEO plugin v16.3 - https:\/\/yoast.com\/wordpress\/plugins\/seo\/ -->\n<title>Mairie - Storckensohn<\/title>\n<meta name=\"robots\" content=\"index, follow, max-snippet:-1, max-image-preview:large, max-video-preview:-1\" \/>\n<link rel=\"canonical\" href=\"https:\/\/storckensohn.fr\/index.php\/mairie\/\" \/>\n<meta property=\"og:locale\" content=\"fr_FR\" \/>\n<meta property=\"og:type\" content=\"article\" \/>\n<meta property=\"og:title\" content=\"Mairie - Storckensohn\" \/>\n<meta property=\"og:url\" content=\"https:\/\/storckensohn.fr\/index.php\/mairie\/\" \/>\n<meta property=\"og:site_name\" content=\"Storckensohn\" \/>\n<meta property=\"article:modified_time\" content=\"2026-03-31T15:39:01+00:00\" \/>\n<meta property=\"og:image\" content=\"https:\/\/storckensohn.fr\/wp-content\/uploads\/2024\/04\/Chasse-14-03-2024-1030x773.jpg\" \/>\n<meta name=\"twitter:card\" content=\"summary_large_image\" \/>\n<meta name=\"twitter:label1\" content=\"Dur\u00e9e de lecture est.\">\n\t<meta name=\"twitter:data1\" content=\"36 minutes\">\n<script type=\"application\/ld+json\" class=\"yoast-schema-graph\">{\"@context\":\"https:\/\/schema.org\",\"@graph\":[{\"@type\":\"WebSite\",\"@id\":\"https:\/\/storckensohn.fr\/#website\",\"url\":\"https:\/\/storckensohn.fr\/\",\"name\":\"Storckensohn\",\"description\":\"\",\"potentialAction\":[{\"@type\":\"SearchAction\",\"target\":\"https:\/\/storckensohn.fr\/?s={search_term_string}\",\"query-input\":\"required name=search_term_string\"}],\"inLanguage\":\"fr-FR\"},{\"@type\":\"ImageObject\",\"@id\":\"https:\/\/storckensohn.fr\/index.php\/mairie\/#primaryimage\",\"inLanguage\":\"fr-FR\",\"url\":\"https:\/\/storckensohn.fr\/wp-content\/uploads\/2024\/04\/Chasse-14-03-2024.jpg\",\"contentUrl\":\"https:\/\/storckensohn.fr\/wp-content\/uploads\/2024\/04\/Chasse-14-03-2024.jpg\",\"width\":2048,\"height\":1536},{\"@type\":\"WebPage\",\"@id\":\"https:\/\/storckensohn.fr\/index.php\/mairie\/#webpage\",\"url\":\"https:\/\/storckensohn.fr\/index.php\/mairie\/\",\"name\":\"Mairie - Storckensohn\",\"isPartOf\":{\"@id\":\"https:\/\/storckensohn.fr\/#website\"},\"primaryImageOfPage\":{\"@id\":\"https:\/\/storckensohn.fr\/index.php\/mairie\/#primaryimage\"},\"datePublished\":\"2019-06-27T09:19:06+00:00\",\"dateModified\":\"2026-03-31T15:39:01+00:00\",\"breadcrumb\":{\"@id\":\"https:\/\/storckensohn.fr\/index.php\/mairie\/#breadcrumb\"},\"inLanguage\":\"fr-FR\",\"potentialAction\":[{\"@type\":\"ReadAction\",\"target\":[\"https:\/\/storckensohn.fr\/index.php\/mairie\/\"]}]},{\"@type\":\"BreadcrumbList\",\"@id\":\"https:\/\/storckensohn.fr\/index.php\/mairie\/#breadcrumb\",\"itemListElement\":[{\"@type\":\"ListItem\",\"position\":1,\"item\":{\"@type\":\"WebPage\",\"@id\":\"https:\/\/storckensohn.fr\/index.php\/accueil\/\",\"url\":\"https:\/\/storckensohn.fr\/index.php\/accueil\/\",\"name\":\"Accueil\"}},{\"@type\":\"ListItem\",\"position\":2,\"item\":{\"@id\":\"https:\/\/storckensohn.fr\/index.php\/mairie\/#webpage\"}}]}]}<\/script>\n<!-- \/ Yoast SEO plugin. -->","_links":{"self":[{"href":"https:\/\/storckensohn.fr\/index.php\/wp-json\/wp\/v2\/pages\/550"}],"collection":[{"href":"https:\/\/storckensohn.fr\/index.php\/wp-json\/wp\/v2\/pages"}],"about":[{"href":"https:\/\/storckensohn.fr\/index.php\/wp-json\/wp\/v2\/types\/page"}],"author":[{"embeddable":true,"href":"https:\/\/storckensohn.fr\/index.php\/wp-json\/wp\/v2\/users\/1"}],"replies":[{"embeddable":true,"href":"https:\/\/storckensohn.fr\/index.php\/wp-json\/wp\/v2\/comments?post=550"}],"version-history":[{"count":267,"href":"https:\/\/storckensohn.fr\/index.php\/wp-json\/wp\/v2\/pages\/550\/revisions"}],"predecessor-version":[{"id":4341,"href":"https:\/\/storckensohn.fr\/index.php\/wp-json\/wp\/v2\/pages\/550\/revisions\/4341"}],"wp:attachment":[{"href":"https:\/\/storckensohn.fr\/index.php\/wp-json\/wp\/v2\/media?parent=550"}],"curies":[{"name":"wp","href":"https:\/\/api.w.org\/{rel}","templated":true}]}}